{"id":14,"date":"2020-10-05T16:06:50","date_gmt":"2020-10-05T15:06:50","guid":{"rendered":"http:\/\/saborealapalma.es\/?page_id=14"},"modified":"2026-04-14T12:58:00","modified_gmt":"2026-04-14T11:58:00","slug":"inicio","status":"publish","type":"page","link":"https:\/\/saborealapalma.es\/de\/","title":{"rendered":"Startseite"},"content":{"rendered":"\t\t<div data-elementor-type=\"wp-page\" data-elementor-id=\"14\" class=\"elementor elementor-14\" data-elementor-post-type=\"page\">\n\t\t\t\t\t\t<section data-particle_enable=\"false\" data-particle-mobile-disabled=\"false\" class=\"elementor-section elementor-top-section elementor-element elementor-element-718939eb elementor-section-full_width elementor-section-height-default elementor-section-height-default parallax_section_no qode_elementor_container_no\" data-id=\"718939eb\" data-element_type=\"section\" data-e-type=\"section\">\n\t\t\t\t\t\t<div class=\"elementor-container elementor-column-gap-default\">\n\t\t\t\t\t<div class=\"elementor-column elementor-col-100 elementor-top-column elementor-element elementor-element-748ad61d\" data-id=\"748ad61d\" data-element_type=\"column\" data-e-type=\"column\">\n\t\t\t<div class=\"elementor-widget-wrap elementor-element-populated\">\n\t\t\t\t\t\t<div class=\"elementor-element elementor-element-5a9ea239 elementor-widget elementor-widget-text-editor\" data-id=\"5a9ea239\" data-element_type=\"widget\" data-e-type=\"widget\" data-widget_type=\"text-editor.default\">\n\t\t\t\t<div class=\"elementor-widget-container\">\n\t\t\t\t\t\t\t\t\t<div      class=\"vc_row wpb_row section vc_row-fluid \" style=' text-align:left;'><div class=\" full_section_inner clearfix\"><div class=\"wpb_column vc_column_container vc_col-sm-12\"><div class=\"vc_column-inner\"><div class=\"wpb_wrapper\">\t<div class=\"vc_empty_space\"  style=\"height: 30px\" ><span\r\n\t\t\tclass=\"vc_empty_space_inner\">\r\n\t\t\t<span class=\"empty_space_image\"  ><\/span>\r\n\t\t<\/span><\/div>\r\n\n<div      class=\"vc_row wpb_row section vc_row-fluid vc_inner  grid_section\" style=' text-align:left;'><div class=\" section_inner clearfix\"><div class='section_inner_margin clearfix'><div class=\"wpb_column vc_column_container vc_col-sm-6\"><div class=\"vc_column-inner\"><div class=\"wpb_wrapper\">\t<div class=\"vc_empty_space\"  style=\"height: 50px\" ><span\r\n\t\t\tclass=\"vc_empty_space_inner\">\r\n\t\t\t<span class=\"empty_space_image\"  ><\/span>\r\n\t\t<\/span><\/div>\r\n\n\r\n\t<div class=\"wpb_single_image wpb_content_element vc_align_center  qode_image_hover_zoom_in\">\r\n\t\t<div class=\"wpb_wrapper\">\r\n\t\t\t\r\n\t\t\t<div class=\"vc_single_image-wrapper   vc_box_border_grey\"><img fetchpriority=\"high\" decoding=\"async\" width=\"1367\" height=\"1600\" src=\"https:\/\/saborealapalma.es\/wp-content\/uploads\/2022\/01\/cocineros_saborea.jpg\" class=\"vc_single_image-img attachment-full\" alt=\"\" srcset=\"https:\/\/saborealapalma.es\/wp-content\/uploads\/2022\/01\/cocineros_saborea.jpg 1367w, https:\/\/saborealapalma.es\/wp-content\/uploads\/2022\/01\/cocineros_saborea-256x300.jpg 256w, https:\/\/saborealapalma.es\/wp-content\/uploads\/2022\/01\/cocineros_saborea-875x1024.jpg 875w, https:\/\/saborealapalma.es\/wp-content\/uploads\/2022\/01\/cocineros_saborea-768x899.jpg 768w, https:\/\/saborealapalma.es\/wp-content\/uploads\/2022\/01\/cocineros_saborea-1312x1536.jpg 1312w, https:\/\/saborealapalma.es\/wp-content\/uploads\/2022\/01\/cocineros_saborea-700x819.jpg 700w, https:\/\/saborealapalma.es\/wp-content\/uploads\/2022\/01\/cocineros_saborea-600x702.jpg 600w\" sizes=\"(max-width: 1367px) 100vw, 1367px\" \/><\/div>\r\n\t\t<\/div>\r\n\t<\/div>\r\n\t<div class=\"vc_empty_space\"  style=\"height: 50px\" ><span\r\n\t\t\tclass=\"vc_empty_space_inner\">\r\n\t\t\t<span class=\"empty_space_image\"  ><\/span>\r\n\t\t<\/span><\/div>\r\n\n<\/div><\/div><\/div><div class=\"wpb_column vc_column_container vc_col-sm-6\"><div class=\"vc_column-inner\"><div class=\"wpb_wrapper\">\t<div class=\"vc_empty_space\"  style=\"height: 50px\" ><span\r\n\t\t\tclass=\"vc_empty_space_inner\">\r\n\t\t\t<span class=\"empty_space_image\"  ><\/span>\r\n\t\t<\/span><\/div>\r\n\n\n\t<div class=\"wpb_text_column wpb_content_element \">\n\t\t<div class=\"wpb_wrapper\">\n\t\t\t<h2>De la gastronom\u00eda local a cualquier parte del mundo.<\/h2>\n\n\t\t<\/div> \n\t<\/div> \t<div class=\"vc_empty_space\"  style=\"height: 30px\" ><span\r\n\t\t\tclass=\"vc_empty_space_inner\">\r\n\t\t\t<span class=\"empty_space_image\"  ><\/span>\r\n\t\t<\/span><\/div>\r\n\n\n\t<div class=\"wpb_text_column wpb_content_element \">\n\t\t<div class=\"wpb_wrapper\">\n\t\t\t<p style=\"text-align: justify;\">Saborea La Palma es el proyecto que lidera la Sociedad de Promoci\u00f3n y Desarrollo Econ\u00f3mico y Social de La Palma (SODEPAL S.A.U.M.P.), empresa p\u00fablica dependiente de Cabildo Insular de La Palma, para la revalorizaci\u00f3n y el posicionamiento de la gastronom\u00eda palmera en los mercados regionales, nacionales e internacionales.<\/p>\n\n\t\t<\/div> \n\t<\/div> \t<div class=\"vc_empty_space\"  style=\"height: 30px\" ><span\r\n\t\t\tclass=\"vc_empty_space_inner\">\r\n\t\t\t<span class=\"empty_space_image\"  ><\/span>\r\n\t\t<\/span><\/div>\r\n\n\n\t<div class=\"wpb_text_column wpb_content_element \">\n\t\t<div class=\"wpb_wrapper\">\n\t\t\t<p style=\"text-align: justify;\">Bajo la marca lanzada por Turespa\u00f1a en 2010, contando por tanto con el conocimiento, apoyo y notoriedad de una marca como Saborea Espa\u00f1a, Saborea La Palma busca poner en valor la gastronom\u00eda insular a trav\u00e9s de diversos planes de acci\u00f3n, que empiezan por el aglutinamiento de todo aquello que conforma una experiencia gastron\u00f3mica en la Isla Bonita.<\/p>\n\n\t\t<\/div> \n\t<\/div> \t<div class=\"vc_empty_space\"  style=\"height: 30px\" ><span\r\n\t\t\tclass=\"vc_empty_space_inner\">\r\n\t\t\t<span class=\"empty_space_image\"  ><\/span>\r\n\t\t<\/span><\/div>\r\n\n\n\t<div class=\"wpb_text_column wpb_content_element \">\n\t\t<div class=\"wpb_wrapper\">\n\t\t\t<p style=\"text-align: justify;\">Con este programa, Sodepal tratar\u00e1 de emocionar a trav\u00e9s de la gastronom\u00eda, descubrir y redescubrir sabores y sensaciones a los visitantes y locales, y llevar las propuestas culinarias, cargadas de un legado e historia que la hacen \u00fanica, a las cotas m\u00e1s altas del panorama mundial en el sector gastron\u00f3mico.<\/p>\n\n\t\t<\/div> \n\t<\/div> <\/div><\/div><\/div><\/div><\/div><\/div><\/div><\/div><\/div><\/div><\/div>\t\t\t\t\t\t\t\t<\/div>\n\t\t\t\t<\/div>\n\t\t\t\t\t<\/div>\n\t\t<\/div>\n\t\t\t\t\t<\/div>\n\t\t<\/section>\n\t\t\t\t<section data-particle_enable=\"false\" data-particle-mobile-disabled=\"false\" data-dce-background-color=\"#EFEFEF\" class=\"elementor-section elementor-top-section elementor-element elementor-element-f880d0b elementor-section-full_width elementor-section-height-default elementor-section-height-default parallax_section_no qode_elementor_container_no\" data-id=\"f880d0b\" data-element_type=\"section\" data-e-type=\"section\" data-settings=\"{&quot;background_background&quot;:&quot;classic&quot;}\">\n\t\t\t\t\t\t<div class=\"elementor-container elementor-column-gap-default\">\n\t\t\t\t\t<div class=\"elementor-column elementor-col-100 elementor-top-column elementor-element elementor-element-6be3acd\" data-id=\"6be3acd\" data-element_type=\"column\" data-e-type=\"column\">\n\t\t\t<div class=\"elementor-widget-wrap elementor-element-populated\">\n\t\t\t\t\t\t<div class=\"elementor-element elementor-element-ccc178b elementor-widget elementor-widget-text-editor\" data-id=\"ccc178b\" data-element_type=\"widget\" data-e-type=\"widget\" data-widget_type=\"text-editor.default\">\n\t\t\t\t<div class=\"elementor-widget-container\">\n\t\t\t\t\t\t\t\t\t<p><span style=\"color: inherit; font-size: inherit; letter-spacing: inherit; font-family: var( --e-global-typography-text-font-family ), Sans-serif;\"><div      class=\"vc_row wpb_row section vc_row-fluid  vc_custom_1640601925093 grid_section\" style=' text-align:left;'><div class=\" section_inner clearfix\"><div class='section_inner_margin clearfix'><div class=\"wpb_column vc_column_container vc_col-sm-1\/5\"><div class=\"vc_column-inner\"><div class=\"wpb_wrapper\">\r\n\t<div class=\"wpb_single_image wpb_content_element vc_align_center\">\r\n\t\t<div class=\"wpb_wrapper\">\r\n\t\t\t\r\n\t\t\t<a href=\"http:\/\/saborealapalma.es\/vinos-de-la-palma\/\" target=\"_self\"><div class=\"vc_single_image-wrapper   vc_box_border_grey\"><img decoding=\"async\" width=\"150\" height=\"150\" src=\"https:\/\/saborealapalma.es\/wp-content\/uploads\/2021\/12\/iconos-productos-11_Mesa-de-trabajo-1-150x150.png\" class=\"vc_single_image-img attachment-thumbnail\" alt=\"\" srcset=\"https:\/\/saborealapalma.es\/wp-content\/uploads\/2021\/12\/iconos-productos-11_Mesa-de-trabajo-1-150x150.png 150w, https:\/\/saborealapalma.es\/wp-content\/uploads\/2021\/12\/iconos-productos-11_Mesa-de-trabajo-1-300x300.png 300w, https:\/\/saborealapalma.es\/wp-content\/uploads\/2021\/12\/iconos-productos-11_Mesa-de-trabajo-1-100x100.png 100w\" sizes=\"(max-width: 150px) 100vw, 150px\" \/><\/div><\/a>\r\n\t\t<\/div>\r\n\t<\/div>\r\n\n\t<div class=\"wpb_text_column wpb_content_element \">\n\t\t<div class=\"wpb_wrapper\">\n\t\t\t<p><\/span><\/p>\n<h3 style=\"text-align: center; color: #93014a;\"><a href=\"http:\/\/saborealapalma.es\/vinos-de-la-palma\/\">Vinos<\/a><\/h3>\n\n\t\t<\/div> \n\t<\/div> \t<div class=\"vc_empty_space\"  style=\"height: 20px\" ><span\r\n\t\t\tclass=\"vc_empty_space_inner\">\r\n\t\t\t<span class=\"empty_space_image\"  ><\/span>\r\n\t\t<\/span><\/div>\r\n\n\r\n\t<div class=\"wpb_single_image wpb_content_element vc_align_center\">\r\n\t\t<div class=\"wpb_wrapper\">\r\n\t\t\t\r\n\t\t\t<a href=\"http:\/\/saborealapalma.es\/mojos-de-la-palma\/\" target=\"_self\"><div class=\"vc_single_image-wrapper   vc_box_border_grey\"><img decoding=\"async\" width=\"150\" height=\"150\" src=\"https:\/\/saborealapalma.es\/wp-content\/uploads\/2021\/12\/iconos-productos-11-11-150x150.png\" class=\"vc_single_image-img attachment-thumbnail\" alt=\"\" srcset=\"https:\/\/saborealapalma.es\/wp-content\/uploads\/2021\/12\/iconos-productos-11-11-150x150.png 150w, https:\/\/saborealapalma.es\/wp-content\/uploads\/2021\/12\/iconos-productos-11-11-300x300.png 300w, https:\/\/saborealapalma.es\/wp-content\/uploads\/2021\/12\/iconos-productos-11-11-100x100.png 100w\" sizes=\"(max-width: 150px) 100vw, 150px\" \/><\/div><\/a>\r\n\t\t<\/div>\r\n\t<\/div>\r\n\n\t<div class=\"wpb_text_column wpb_content_element \">\n\t\t<div class=\"wpb_wrapper\">\n\t\t\t<h3 style=\"text-align: center;\"><a style=\"color: #c1000b;\" href=\"http:\/\/saborealapalma.es\/mojos-de-la-palma\/\">Mojos<\/a><\/h3>\n\n\t\t<\/div> \n\t<\/div> <\/div><\/div><\/div><div class=\"wpb_column vc_column_container vc_col-sm-1\/5\"><div class=\"vc_column-inner\"><div class=\"wpb_wrapper\">\r\n\t<div class=\"wpb_single_image wpb_content_element vc_align_center\">\r\n\t\t<div class=\"wpb_wrapper\">\r\n\t\t\t\r\n\t\t\t<a href=\"http:\/\/saborealapalma.es\/quesos-de-la-palma\/\" target=\"_self\"><div class=\"vc_single_image-wrapper   vc_box_border_grey\"><img loading=\"lazy\" decoding=\"async\" width=\"150\" height=\"150\" src=\"https:\/\/saborealapalma.es\/wp-content\/uploads\/2021\/12\/iconos-productos-11-09-150x150.png\" class=\"vc_single_image-img attachment-thumbnail\" alt=\"\" srcset=\"https:\/\/saborealapalma.es\/wp-content\/uploads\/2021\/12\/iconos-productos-11-09-150x150.png 150w, https:\/\/saborealapalma.es\/wp-content\/uploads\/2021\/12\/iconos-productos-11-09-300x300.png 300w, https:\/\/saborealapalma.es\/wp-content\/uploads\/2021\/12\/iconos-productos-11-09-100x100.png 100w\" sizes=\"(max-width: 150px) 100vw, 150px\" \/><\/div><\/a>\r\n\t\t<\/div>\r\n\t<\/div>\r\n\n\t<div class=\"wpb_text_column wpb_content_element \">\n\t\t<div class=\"wpb_wrapper\">\n\t\t\t<h3 style=\"text-align: center; color: #cec298!important;\"><a style=\"color: #cec298!important;\" href=\"http:\/\/saborealapalma.es\/quesos-de-la-palma\/\">Quesos<\/a><\/h3>\n\n\t\t<\/div> \n\t<\/div> \t<div class=\"vc_empty_space\"  style=\"height: 20px\" ><span\r\n\t\t\tclass=\"vc_empty_space_inner\">\r\n\t\t\t<span class=\"empty_space_image\"  ><\/span>\r\n\t\t<\/span><\/div>\r\n\n\r\n\t<div class=\"wpb_single_image wpb_content_element vc_align_center\">\r\n\t\t<div class=\"wpb_wrapper\">\r\n\t\t\t\r\n\t\t\t<a href=\"http:\/\/saborealapalma.es\/ron-de-la-palma\/\" target=\"_self\"><div class=\"vc_single_image-wrapper   vc_box_border_grey\"><img loading=\"lazy\" decoding=\"async\" width=\"150\" height=\"150\" src=\"https:\/\/saborealapalma.es\/wp-content\/uploads\/2021\/12\/iconos-productos-11-02-150x150.png\" class=\"vc_single_image-img attachment-thumbnail\" alt=\"\" srcset=\"https:\/\/saborealapalma.es\/wp-content\/uploads\/2021\/12\/iconos-productos-11-02-150x150.png 150w, https:\/\/saborealapalma.es\/wp-content\/uploads\/2021\/12\/iconos-productos-11-02-300x300.png 300w, https:\/\/saborealapalma.es\/wp-content\/uploads\/2021\/12\/iconos-productos-11-02-100x100.png 100w\" sizes=\"(max-width: 150px) 100vw, 150px\" \/><\/div><\/a>\r\n\t\t<\/div>\r\n\t<\/div>\r\n\n\t<div class=\"wpb_text_column wpb_content_element \">\n\t\t<div class=\"wpb_wrapper\">\n\t\t\t<h3 style=\"text-align: center;\"><a style=\"color: #621102;\" href=\"http:\/\/saborealapalma.es\/ron-de-la-palma\/\">Ron<\/a><\/h3>\n\n\t\t<\/div> \n\t<\/div> <\/div><\/div><\/div><div class=\"wpb_column vc_column_container vc_col-sm-1\/5\"><div class=\"vc_column-inner\"><div class=\"wpb_wrapper\">\r\n\t<div class=\"wpb_single_image wpb_content_element vc_align_center\">\r\n\t\t<div class=\"wpb_wrapper\">\r\n\t\t\t\r\n\t\t\t<a href=\"http:\/\/saborealapalma.es\/gofios-de-la-palma\/\" target=\"_self\"><div class=\"vc_single_image-wrapper   vc_box_border_grey\"><img loading=\"lazy\" decoding=\"async\" width=\"150\" height=\"150\" src=\"https:\/\/saborealapalma.es\/wp-content\/uploads\/2021\/12\/iconos-productos-11-03-150x150.png\" class=\"vc_single_image-img attachment-thumbnail\" alt=\"\" srcset=\"https:\/\/saborealapalma.es\/wp-content\/uploads\/2021\/12\/iconos-productos-11-03-150x150.png 150w, https:\/\/saborealapalma.es\/wp-content\/uploads\/2021\/12\/iconos-productos-11-03-300x300.png 300w, https:\/\/saborealapalma.es\/wp-content\/uploads\/2021\/12\/iconos-productos-11-03-100x100.png 100w\" sizes=\"(max-width: 150px) 100vw, 150px\" \/><\/div><\/a>\r\n\t\t<\/div>\r\n\t<\/div>\r\n\n\t<div class=\"wpb_text_column wpb_content_element \">\n\t\t<div class=\"wpb_wrapper\">\n\t\t\t<h3 style=\"text-align: center; color: #ac944e;\"><a style=\"color: #ac944e;\" href=\"http:\/\/saborealapalma.es\/gofios-de-la-palma\/\">Gofio<\/a><\/h3>\n\n\t\t<\/div> \n\t<\/div> \t<div class=\"vc_empty_space\"  style=\"height: 20px\" ><span\r\n\t\t\tclass=\"vc_empty_space_inner\">\r\n\t\t\t<span class=\"empty_space_image\"  ><\/span>\r\n\t\t<\/span><\/div>\r\n\n\r\n\t<div class=\"wpb_single_image wpb_content_element vc_align_center\">\r\n\t\t<div class=\"wpb_wrapper\">\r\n\t\t\t\r\n\t\t\t<a href=\"http:\/\/saborealapalma.es\/panaderias-y-pastelerias\/\" target=\"_self\"><div class=\"vc_single_image-wrapper   vc_box_border_grey\"><img loading=\"lazy\" decoding=\"async\" width=\"150\" height=\"150\" src=\"https:\/\/saborealapalma.es\/wp-content\/uploads\/2021\/12\/iconos-productos-11-08-150x150.png\" class=\"vc_single_image-img attachment-thumbnail\" alt=\"\" srcset=\"https:\/\/saborealapalma.es\/wp-content\/uploads\/2021\/12\/iconos-productos-11-08-150x150.png 150w, https:\/\/saborealapalma.es\/wp-content\/uploads\/2021\/12\/iconos-productos-11-08-300x300.png 300w, https:\/\/saborealapalma.es\/wp-content\/uploads\/2021\/12\/iconos-productos-11-08-100x100.png 100w\" sizes=\"(max-width: 150px) 100vw, 150px\" \/><\/div><\/a>\r\n\t\t<\/div>\r\n\t<\/div>\r\n\n\t<div class=\"wpb_text_column wpb_content_element \">\n\t\t<div class=\"wpb_wrapper\">\n\t\t\t<h3 style=\"text-align: center;\"><a style=\"color: #965a3d;\" href=\"http:\/\/saborealapalma.es\/panaderias-y-pastelerias\/\">Panader\u00edas y pasteler\u00edas<\/a><\/h3>\n\n\t\t<\/div> \n\t<\/div> <\/div><\/div><\/div><div class=\"wpb_column vc_column_container vc_col-sm-1\/5\"><div class=\"vc_column-inner\"><div class=\"wpb_wrapper\">\r\n\t<div class=\"wpb_single_image wpb_content_element vc_align_center\">\r\n\t\t<div class=\"wpb_wrapper\">\r\n\t\t\t\r\n\t\t\t<a href=\"http:\/\/saborealapalma.es\/cervezas-de-la-palma\/\" target=\"_self\"><div class=\"vc_single_image-wrapper   vc_box_border_grey\"><img loading=\"lazy\" decoding=\"async\" width=\"150\" height=\"150\" src=\"https:\/\/saborealapalma.es\/wp-content\/uploads\/2021\/12\/iconos-productos-11-04-150x150.png\" class=\"vc_single_image-img attachment-thumbnail\" alt=\"\" srcset=\"https:\/\/saborealapalma.es\/wp-content\/uploads\/2021\/12\/iconos-productos-11-04-150x150.png 150w, https:\/\/saborealapalma.es\/wp-content\/uploads\/2021\/12\/iconos-productos-11-04-300x300.png 300w, https:\/\/saborealapalma.es\/wp-content\/uploads\/2021\/12\/iconos-productos-11-04-100x100.png 100w\" sizes=\"(max-width: 150px) 100vw, 150px\" \/><\/div><\/a>\r\n\t\t<\/div>\r\n\t<\/div>\r\n\n\t<div class=\"wpb_text_column wpb_content_element \">\n\t\t<div class=\"wpb_wrapper\">\n\t\t\t<h3 style=\"text-align: center; color: #b88e08;\"><a style=\"color: #b88e08;\" href=\"http:\/\/saborealapalma.es\/cervezas-de-la-palma\/\">Cervezas<\/a><\/h3>\n\n\t\t<\/div> \n\t<\/div> \t<div class=\"vc_empty_space\"  style=\"height: 20px\" ><span\r\n\t\t\tclass=\"vc_empty_space_inner\">\r\n\t\t\t<span class=\"empty_space_image\"  ><\/span>\r\n\t\t<\/span><\/div>\r\n\n\r\n\t<div class=\"wpb_single_image wpb_content_element vc_align_center\">\r\n\t\t<div class=\"wpb_wrapper\">\r\n\t\t\t\r\n\t\t\t<a href=\"http:\/\/saborealapalma.es\/restauracion\/\" target=\"_self\"><div class=\"vc_single_image-wrapper   vc_box_border_grey\"><img loading=\"lazy\" decoding=\"async\" width=\"150\" height=\"150\" src=\"https:\/\/saborealapalma.es\/wp-content\/uploads\/2021\/12\/iconos-productos-11-05-150x150.png\" class=\"vc_single_image-img attachment-thumbnail\" alt=\"\" srcset=\"https:\/\/saborealapalma.es\/wp-content\/uploads\/2021\/12\/iconos-productos-11-05-150x150.png 150w, https:\/\/saborealapalma.es\/wp-content\/uploads\/2021\/12\/iconos-productos-11-05-300x300.png 300w, https:\/\/saborealapalma.es\/wp-content\/uploads\/2021\/12\/iconos-productos-11-05-100x100.png 100w\" sizes=\"(max-width: 150px) 100vw, 150px\" \/><\/div><\/a>\r\n\t\t<\/div>\r\n\t<\/div>\r\n\n\t<div class=\"wpb_text_column wpb_content_element \">\n\t\t<div class=\"wpb_wrapper\">\n\t\t\t<h3 style=\"text-align: center;\"><a style=\"color: #acc5a1;\" href=\"http:\/\/saborealapalma.es\/restauracion\/\">Restauraci\u00f3n<\/a><\/h3>\n\n\t\t<\/div> \n\t<\/div> <\/div><\/div><\/div><div class=\"wpb_column vc_column_container vc_col-sm-1\/5\"><div class=\"vc_column-inner\"><div class=\"wpb_wrapper\">\r\n\t<div class=\"wpb_single_image wpb_content_element vc_align_center\">\r\n\t\t<div class=\"wpb_wrapper\">\r\n\t\t\t\r\n\t\t\t<a href=\"http:\/\/saborealapalma.es\/salinas-de-la-palma\/\" target=\"_self\"><div class=\"vc_single_image-wrapper   vc_box_border_grey\"><img loading=\"lazy\" decoding=\"async\" width=\"150\" height=\"150\" src=\"https:\/\/saborealapalma.es\/wp-content\/uploads\/2021\/12\/iconos-productos-11-06-150x150.png\" class=\"vc_single_image-img attachment-thumbnail\" alt=\"\" srcset=\"https:\/\/saborealapalma.es\/wp-content\/uploads\/2021\/12\/iconos-productos-11-06-150x150.png 150w, https:\/\/saborealapalma.es\/wp-content\/uploads\/2021\/12\/iconos-productos-11-06-300x300.png 300w, https:\/\/saborealapalma.es\/wp-content\/uploads\/2021\/12\/iconos-productos-11-06-100x100.png 100w\" sizes=\"(max-width: 150px) 100vw, 150px\" \/><\/div><\/a>\r\n\t\t<\/div>\r\n\t<\/div>\r\n\n\t<div class=\"wpb_text_column wpb_content_element \">\n\t\t<div class=\"wpb_wrapper\">\n\t\t\t<h3 style=\"text-align: center; color: #01a0c5;\"><a style=\"color: #01a0c5;\" href=\"http:\/\/saborealapalma.es\/salinas-de-la-palma\/\">Salinas<\/a><\/h3>\n\n\t\t<\/div> \n\t<\/div> \t<div class=\"vc_empty_space\"  style=\"height: 20px\" ><span\r\n\t\t\tclass=\"vc_empty_space_inner\">\r\n\t\t\t<span class=\"empty_space_image\"  ><\/span>\r\n\t\t<\/span><\/div>\r\n\n\r\n\t<div class=\"wpb_single_image wpb_content_element vc_align_center\">\r\n\t\t<div class=\"wpb_wrapper\">\r\n\t\t\t\r\n\t\t\t<a href=\"http:\/\/saborealapalma.es\/gourmet\/\" target=\"_self\"><div class=\"vc_single_image-wrapper   vc_box_border_grey\"><img loading=\"lazy\" decoding=\"async\" width=\"150\" height=\"150\" src=\"https:\/\/saborealapalma.es\/wp-content\/uploads\/2021\/12\/iconos-productos-11-10-150x150.png\" class=\"vc_single_image-img attachment-thumbnail\" alt=\"\" srcset=\"https:\/\/saborealapalma.es\/wp-content\/uploads\/2021\/12\/iconos-productos-11-10-150x150.png 150w, https:\/\/saborealapalma.es\/wp-content\/uploads\/2021\/12\/iconos-productos-11-10-300x300.png 300w, https:\/\/saborealapalma.es\/wp-content\/uploads\/2021\/12\/iconos-productos-11-10-100x100.png 100w\" sizes=\"(max-width: 150px) 100vw, 150px\" \/><\/div><\/a>\r\n\t\t<\/div>\r\n\t<\/div>\r\n\n\t<div class=\"wpb_text_column wpb_content_element \">\n\t\t<div class=\"wpb_wrapper\">\n\t\t\t<h3 style=\"text-align: center;\"><a style=\"color: #49017c;\" href=\"http:\/\/saborealapalma.es\/gourmet\/\">Gourmet<\/a><\/h3>\n\n\t\t<\/div> \n\t<\/div> <\/div><\/div><\/div><\/div><\/div><\/div>\t\t\t\t\t\t\t\t<\/div>\n\t\t\t\t<\/div>\n\t\t\t\t\t<\/div>\n\t\t<\/div>\n\t\t\t\t\t<\/div>\n\t\t<\/section>\n\t\t\t\t<section data-particle_enable=\"false\" data-particle-mobile-disabled=\"false\" class=\"elementor-section elementor-top-section elementor-element elementor-element-a4a255c elementor-section-full_width elementor-section-height-default elementor-section-height-default parallax_section_no qode_elementor_container_no\" data-id=\"a4a255c\" data-element_type=\"section\" data-e-type=\"section\">\n\t\t\t\t\t\t<div class=\"elementor-container elementor-column-gap-default\">\n\t\t\t\t\t<div class=\"elementor-column elementor-col-100 elementor-top-column elementor-element elementor-element-fc3e0c3\" data-id=\"fc3e0c3\" data-element_type=\"column\" data-e-type=\"column\">\n\t\t\t<div class=\"elementor-widget-wrap elementor-element-populated\">\n\t\t\t\t\t\t<div class=\"elementor-element elementor-element-5d245e0 elementor-widget elementor-widget-text-editor\" data-id=\"5d245e0\" data-element_type=\"widget\" data-e-type=\"widget\" data-widget_type=\"text-editor.default\">\n\t\t\t\t<div class=\"elementor-widget-container\">\n\t\t\t\t\t\t\t\t\t<h2 style=\"text-align: center;\">Noticias de inter\u00e9s, blog de gastronom\u00eda, eventos.<\/h2><div class=\"vc_empty_space\"  style=\"height: 50px\" ><span\r\n\t\t\tclass=\"vc_empty_space_inner\">\r\n\t\t\t<span class=\"empty_space_image\"  ><\/span>\r\n\t\t<\/span><\/div>\r\n\n\r\n<div class='latest_post_holder boxes three_columns one_row' >\r\n    <ul>\r\n    \r\n        <li class=\"clearfix\">\r\n            <div class=\"boxes_image\">\r\n                                <a itemprop=\"url\" href=\"https:\/\/saborealapalma.es\/de\/blog\/2026\/04\/29\/abrimos-el-plazo-de-inscripcion-para-participar-en-la-feria-insular-de-gastronomia-saborea-la-palma\/\"><img loading=\"lazy\" decoding=\"async\" width=\"848\" height=\"1200\" src=\"https:\/\/saborealapalma.es\/wp-content\/uploads\/2026\/04\/Feria_Insular_Gastronomia_w-1.jpg\" class=\"attachment-full size-full wp-post-image\" alt=\"\" srcset=\"https:\/\/saborealapalma.es\/wp-content\/uploads\/2026\/04\/Feria_Insular_Gastronomia_w-1.jpg 848w, https:\/\/saborealapalma.es\/wp-content\/uploads\/2026\/04\/Feria_Insular_Gastronomia_w-1-212x300.jpg 212w, https:\/\/saborealapalma.es\/wp-content\/uploads\/2026\/04\/Feria_Insular_Gastronomia_w-1-724x1024.jpg 724w, https:\/\/saborealapalma.es\/wp-content\/uploads\/2026\/04\/Feria_Insular_Gastronomia_w-1-768x1087.jpg 768w, https:\/\/saborealapalma.es\/wp-content\/uploads\/2026\/04\/Feria_Insular_Gastronomia_w-1-8x12.jpg 8w, https:\/\/saborealapalma.es\/wp-content\/uploads\/2026\/04\/Feria_Insular_Gastronomia_w-1-700x991.jpg 700w\" sizes=\"(max-width: 848px) 100vw, 848px\" \/><\/a>\r\n            <\/div>\r\n            <div class=\"latest_post\"  >\r\n                <div class=\"latest_post_text\">\r\n                    <div class=\"latest_post_inner\">\r\n                        <div class=\"latest_post_text_inner\">\r\n                            <h3 itemprop=\"name\" class=\"latest_post_title entry_title\"><a itemprop=\"url\" href=\"https:\/\/saborealapalma.es\/de\/blog\/2026\/04\/29\/abrimos-el-plazo-de-inscripcion-para-participar-en-la-feria-insular-de-gastronomia-saborea-la-palma\/\">Abrimos el plazo de inscripci\u00f3n para participar en la Feria Insular de Gastronom\u00eda Saborea La Palma<\/a><\/h3>\r\n                            <p class=\"excerpt\">El evento, organizado a trav\u00e9s de la empresa p\u00fablica Sodepal, se celebrar\u00e1 en Bre\u00f1a Alta los d\u00edas 26 y 27 de junio. El Cabildo de La Palma abre el plazo de inscripci\u00f3n para participar en la tercera ed&#8230;<\/p>\r\n                            <span class=\"post_infos\">\r\n                                                                    <span class=\"date_hour_holder\">\r\n                                        <span itemprop=\"dateCreated\" class=\"date entry_date updated\">29 April, 2026 <meta itemprop=\"interactionCount\" content=\"UserComments: 0\"\/><\/span>\r\n                                    <\/span>\r\n                                                                                                \r\n                                \r\n                                                            <\/span>\r\n                        <\/div>\r\n                    <\/div>\r\n                <\/div>\r\n            <\/div>\r\n        <\/li>\r\n    \r\n        <li class=\"clearfix\">\r\n            <div class=\"boxes_image\">\r\n                                <a itemprop=\"url\" href=\"https:\/\/saborealapalma.es\/de\/blog\/2026\/04\/13\/la-palma-exhibe-su-gastronomia-y-producto-local-en-el-salon-gourmet-2026\/\"><img loading=\"lazy\" decoding=\"async\" width=\"2000\" height=\"900\" src=\"https:\/\/saborealapalma.es\/wp-content\/uploads\/2026\/04\/salon_gourmet.jpeg\" class=\"attachment-full size-full wp-post-image\" alt=\"\" srcset=\"https:\/\/saborealapalma.es\/wp-content\/uploads\/2026\/04\/salon_gourmet.jpeg 2000w, https:\/\/saborealapalma.es\/wp-content\/uploads\/2026\/04\/salon_gourmet-300x135.jpeg 300w, https:\/\/saborealapalma.es\/wp-content\/uploads\/2026\/04\/salon_gourmet-1024x461.jpeg 1024w, https:\/\/saborealapalma.es\/wp-content\/uploads\/2026\/04\/salon_gourmet-768x346.jpeg 768w, https:\/\/saborealapalma.es\/wp-content\/uploads\/2026\/04\/salon_gourmet-1536x691.jpeg 1536w, https:\/\/saborealapalma.es\/wp-content\/uploads\/2026\/04\/salon_gourmet-18x8.jpeg 18w, https:\/\/saborealapalma.es\/wp-content\/uploads\/2026\/04\/salon_gourmet-700x315.jpeg 700w\" sizes=\"(max-width: 2000px) 100vw, 2000px\" \/><\/a>\r\n            <\/div>\r\n            <div class=\"latest_post\"  >\r\n                <div class=\"latest_post_text\">\r\n                    <div class=\"latest_post_inner\">\r\n                        <div class=\"latest_post_text_inner\">\r\n                            <h3 itemprop=\"name\" class=\"latest_post_title entry_title\"><a itemprop=\"url\" href=\"https:\/\/saborealapalma.es\/de\/blog\/2026\/04\/13\/la-palma-exhibe-su-gastronomia-y-producto-local-en-el-salon-gourmet-2026\/\">La Palma exhibe su gastronom\u00eda y producto local en el Sal\u00f3n Gourmet 2026<\/a><\/h3>\r\n                            <p class=\"excerpt\">La empresa p\u00fablica Sodepal, a trav\u00e9s de su marca Saborea La Palma, anuncia la participaci\u00f3n en este evento que tendr\u00e1 lugar en Madrid del 13 al 16 de abril. El Cabildo de La Palma, a trav\u00e9s de la empr&#8230;<\/p>\r\n                            <span class=\"post_infos\">\r\n                                                                    <span class=\"date_hour_holder\">\r\n                                        <span itemprop=\"dateCreated\" class=\"date entry_date updated\">13 April, 2026 <meta itemprop=\"interactionCount\" content=\"UserComments: 0\"\/><\/span>\r\n                                    <\/span>\r\n                                                                                                \r\n                                \r\n                                                            <\/span>\r\n                        <\/div>\r\n                    <\/div>\r\n                <\/div>\r\n            <\/div>\r\n        <\/li>\r\n    \r\n        <li class=\"clearfix\">\r\n            <div class=\"boxes_image\">\r\n                                <a itemprop=\"url\" href=\"https:\/\/saborealapalma.es\/de\/blog\/2026\/01\/24\/la-palma-se-presenta-en-madrid-fusion-con-la-riqueza-de-sus-productos-y-una-cocina-en-evolucion\/\"><img loading=\"lazy\" decoding=\"async\" width=\"1600\" height=\"1274\" src=\"https:\/\/saborealapalma.es\/wp-content\/uploads\/2026\/01\/Madrid_Fusion26.jpeg\" class=\"attachment-full size-full wp-post-image\" alt=\"\" srcset=\"https:\/\/saborealapalma.es\/wp-content\/uploads\/2026\/01\/Madrid_Fusion26.jpeg 1600w, https:\/\/saborealapalma.es\/wp-content\/uploads\/2026\/01\/Madrid_Fusion26-300x239.jpeg 300w, https:\/\/saborealapalma.es\/wp-content\/uploads\/2026\/01\/Madrid_Fusion26-1024x815.jpeg 1024w, https:\/\/saborealapalma.es\/wp-content\/uploads\/2026\/01\/Madrid_Fusion26-768x612.jpeg 768w, https:\/\/saborealapalma.es\/wp-content\/uploads\/2026\/01\/Madrid_Fusion26-1536x1223.jpeg 1536w, https:\/\/saborealapalma.es\/wp-content\/uploads\/2026\/01\/Madrid_Fusion26-15x12.jpeg 15w, https:\/\/saborealapalma.es\/wp-content\/uploads\/2026\/01\/Madrid_Fusion26-700x557.jpeg 700w\" sizes=\"(max-width: 1600px) 100vw, 1600px\" \/><\/a>\r\n            <\/div>\r\n            <div class=\"latest_post\"  >\r\n                <div class=\"latest_post_text\">\r\n                    <div class=\"latest_post_inner\">\r\n                        <div class=\"latest_post_text_inner\">\r\n                            <h3 itemprop=\"name\" class=\"latest_post_title entry_title\"><a itemprop=\"url\" href=\"https:\/\/saborealapalma.es\/de\/blog\/2026\/01\/24\/la-palma-se-presenta-en-madrid-fusion-con-la-riqueza-de-sus-productos-y-una-cocina-en-evolucion\/\">La Palma se presenta en Madrid Fusi\u00f3n con la riqueza de sus productos y una cocina en evoluci\u00f3n<\/a><\/h3>\r\n                            <p class=\"excerpt\">Quesos, vinos, mojos, reposter\u00eda\u2026 el Cabildo de La Palma apuesta por la tradici\u00f3n y profesionales de prestigio para la principal feria gastro de Espa\u00f1a. La Palma ser\u00e1 uno de los destinos protagonistas&#8230;<\/p>\r\n                            <span class=\"post_infos\">\r\n                                                                    <span class=\"date_hour_holder\">\r\n                                        <span itemprop=\"dateCreated\" class=\"date entry_date updated\">24 Januar, 2026 <meta itemprop=\"interactionCount\" content=\"UserComments: 0\"\/><\/span>\r\n                                    <\/span>\r\n                                                                                                \r\n                                \r\n                                                            <\/span>\r\n                        <\/div>\r\n                    <\/div>\r\n                <\/div>\r\n            <\/div>\r\n        <\/li>\r\n        <\/ul>\r\n<\/div>\t\t\t\t\t\t\t\t<\/div>\n\t\t\t\t<\/div>\n\t\t\t\t\t<\/div>\n\t\t<\/div>\n\t\t\t\t\t<\/div>\n\t\t<\/section>\n\t\t\t\t<section data-particle_enable=\"false\" data-particle-mobile-disabled=\"false\" class=\"elementor-section elementor-top-section elementor-element elementor-element-42a7ca0 elementor-section-boxed elementor-section-height-default elementor-section-height-default parallax_section_no qode_elementor_container_no\" data-id=\"42a7ca0\" data-element_type=\"section\" data-e-type=\"section\">\n\t\t\t\t\t\t<div class=\"elementor-container elementor-column-gap-default\">\n\t\t\t\t\t<div class=\"elementor-column elementor-col-100 elementor-top-column elementor-element elementor-element-1692567\" data-id=\"1692567\" data-element_type=\"column\" data-e-type=\"column\">\n\t\t\t<div class=\"elementor-widget-wrap elementor-element-populated\">\n\t\t\t\t\t\t<div class=\"elementor-element elementor-element-35cadee elementor-widget elementor-widget-text-editor\" data-id=\"35cadee\" data-element_type=\"widget\" data-e-type=\"widget\" data-widget_type=\"text-editor.default\">\n\t\t\t\t<div class=\"elementor-widget-container\">\n\t\t\t\t\t\t\t\t\t<div      class=\"vc_row wpb_row section vc_row-fluid  vc_custom_1666355372285 grid_section\" style=' text-align:left;'><div class=\" section_inner clearfix\"><div class='section_inner_margin clearfix'><div class=\"wpb_column vc_column_container vc_col-sm-6\"><div class=\"vc_column-inner\"><div class=\"wpb_wrapper\">\r\n\t<div class=\"wpb_single_image wpb_content_element vc_align_center\">\r\n\t\t<div class=\"wpb_wrapper\">\r\n\t\t\t\r\n\t\t\t<a href=\"https:\/\/saborealapalma.es\/rutas-gastronomicas\/\" target=\"_self\"><div class=\"vc_single_image-wrapper   vc_box_border_grey\"><img loading=\"lazy\" decoding=\"async\" width=\"864\" height=\"877\" src=\"https:\/\/saborealapalma.es\/wp-content\/uploads\/2023\/03\/banner_rutas2.jpg\" class=\"vc_single_image-img attachment-full\" alt=\"\" srcset=\"https:\/\/saborealapalma.es\/wp-content\/uploads\/2023\/03\/banner_rutas2.jpg 864w, https:\/\/saborealapalma.es\/wp-content\/uploads\/2023\/03\/banner_rutas2-296x300.jpg 296w, https:\/\/saborealapalma.es\/wp-content\/uploads\/2023\/03\/banner_rutas2-768x780.jpg 768w, https:\/\/saborealapalma.es\/wp-content\/uploads\/2023\/03\/banner_rutas2-700x711.jpg 700w, https:\/\/saborealapalma.es\/wp-content\/uploads\/2023\/03\/banner_rutas2-600x609.jpg 600w\" sizes=\"(max-width: 864px) 100vw, 864px\" \/><\/div><\/a>\r\n\t\t<\/div>\r\n\t<\/div>\r\n<\/div><\/div><\/div><div class=\"wpb_column vc_column_container vc_col-sm-6\"><div class=\"vc_column-inner\"><div class=\"wpb_wrapper\">\r\n\t<div class=\"wpb_single_image wpb_content_element vc_align_center\">\r\n\t\t<div class=\"wpb_wrapper\">\r\n\t\t\t\r\n\t\t\t<a href=\"https:\/\/saborealapalma.es\/blog\/2023\/03\/22\/presentacion-de-la-aplicacion-movil-de-saborea-la-palma\/\" target=\"_self\"><div class=\"vc_single_image-wrapper   vc_box_border_grey\"><img loading=\"lazy\" decoding=\"async\" width=\"864\" height=\"877\" src=\"https:\/\/saborealapalma.es\/wp-content\/uploads\/2023\/03\/descarga_app2.jpg\" class=\"vc_single_image-img attachment-full\" alt=\"\" srcset=\"https:\/\/saborealapalma.es\/wp-content\/uploads\/2023\/03\/descarga_app2.jpg 864w, https:\/\/saborealapalma.es\/wp-content\/uploads\/2023\/03\/descarga_app2-296x300.jpg 296w, https:\/\/saborealapalma.es\/wp-content\/uploads\/2023\/03\/descarga_app2-768x780.jpg 768w, https:\/\/saborealapalma.es\/wp-content\/uploads\/2023\/03\/descarga_app2-700x711.jpg 700w, https:\/\/saborealapalma.es\/wp-content\/uploads\/2023\/03\/descarga_app2-600x609.jpg 600w\" sizes=\"(max-width: 864px) 100vw, 864px\" \/><\/div><\/a>\r\n\t\t<\/div>\r\n\t<\/div>\r\n<\/div><\/div><\/div><\/div><\/div><\/div><div      class=\"vc_row wpb_row section vc_row-fluid  vc_custom_1682026296312 grid_section\" style=' text-align:left;'><div class=\" section_inner clearfix\"><div class='section_inner_margin clearfix'><div class=\"wpb_column vc_column_container vc_col-sm-12\"><div class=\"vc_column-inner\"><div class=\"wpb_wrapper\">\r\n\t<div class=\"wpb_single_image wpb_content_element vc_align_center  qode_image_hover_zoom_in\">\r\n\t\t<div class=\"wpb_wrapper\">\r\n\t\t\t\r\n\t\t\t<a href=\"https:\/\/saborealapalma.es\/wp-content\/uploads\/2023\/04\/LISTADO-DE-EXPORTADORES2-1.pdf\" target=\"_blank\"><div class=\"vc_single_image-wrapper   vc_box_border_grey\"><img loading=\"lazy\" decoding=\"async\" width=\"1920\" height=\"540\" src=\"https:\/\/saborealapalma.es\/wp-content\/uploads\/2023\/04\/banner_catalogo_laPalma.jpg\" class=\"vc_single_image-img attachment-full\" alt=\"\" srcset=\"https:\/\/saborealapalma.es\/wp-content\/uploads\/2023\/04\/banner_catalogo_laPalma.jpg 1920w, https:\/\/saborealapalma.es\/wp-content\/uploads\/2023\/04\/banner_catalogo_laPalma-300x84.jpg 300w, https:\/\/saborealapalma.es\/wp-content\/uploads\/2023\/04\/banner_catalogo_laPalma-1024x288.jpg 1024w, https:\/\/saborealapalma.es\/wp-content\/uploads\/2023\/04\/banner_catalogo_laPalma-768x216.jpg 768w, https:\/\/saborealapalma.es\/wp-content\/uploads\/2023\/04\/banner_catalogo_laPalma-1536x432.jpg 1536w, https:\/\/saborealapalma.es\/wp-content\/uploads\/2023\/04\/banner_catalogo_laPalma-700x197.jpg 700w, https:\/\/saborealapalma.es\/wp-content\/uploads\/2023\/04\/banner_catalogo_laPalma-600x169.jpg 600w\" sizes=\"(max-width: 1920px) 100vw, 1920px\" \/><\/div><\/a>\r\n\t\t<\/div>\r\n\t<\/div>\r\n<\/div><\/div><\/div><\/div><\/div><\/div>\t\t\t\t\t\t\t\t<\/div>\n\t\t\t\t<\/div>\n\t\t\t\t\t<\/div>\n\t\t<\/div>\n\t\t\t\t\t<\/div>\n\t\t<\/section>\n\t\t\t\t<section data-particle_enable=\"false\" data-particle-mobile-disabled=\"false\" class=\"elementor-section elementor-top-section elementor-element elementor-element-730bb70 elementor-section-full_width elementor-section-height-default elementor-section-height-default parallax_section_no qode_elementor_container_no\" data-id=\"730bb70\" data-element_type=\"section\" data-e-type=\"section\">\n\t\t\t\t\t\t<div class=\"elementor-container elementor-column-gap-default\">\n\t\t\t\t\t<div class=\"elementor-column elementor-col-100 elementor-top-column elementor-element elementor-element-2b72b60\" data-id=\"2b72b60\" data-element_type=\"column\" data-e-type=\"column\">\n\t\t\t<div class=\"elementor-widget-wrap elementor-element-populated\">\n\t\t\t\t\t\t<div class=\"elementor-element elementor-element-65e87a5 elementor-widget elementor-widget-text-editor\" data-id=\"65e87a5\" data-element_type=\"widget\" data-e-type=\"widget\" data-widget_type=\"text-editor.default\">\n\t\t\t\t<div class=\"elementor-widget-container\">\n\t\t\t\t\t\t\t\t\t<div      class=\"vc_row wpb_row section vc_row-fluid \" style=' text-align:left;'><div class=\" full_section_inner clearfix\"><div class=\"wpb_column vc_column_container vc_col-sm-12\"><div class=\"vc_column-inner\"><div class=\"wpb_wrapper\"><div      class=\"vc_row wpb_row section vc_row-fluid vc_inner \" style=' text-align:center;'><div class=\" full_section_inner clearfix\"><div class=\"wpb_column vc_column_container vc_col-sm-12\"><div class=\"vc_column-inner\"><div class=\"wpb_wrapper\">\n\t<div class=\"wpb_text_column wpb_content_element \">\n\t\t<div class=\"wpb_wrapper\">\n\t\t\t<p>[metaslider id=\u00bb70&#8243;]<\/p>\n\n\t\t<\/div> \n\t<\/div> <\/div><\/div><\/div><\/div><\/div><\/div><\/div><\/div><\/div><\/div>\t\t\t\t\t\t\t\t<\/div>\n\t\t\t\t<\/div>\n\t\t\t\t\t<\/div>\n\t\t<\/div>\n\t\t\t\t\t<\/div>\n\t\t<\/section>\n\t\t\t\t<section data-particle_enable=\"false\" data-particle-mobile-disabled=\"false\" class=\"elementor-section elementor-top-section elementor-element elementor-element-e2a96c3 elementor-section-full_width elementor-section-height-default elementor-section-height-default parallax_section_no qode_elementor_container_no\" data-id=\"e2a96c3\" data-element_type=\"section\" data-e-type=\"section\">\n\t\t\t\t\t\t<div class=\"elementor-container elementor-column-gap-default\">\n\t\t\t\t\t<div class=\"elementor-column elementor-col-100 elementor-top-column elementor-element elementor-element-64413c0\" data-id=\"64413c0\" data-element_type=\"column\" data-e-type=\"column\">\n\t\t\t<div class=\"elementor-widget-wrap elementor-element-populated\">\n\t\t\t\t\t\t<div class=\"elementor-element elementor-element-14f4992 elementor-widget elementor-widget-text-editor\" data-id=\"14f4992\" data-element_type=\"widget\" data-e-type=\"widget\" data-widget_type=\"text-editor.default\">\n\t\t\t\t<div class=\"elementor-widget-container\">\n\t\t\t\t\t\t\t\t\t<p><span style=\"color: inherit; font-size: inherit; letter-spacing: inherit; font-family: var( --e-global-typography-text-font-family ), Sans-serif;\"><div      class=\"vc_row wpb_row section vc_row-fluid \" style='background-image:url(https:\/\/saborealapalma.es\/wp-content\/uploads\/2020\/10\/parallax_saborea_1.png); text-align:left;'><div class=\" full_section_inner clearfix\"><div class=\"wpb_column vc_column_container vc_col-sm-12\"><div class=\"vc_column-inner\"><div class=\"wpb_wrapper\"><div      class=\"vc_row wpb_row section vc_row-fluid vc_inner  grid_section\" style=' text-align:left;'><div class=\" section_inner clearfix\"><div class='section_inner_margin clearfix'><div class=\"wpb_column vc_column_container vc_col-sm-12\"><div class=\"vc_column-inner\"><div class=\"wpb_wrapper\">\t<div class=\"vc_empty_space\"  style=\"height: 150px\" ><span\r\n\t\t\tclass=\"vc_empty_space_inner\">\r\n\t\t\t<span class=\"empty_space_image\"  ><\/span>\r\n\t\t<\/span><\/div>\r\n\n\n\t<div class=\"wpb_text_column wpb_content_element \">\n\t\t<div class=\"wpb_wrapper\">\n\t\t\t<p><\/span><\/p>\n<h5 style=\"text-align: center;\">PRIVILEGIO GEOGR\u00c1FICO DE NUESTRO ARCHIPI\u00c9LAGO<\/h5>\n\n\t\t<\/div> \n\t<\/div> \t<div class=\"vc_empty_space\"  style=\"height: 30px\" ><span\r\n\t\t\tclass=\"vc_empty_space_inner\">\r\n\t\t\t<span class=\"empty_space_image\"  ><\/span>\r\n\t\t<\/span><\/div>\r\n\n\n\t<div class=\"wpb_text_column wpb_content_element \">\n\t\t<div class=\"wpb_wrapper\">\n\t\t\t<h2 style=\"text-align: center;\">\u00abLa Palma, un lugar con unas condiciones \u00fanicas\u00bb.<\/h2>\n\n\t\t<\/div> \n\t<\/div> \t<div class=\"vc_empty_space\"  style=\"height: 30px\" ><span\r\n\t\t\tclass=\"vc_empty_space_inner\">\r\n\t\t\t<span class=\"empty_space_image\"  ><\/span>\r\n\t\t<\/span><\/div>\r\n\n\n\t<div class=\"wpb_text_column wpb_content_element \">\n\t\t<div class=\"wpb_wrapper\">\n\t\t\t<p style=\"text-align: center;\">Nuestro producto local que crece desde el volc\u00e1n hasta un cielo limpio.<\/p>\n\n\t\t<\/div> \n\t<\/div> \t<div class=\"vc_empty_space\"  style=\"height: 150px\" ><span\r\n\t\t\tclass=\"vc_empty_space_inner\">\r\n\t\t\t<span class=\"empty_space_image\"  ><\/span>\r\n\t\t<\/span><\/div>\r\n\n<\/div><\/div><\/div><\/div><\/div><\/div><\/div><\/div><\/div><\/div><\/div>\t\t\t\t\t\t\t\t<\/div>\n\t\t\t\t<\/div>\n\t\t\t\t\t<\/div>\n\t\t<\/div>\n\t\t\t\t\t<\/div>\n\t\t<\/section>\n\t\t\t\t<\/div>\n\t\t","protected":false},"excerpt":{"rendered":"<p>Nachrichten von Interesse, Gastronomie-Blog, Veranstaltungen.<\/p>","protected":false},"author":4,"featured_media":344,"parent":0,"menu_order":0,"comment_status":"closed","ping_status":"closed","template":"full_width.php","meta":{"footnotes":""},"class_list":["post-14","page","type-page","status-publish","has-post-thumbnail","hentry"],"yoast_head":"<!-- This site is optimized with the Yoast SEO plugin v27.5 - https:\/\/yoast.com\/product\/yoast-seo-wordpress\/ -->\n<title>Saborea La Palma - Turismo y gastronom\u00eda palmera<\/title>\n<meta name=\"description\" content=\"Descubre y redescubre las sensaciones de la gastronom\u00eda palmera. Los mejores sabores de la isla bonita reunidos en Saborea La Palma.\" \/>\n<meta name=\"robots\" content=\"index, follow, max-snippet:-1, max-image-preview:large, max-video-preview:-1\" \/>\n<link rel=\"canonical\" href=\"https:\/\/saborealapalma.es\/de\/\" \/>\n<meta property=\"og:locale\" content=\"de_DE\" \/>\n<meta property=\"og:type\" content=\"article\" \/>\n<meta property=\"og:title\" content=\"Saborea La Palma - Turismo y gastronom\u00eda palmera\" \/>\n<meta property=\"og:description\" content=\"Descubre y redescubre las sensaciones de la gastronom\u00eda palmera. Los mejores sabores de la isla bonita reunidos en Saborea La Palma.\" \/>\n<meta property=\"og:url\" content=\"https:\/\/saborealapalma.es\/de\/\" \/>\n<meta property=\"og:site_name\" content=\"Saborea La Palma\" \/>\n<meta property=\"article:modified_time\" content=\"2026-04-14T11:58:00+00:00\" \/>\n<meta property=\"og:image\" content=\"https:\/\/saborealapalma.es\/wp-content\/uploads\/2020\/11\/saborea_seo.jpg\" \/>\n\t<meta property=\"og:image:width\" content=\"1200\" \/>\n\t<meta property=\"og:image:height\" content=\"800\" \/>\n\t<meta property=\"og:image:type\" content=\"image\/jpeg\" \/>\n<meta name=\"twitter:card\" content=\"summary_large_image\" \/>\n<meta name=\"twitter:title\" content=\"Saborea La Palma - Turismo y gastronom\u00eda palmera\" \/>\n<meta name=\"twitter:description\" content=\"Descubre y redescubre las sensaciones de la gastronom\u00eda palmera. Los mejores sabores de la isla bonita reunidos en Saborea La Palma.\" \/>\n<meta name=\"twitter:image\" content=\"https:\/\/saborealapalma.es\/wp-content\/uploads\/2020\/11\/saborea_seo.jpg\" \/>\n<meta name=\"twitter:label1\" content=\"Gesch\u00e4tzte Lesezeit\" \/>\n\t<meta name=\"twitter:data1\" content=\"6\u00a0Minuten\" \/>\n<script type=\"application\/ld+json\" class=\"yoast-schema-graph\">{\"@context\":\"https:\\\/\\\/schema.org\",\"@graph\":[{\"@type\":\"WebPage\",\"@id\":\"https:\\\/\\\/saborealapalma.es\\\/\",\"url\":\"https:\\\/\\\/saborealapalma.es\\\/\",\"name\":\"Saborea La Palma - Turismo y gastronom\u00eda palmera\",\"isPartOf\":{\"@id\":\"https:\\\/\\\/saborealapalma.es\\\/#website\"},\"primaryImageOfPage\":{\"@id\":\"https:\\\/\\\/saborealapalma.es\\\/#primaryimage\"},\"image\":{\"@id\":\"https:\\\/\\\/saborealapalma.es\\\/#primaryimage\"},\"thumbnailUrl\":\"https:\\\/\\\/saborealapalma.es\\\/wp-content\\\/uploads\\\/2020\\\/11\\\/saborea_seo.jpg\",\"datePublished\":\"2020-10-05T15:06:50+00:00\",\"dateModified\":\"2026-04-14T11:58:00+00:00\",\"description\":\"Descubre y redescubre las sensaciones de la gastronom\u00eda palmera. Los mejores sabores de la isla bonita reunidos en Saborea La Palma.\",\"breadcrumb\":{\"@id\":\"https:\\\/\\\/saborealapalma.es\\\/#breadcrumb\"},\"inLanguage\":\"de\",\"potentialAction\":[{\"@type\":\"ReadAction\",\"target\":[\"https:\\\/\\\/saborealapalma.es\\\/\"]}]},{\"@type\":\"ImageObject\",\"inLanguage\":\"de\",\"@id\":\"https:\\\/\\\/saborealapalma.es\\\/#primaryimage\",\"url\":\"https:\\\/\\\/saborealapalma.es\\\/wp-content\\\/uploads\\\/2020\\\/11\\\/saborea_seo.jpg\",\"contentUrl\":\"https:\\\/\\\/saborealapalma.es\\\/wp-content\\\/uploads\\\/2020\\\/11\\\/saborea_seo.jpg\",\"width\":1200,\"height\":800},{\"@type\":\"BreadcrumbList\",\"@id\":\"https:\\\/\\\/saborealapalma.es\\\/#breadcrumb\",\"itemListElement\":[{\"@type\":\"ListItem\",\"position\":1,\"name\":\"Portada\",\"item\":\"https:\\\/\\\/saborealapalma.es\\\/\"},{\"@type\":\"ListItem\",\"position\":2,\"name\":\"Inicio\"}]},{\"@type\":\"WebSite\",\"@id\":\"https:\\\/\\\/saborealapalma.es\\\/#website\",\"url\":\"https:\\\/\\\/saborealapalma.es\\\/\",\"name\":\"Saborea La Palma\",\"description\":\"Saborea La Palma es el proyecto que lidera la Sociedad de Promoci\u00f3n Econ\u00f3mica de La Palma (SODEPAL S.A.U.M.P), empresa p\u00fablica dependiente de Cabildo Insular de La Palma, para la revalorizaci\u00f3n y el posicionamiento de la gastronom\u00eda palmera en los mercados regionales, nacionales e internacionales.\",\"potentialAction\":[{\"@type\":\"SearchAction\",\"target\":{\"@type\":\"EntryPoint\",\"urlTemplate\":\"https:\\\/\\\/saborealapalma.es\\\/?s={search_term_string}\"},\"query-input\":{\"@type\":\"PropertyValueSpecification\",\"valueRequired\":true,\"valueName\":\"search_term_string\"}}],\"inLanguage\":\"de\"}]}<\/script>\n<!-- \/ Yoast SEO plugin. -->","yoast_head_json":{"title":"Saborea La Palma - Turismo y gastronom\u00eda palmera","description":"Descubre y redescubre las sensaciones de la gastronom\u00eda palmera. Los mejores sabores de la isla bonita reunidos en Saborea La Palma.","robots":{"index":"index","follow":"follow","max-snippet":"max-snippet:-1","max-image-preview":"max-image-preview:large","max-video-preview":"max-video-preview:-1"},"canonical":"https:\/\/saborealapalma.es\/de\/","og_locale":"de_DE","og_type":"article","og_title":"Saborea La Palma - Turismo y gastronom\u00eda palmera","og_description":"Descubre y redescubre las sensaciones de la gastronom\u00eda palmera. Los mejores sabores de la isla bonita reunidos en Saborea La Palma.","og_url":"https:\/\/saborealapalma.es\/de\/","og_site_name":"Saborea La Palma","article_modified_time":"2026-04-14T11:58:00+00:00","og_image":[{"width":1200,"height":800,"url":"https:\/\/saborealapalma.es\/wp-content\/uploads\/2020\/11\/saborea_seo.jpg","type":"image\/jpeg"}],"twitter_card":"summary_large_image","twitter_title":"Saborea La Palma - Turismo y gastronom\u00eda palmera","twitter_description":"Descubre y redescubre las sensaciones de la gastronom\u00eda palmera. Los mejores sabores de la isla bonita reunidos en Saborea La Palma.","twitter_image":"https:\/\/saborealapalma.es\/wp-content\/uploads\/2020\/11\/saborea_seo.jpg","twitter_misc":{"Gesch\u00e4tzte Lesezeit":"6\u00a0Minuten"},"schema":{"@context":"https:\/\/schema.org","@graph":[{"@type":"WebPage","@id":"https:\/\/saborealapalma.es\/","url":"https:\/\/saborealapalma.es\/","name":"Saborea La Palma - Turismo y gastronom\u00eda palmera","isPartOf":{"@id":"https:\/\/saborealapalma.es\/#website"},"primaryImageOfPage":{"@id":"https:\/\/saborealapalma.es\/#primaryimage"},"image":{"@id":"https:\/\/saborealapalma.es\/#primaryimage"},"thumbnailUrl":"https:\/\/saborealapalma.es\/wp-content\/uploads\/2020\/11\/saborea_seo.jpg","datePublished":"2020-10-05T15:06:50+00:00","dateModified":"2026-04-14T11:58:00+00:00","description":"Descubre y redescubre las sensaciones de la gastronom\u00eda palmera. Los mejores sabores de la isla bonita reunidos en Saborea La Palma.","breadcrumb":{"@id":"https:\/\/saborealapalma.es\/#breadcrumb"},"inLanguage":"de","potentialAction":[{"@type":"ReadAction","target":["https:\/\/saborealapalma.es\/"]}]},{"@type":"ImageObject","inLanguage":"de","@id":"https:\/\/saborealapalma.es\/#primaryimage","url":"https:\/\/saborealapalma.es\/wp-content\/uploads\/2020\/11\/saborea_seo.jpg","contentUrl":"https:\/\/saborealapalma.es\/wp-content\/uploads\/2020\/11\/saborea_seo.jpg","width":1200,"height":800},{"@type":"BreadcrumbList","@id":"https:\/\/saborealapalma.es\/#breadcrumb","itemListElement":[{"@type":"ListItem","position":1,"name":"Portada","item":"https:\/\/saborealapalma.es\/"},{"@type":"ListItem","position":2,"name":"Inicio"}]},{"@type":"WebSite","@id":"https:\/\/saborealapalma.es\/#website","url":"https:\/\/saborealapalma.es\/","name":"Schmecken Sie La Palma","description":"Saborea La Palma ist das von der Sociedad de Promoci\u00f3n Econ\u00f3mica de La Palma (SODEPAL S.A.U.M.P), einem vom Cabildo Insular de La Palma abh\u00e4ngigen \u00f6ffentlichen Unternehmen, geleitete Projekt zur Aufwertung und Positionierung der Gastronomie La Palmas auf regionalen, nationalen und internationalen M\u00e4rkten.","potentialAction":[{"@type":"SearchAction","target":{"@type":"EntryPoint","urlTemplate":"https:\/\/saborealapalma.es\/?s={search_term_string}"},"query-input":{"@type":"PropertyValueSpecification","valueRequired":true,"valueName":"search_term_string"}}],"inLanguage":"de"}]}},"_links":{"self":[{"href":"https:\/\/saborealapalma.es\/de\/wp-json\/wp\/v2\/pages\/14","targetHints":{"allow":["GET"]}}],"collection":[{"href":"https:\/\/saborealapalma.es\/de\/wp-json\/wp\/v2\/pages"}],"about":[{"href":"https:\/\/saborealapalma.es\/de\/wp-json\/wp\/v2\/types\/page"}],"author":[{"embeddable":true,"href":"https:\/\/saborealapalma.es\/de\/wp-json\/wp\/v2\/users\/4"}],"replies":[{"embeddable":true,"href":"https:\/\/saborealapalma.es\/de\/wp-json\/wp\/v2\/comments?post=14"}],"version-history":[{"count":92,"href":"https:\/\/saborealapalma.es\/de\/wp-json\/wp\/v2\/pages\/14\/revisions"}],"predecessor-version":[{"id":9183,"href":"https:\/\/saborealapalma.es\/de\/wp-json\/wp\/v2\/pages\/14\/revisions\/9183"}],"wp:featuredmedia":[{"embeddable":true,"href":"https:\/\/saborealapalma.es\/de\/wp-json\/wp\/v2\/media\/344"}],"wp:attachment":[{"href":"https:\/\/saborealapalma.es\/de\/wp-json\/wp\/v2\/media?parent=14"}],"curies":[{"name":"wp","href":"https:\/\/api.w.org\/{rel}","templated":true}]}}