{"id":4253,"date":"2022-10-13T20:01:22","date_gmt":"2022-10-13T19:01:22","guid":{"rendered":"http:\/\/saborealapalma.es\/?page_id=4253"},"modified":"2022-11-20T21:56:37","modified_gmt":"2022-11-20T21:56:37","slug":"ruta-sabor-de-maresia-y-volcan","status":"publish","type":"page","link":"https:\/\/saborealapalma.es\/fr\/rutas-gastronomicas\/ruta-sabor-de-maresia-y-volcan\/","title":{"rendered":"Itin\u00e9raire \"Go\u00fbt de la mer et du volcan\"."},"content":{"rendered":"<div data-elementor-type=\"wp-page\" data-elementor-id=\"4253\" class=\"elementor elementor-4253\" data-elementor-post-type=\"page\">\n\t\t\t\t\t\t<section data-particle_enable=\"false\" data-particle-mobile-disabled=\"false\" class=\"elementor-section elementor-top-section elementor-element elementor-element-62a11be7 elementor-section-boxed elementor-section-height-default elementor-section-height-default parallax_section_no qode_elementor_container_no\" data-id=\"62a11be7\" data-element_type=\"section\" data-e-type=\"section\">\n\t\t\t\t\t\t<div class=\"elementor-container elementor-column-gap-default\">\n\t\t\t\t\t<div class=\"elementor-column elementor-col-100 elementor-top-column elementor-element elementor-element-6f2170ad\" data-id=\"6f2170ad\" data-element_type=\"column\" data-e-type=\"column\">\n\t\t\t<div class=\"elementor-widget-wrap elementor-element-populated\">\n\t\t\t\t\t\t<div class=\"elementor-element elementor-element-64370972 dce_masking-none elementor-invisible elementor-widget elementor-widget-image\" data-id=\"64370972\" data-element_type=\"widget\" data-e-type=\"widget\" data-settings=\"{&quot;_animation&quot;:&quot;fadeIn&quot;}\" data-widget_type=\"image.default\">\n\t\t\t\t<div class=\"elementor-widget-container\">\n\t\t\t\t\t\t\t\t\t\t\t\t\t\t\t<img fetchpriority=\"high\" decoding=\"async\" width=\"1200\" height=\"848\" src=\"https:\/\/saborealapalma.es\/wp-content\/uploads\/2022\/10\/portada_ruta_maresia.jpg\" class=\"attachment-2048x2048 size-2048x2048 wp-image-4270\" alt=\"\" srcset=\"https:\/\/saborealapalma.es\/wp-content\/uploads\/2022\/10\/portada_ruta_maresia.jpg 1200w, https:\/\/saborealapalma.es\/wp-content\/uploads\/2022\/10\/portada_ruta_maresia-300x212.jpg 300w, https:\/\/saborealapalma.es\/wp-content\/uploads\/2022\/10\/portada_ruta_maresia-1024x724.jpg 1024w, https:\/\/saborealapalma.es\/wp-content\/uploads\/2022\/10\/portada_ruta_maresia-768x543.jpg 768w, https:\/\/saborealapalma.es\/wp-content\/uploads\/2022\/10\/portada_ruta_maresia-700x495.jpg 700w, https:\/\/saborealapalma.es\/wp-content\/uploads\/2022\/10\/portada_ruta_maresia-600x424.jpg 600w\" sizes=\"(max-width: 1200px) 100vw, 1200px\" \/>\t\t\t\t\t\t\t\t\t\t\t\t\t\t\t<\/div>\n\t\t\t\t<\/div>\n\t\t\t\t<section data-particle_enable=\"false\" data-particle-mobile-disabled=\"false\" class=\"elementor-section elementor-inner-section elementor-element elementor-element-7ce50a36 elementor-section-boxed elementor-section-height-default elementor-section-height-default parallax_section_no qode_elementor_container_no\" data-id=\"7ce50a36\" data-element_type=\"section\" data-e-type=\"section\">\n\t\t\t\t\t\t<div class=\"elementor-container elementor-column-gap-default\">\n\t\t\t\t\t<div class=\"elementor-column elementor-col-50 elementor-inner-column elementor-element elementor-element-2e03ca9d elementor-invisible\" data-id=\"2e03ca9d\" data-element_type=\"column\" data-e-type=\"column\" data-settings=\"{&quot;animation&quot;:&quot;fadeInLeft&quot;}\">\n\t\t\t<div class=\"elementor-widget-wrap elementor-element-populated\">\n\t\t\t\t\t\t<div class=\"elementor-element elementor-element-73c1d273 dce_masking-none elementor-invisible elementor-widget elementor-widget-image\" data-id=\"73c1d273\" data-element_type=\"widget\" data-e-type=\"widget\" data-settings=\"{&quot;_animation&quot;:&quot;fadeIn&quot;}\" data-widget_type=\"image.default\">\n\t\t\t\t<div class=\"elementor-widget-container\">\n\t\t\t\t\t\t\t\t\t\t\t\t\t\t\t<img decoding=\"async\" width=\"808\" height=\"1024\" src=\"https:\/\/saborealapalma.es\/wp-content\/uploads\/2022\/10\/mapa_ruta_maresia-808x1024.jpg\" class=\"attachment-large size-large wp-image-4269\" alt=\"\" srcset=\"https:\/\/saborealapalma.es\/wp-content\/uploads\/2022\/10\/mapa_ruta_maresia-808x1024.jpg 808w, https:\/\/saborealapalma.es\/wp-content\/uploads\/2022\/10\/mapa_ruta_maresia-237x300.jpg 237w, https:\/\/saborealapalma.es\/wp-content\/uploads\/2022\/10\/mapa_ruta_maresia-768x974.jpg 768w, https:\/\/saborealapalma.es\/wp-content\/uploads\/2022\/10\/mapa_ruta_maresia-1211x1536.jpg 1211w, https:\/\/saborealapalma.es\/wp-content\/uploads\/2022\/10\/mapa_ruta_maresia-1615x2048.jpg 1615w, https:\/\/saborealapalma.es\/wp-content\/uploads\/2022\/10\/mapa_ruta_maresia-700x888.jpg 700w, https:\/\/saborealapalma.es\/wp-content\/uploads\/2022\/10\/mapa_ruta_maresia-600x761.jpg 600w, https:\/\/saborealapalma.es\/wp-content\/uploads\/2022\/10\/mapa_ruta_maresia.jpg 1956w\" sizes=\"(max-width: 808px) 100vw, 808px\" \/>\t\t\t\t\t\t\t\t\t\t\t\t\t\t\t<\/div>\n\t\t\t\t<\/div>\n\t\t\t\t\t<\/div>\n\t\t<\/div>\n\t\t\t\t<div class=\"elementor-column elementor-col-50 elementor-inner-column elementor-element elementor-element-77e9b4f8 elementor-invisible\" data-id=\"77e9b4f8\" data-element_type=\"column\" data-e-type=\"column\" data-settings=\"{&quot;animation&quot;:&quot;fadeInRight&quot;}\">\n\t\t\t<div class=\"elementor-widget-wrap elementor-element-populated\">\n\t\t\t\t\t\t<div class=\"elementor-element elementor-element-55828cea elementor-invisible elementor-widget elementor-widget-text-editor\" data-id=\"55828cea\" data-element_type=\"widget\" data-e-type=\"widget\" data-settings=\"{&quot;_animation&quot;:&quot;fadeIn&quot;}\" data-widget_type=\"text-editor.default\">\n\t\t\t\t<div class=\"elementor-widget-container\">\n\t\t\t\t\t\t\t\t\t<div class=\"column\"><p>Sur l'\u00eele de La Palma, comme dans le reste de l'archipel ou partout ailleurs dans le monde, la civilisation a essay\u00e9 d'extraire le plus de ressources possibles de l'environnement dans lequel elles se trouvaient. Cela a parfois \u00e9t\u00e9 motiv\u00e9 par la recherche de richesses, parfois par le d\u00e9sir d'expansion, mais le plus souvent cela a \u00e9t\u00e9 bas\u00e9 sur la n\u00e9cessit\u00e9 et le pur instinct de survie. C'est l'une des histoires du \"sel de mer\", promu et exploit\u00e9 \u00e0 La Palma gr\u00e2ce aux conditions offertes par l'\u00eele dans une enclave qui, \u00e0 premi\u00e8re vue, n'\u00e9veille pas vraiment de r\u00eaves de prosp\u00e9rit\u00e9. Cependant, de nos jours, la visite de ces lieux est pratiquement un must pour tout nouvel arrivant sur l'\u00eele.<\/p><p>Fuencaliente, la commune la plus m\u00e9ridionale de l'\u00eele, r\u00e9unit une vari\u00e9t\u00e9 de paysages dignes d'admiration. Ses pin\u00e8des, ses hameaux, ses jeunes volcans et son littoral accident\u00e9 en font une attraction en soi. Il convient de mentionner le paysage volcanique \"rajeuni\", car il s'agit du site de l'activit\u00e9 volcanique la plus r\u00e9cente des \u00eeles Canaries : l'\u00e9ruption du volcan San Antonio entre 1667 et 1668, et l'\u00e9ruption du volcan Tenegu\u00eda en 1971.<\/p><p>C'est dans ce cadre g\u00e9ographique que sont n\u00e9es les Salines de Fuencaliente, dans un site c\u00f4tier o\u00f9 se cr\u00e9e un jeu chromatique entre le noir du basalte, le brun de la terre, les teintes cramoisies et les tons cuivr\u00e9s, fusionn\u00e9s avec le bleu de la mer, sa continuit\u00e9 avec le ciel, et le blanc des nuages, l'\u00e9cume de la mer et, bien s\u00fbr, le manteau blanc de la cristallisation du sel dans les salines. Cette enclave a pris un virage adaptatif qui a converti une ressource naturelle telle que le sel en un site d'int\u00e9r\u00eat scientifique (d\u00e9clar\u00e9 par le gouvernement des Canaries en 1994) adapt\u00e9 aux besoins de la soci\u00e9t\u00e9 d'aujourd'hui.<\/p><p>Pour toutes ces raisons, le sel, produit dans le style le plus traditionnel, est devenu un \u00e9l\u00e9ment distinct de grande valeur, capable de jouer un r\u00f4le de premier plan, dans les moindres d\u00e9tails, dans un itin\u00e9raire gastronomique qui s'articule autour de cette enclave unique.<\/p><\/div>\t\t\t\t\t\t\t\t<\/div>\n\t\t\t\t<\/div>\n\t\t\t\t\t<\/div>\n\t\t<\/div>\n\t\t\t\t\t<\/div>\n\t\t<\/section>\n\t\t\t\t\t<\/div>\n\t\t<\/div>\n\t\t\t\t\t<\/div>\n\t\t<\/section>\n\t\t\t\t<section data-particle_enable=\"false\" data-particle-mobile-disabled=\"false\" class=\"elementor-section elementor-top-section elementor-element elementor-element-73bae701 elementor-section-boxed elementor-section-height-default elementor-section-height-default parallax_section_no qode_elementor_container_no\" data-id=\"73bae701\" data-element_type=\"section\" data-e-type=\"section\">\n\t\t\t\t\t\t<div class=\"elementor-container elementor-column-gap-no\">\n\t\t\t\t\t<div class=\"elementor-column elementor-col-50 elementor-top-column elementor-element elementor-element-3e369aa1 elementor-invisible\" data-id=\"3e369aa1\" data-element_type=\"column\" data-e-type=\"column\" data-settings=\"{&quot;animation&quot;:&quot;fadeInLeft&quot;}\">\n\t\t\t<div class=\"elementor-widget-wrap elementor-element-populated\">\n\t\t\t\t\t\t<section data-particle_enable=\"false\" data-particle-mobile-disabled=\"false\" class=\"elementor-section elementor-inner-section elementor-element elementor-element-cab4e0 elementor-section-boxed elementor-section-height-default elementor-section-height-default parallax_section_no qode_elementor_container_no\" data-id=\"cab4e0\" data-element_type=\"section\" data-e-type=\"section\" data-settings=\"{&quot;animation&quot;:&quot;none&quot;}\">\n\t\t\t\t\t\t<div class=\"elementor-container elementor-column-gap-default\">\n\t\t\t\t\t<div class=\"elementor-column elementor-col-50 elementor-inner-column elementor-element elementor-element-73a64cfb\" data-id=\"73a64cfb\" data-element_type=\"column\" data-e-type=\"column\">\n\t\t\t<div class=\"elementor-widget-wrap elementor-element-populated\">\n\t\t\t\t\t\t<div class=\"elementor-element elementor-element-79715ef7 dce_masking-none elementor-widget elementor-widget-image\" data-id=\"79715ef7\" data-element_type=\"widget\" data-e-type=\"widget\" data-widget_type=\"image.default\">\n\t\t\t\t<div class=\"elementor-widget-container\">\n\t\t\t\t\t\t\t\t\t\t\t\t\t\t\t<img decoding=\"async\" width=\"500\" height=\"496\" src=\"https:\/\/saborealapalma.es\/wp-content\/uploads\/2022\/10\/punto_ruta1-1.jpg\" class=\"attachment-large size-large wp-image-4271\" alt=\"\" srcset=\"https:\/\/saborealapalma.es\/wp-content\/uploads\/2022\/10\/punto_ruta1-1.jpg 500w, https:\/\/saborealapalma.es\/wp-content\/uploads\/2022\/10\/punto_ruta1-1-300x298.jpg 300w, https:\/\/saborealapalma.es\/wp-content\/uploads\/2022\/10\/punto_ruta1-1-150x150.jpg 150w, https:\/\/saborealapalma.es\/wp-content\/uploads\/2022\/10\/punto_ruta1-1-100x100.jpg 100w\" sizes=\"(max-width: 500px) 100vw, 500px\" \/>\t\t\t\t\t\t\t\t\t\t\t\t\t\t\t<\/div>\n\t\t\t\t<\/div>\n\t\t\t\t\t<\/div>\n\t\t<\/div>\n\t\t\t\t<div class=\"elementor-column elementor-col-50 elementor-inner-column elementor-element elementor-element-8df6d59\" data-id=\"8df6d59\" data-element_type=\"column\" data-e-type=\"column\">\n\t\t\t<div class=\"elementor-widget-wrap elementor-element-populated\">\n\t\t\t\t\t\t<div class=\"elementor-element elementor-element-24f1d05b elementor-widget elementor-widget-text-editor\" data-id=\"24f1d05b\" data-element_type=\"widget\" data-e-type=\"widget\" data-widget_type=\"text-editor.default\">\n\t\t\t\t<div class=\"elementor-widget-container\">\n\t\t\t\t\t\t\t\t\t<p><strong>Salinas de Fuencaliente<br \/><\/strong>Carretera La Costa - El Faro, 5. 38740 - Fuencaliente.<\/p><p>Heures d'ouverture : Ouvert tous les jours de 10:00h \u00e0 19:00h.<\/p><p>GPS : 28.4543026,-17.8442537<br \/>Tel : +34 922 696 002<br \/>info@salinasdefuencaliente.com<br \/>Espagnol et anglais.<\/p>\t\t\t\t\t\t\t\t<\/div>\n\t\t\t\t<\/div>\n\t\t\t\t\t<\/div>\n\t\t<\/div>\n\t\t\t\t\t<\/div>\n\t\t<\/section>\n\t\t\t\t\t<\/div>\n\t\t<\/div>\n\t\t\t\t<div class=\"elementor-column elementor-col-50 elementor-top-column elementor-element elementor-element-5cbf5984 elementor-invisible\" data-id=\"5cbf5984\" data-element_type=\"column\" data-e-type=\"column\" data-settings=\"{&quot;animation&quot;:&quot;fadeInRight&quot;}\">\n\t\t\t<div class=\"elementor-widget-wrap elementor-element-populated\">\n\t\t\t\t\t\t<section data-particle_enable=\"false\" data-particle-mobile-disabled=\"false\" class=\"elementor-section elementor-inner-section elementor-element elementor-element-46117544 elementor-section-boxed elementor-section-height-default elementor-section-height-default parallax_section_no qode_elementor_container_no\" data-id=\"46117544\" data-element_type=\"section\" data-e-type=\"section\">\n\t\t\t\t\t\t<div class=\"elementor-container elementor-column-gap-default\">\n\t\t\t\t\t<div class=\"elementor-column elementor-col-50 elementor-inner-column elementor-element elementor-element-30df2342\" data-id=\"30df2342\" data-element_type=\"column\" data-e-type=\"column\">\n\t\t\t<div class=\"elementor-widget-wrap elementor-element-populated\">\n\t\t\t\t\t\t<div class=\"elementor-element elementor-element-4b5044e4 dce_masking-none elementor-widget elementor-widget-image\" data-id=\"4b5044e4\" data-element_type=\"widget\" data-e-type=\"widget\" data-widget_type=\"image.default\">\n\t\t\t\t<div class=\"elementor-widget-container\">\n\t\t\t\t\t\t\t\t\t\t\t\t\t\t\t<img loading=\"lazy\" decoding=\"async\" width=\"500\" height=\"496\" src=\"https:\/\/saborealapalma.es\/wp-content\/uploads\/2022\/10\/punto_ruta3-1.jpg\" class=\"attachment-large size-large wp-image-4272\" alt=\"\" srcset=\"https:\/\/saborealapalma.es\/wp-content\/uploads\/2022\/10\/punto_ruta3-1.jpg 500w, https:\/\/saborealapalma.es\/wp-content\/uploads\/2022\/10\/punto_ruta3-1-300x298.jpg 300w, https:\/\/saborealapalma.es\/wp-content\/uploads\/2022\/10\/punto_ruta3-1-150x150.jpg 150w, https:\/\/saborealapalma.es\/wp-content\/uploads\/2022\/10\/punto_ruta3-1-100x100.jpg 100w\" sizes=\"(max-width: 500px) 100vw, 500px\" \/>\t\t\t\t\t\t\t\t\t\t\t\t\t\t\t<\/div>\n\t\t\t\t<\/div>\n\t\t\t\t\t<\/div>\n\t\t<\/div>\n\t\t\t\t<div class=\"elementor-column elementor-col-50 elementor-inner-column elementor-element elementor-element-3e3463fa\" data-id=\"3e3463fa\" data-element_type=\"column\" data-e-type=\"column\">\n\t\t\t<div class=\"elementor-widget-wrap elementor-element-populated\">\n\t\t\t\t\t\t<div class=\"elementor-element elementor-element-5e8c3e9e elementor-widget elementor-widget-text-editor\" data-id=\"5e8c3e9e\" data-element_type=\"widget\" data-e-type=\"widget\" data-widget_type=\"text-editor.default\">\n\t\t\t\t<div class=\"elementor-widget-container\">\n\t\t\t\t\t\t\t\t\t<p><strong>Bar Parada<br \/><\/strong>Ctra. General, 96, 38740 Los Canarios, Santa Cruz de Tenerife.<\/p><p>Ouvert tous les jours de 07h00 \u00e0 20h00.<\/p><p>GPS : 28.4940735,-17.8452766<br \/>Tel : +34 922 44 40 02<br \/>Espagnol.<\/p>\t\t\t\t\t\t\t\t<\/div>\n\t\t\t\t<\/div>\n\t\t\t\t\t<\/div>\n\t\t<\/div>\n\t\t\t\t\t<\/div>\n\t\t<\/section>\n\t\t\t\t\t<\/div>\n\t\t<\/div>\n\t\t\t\t\t<\/div>\n\t\t<\/section>\n\t\t\t\t<section data-particle_enable=\"false\" data-particle-mobile-disabled=\"false\" class=\"elementor-section elementor-top-section elementor-element elementor-element-2796b385 elementor-section-boxed elementor-section-height-default elementor-section-height-default parallax_section_no qode_elementor_container_no\" data-id=\"2796b385\" data-element_type=\"section\" data-e-type=\"section\">\n\t\t\t\t\t\t<div class=\"elementor-container elementor-column-gap-no\">\n\t\t\t\t\t<div class=\"elementor-column elementor-col-50 elementor-top-column elementor-element elementor-element-346dcef5 elementor-invisible\" data-id=\"346dcef5\" data-element_type=\"column\" data-e-type=\"column\" data-settings=\"{&quot;animation&quot;:&quot;fadeInLeft&quot;}\">\n\t\t\t<div class=\"elementor-widget-wrap elementor-element-populated\">\n\t\t\t\t\t\t<section data-particle_enable=\"false\" data-particle-mobile-disabled=\"false\" class=\"elementor-section elementor-inner-section elementor-element elementor-element-a7544c3 elementor-section-boxed elementor-section-height-default elementor-section-height-default parallax_section_no qode_elementor_container_no\" data-id=\"a7544c3\" data-element_type=\"section\" data-e-type=\"section\">\n\t\t\t\t\t\t<div class=\"elementor-container elementor-column-gap-default\">\n\t\t\t\t\t<div class=\"elementor-column elementor-col-50 elementor-inner-column elementor-element elementor-element-a684948\" data-id=\"a684948\" data-element_type=\"column\" data-e-type=\"column\">\n\t\t\t<div class=\"elementor-widget-wrap elementor-element-populated\">\n\t\t\t\t\t\t<div class=\"elementor-element elementor-element-a21b314 dce_masking-none elementor-widget elementor-widget-image\" data-id=\"a21b314\" data-element_type=\"widget\" data-e-type=\"widget\" data-widget_type=\"image.default\">\n\t\t\t\t<div class=\"elementor-widget-container\">\n\t\t\t\t\t\t\t\t\t\t\t\t\t\t\t<img loading=\"lazy\" decoding=\"async\" width=\"500\" height=\"496\" src=\"https:\/\/saborealapalma.es\/wp-content\/uploads\/2022\/10\/punto_ruta4-1.jpg\" class=\"attachment-large size-large wp-image-4273\" alt=\"\" srcset=\"https:\/\/saborealapalma.es\/wp-content\/uploads\/2022\/10\/punto_ruta4-1.jpg 500w, https:\/\/saborealapalma.es\/wp-content\/uploads\/2022\/10\/punto_ruta4-1-300x298.jpg 300w, https:\/\/saborealapalma.es\/wp-content\/uploads\/2022\/10\/punto_ruta4-1-150x150.jpg 150w, https:\/\/saborealapalma.es\/wp-content\/uploads\/2022\/10\/punto_ruta4-1-100x100.jpg 100w\" sizes=\"(max-width: 500px) 100vw, 500px\" \/>\t\t\t\t\t\t\t\t\t\t\t\t\t\t\t<\/div>\n\t\t\t\t<\/div>\n\t\t\t\t\t<\/div>\n\t\t<\/div>\n\t\t\t\t<div class=\"elementor-column elementor-col-50 elementor-inner-column elementor-element elementor-element-0de28e1\" data-id=\"0de28e1\" data-element_type=\"column\" data-e-type=\"column\">\n\t\t\t<div class=\"elementor-widget-wrap elementor-element-populated\">\n\t\t\t\t\t\t<div class=\"elementor-element elementor-element-0766d35 elementor-widget elementor-widget-text-editor\" data-id=\"0766d35\" data-element_type=\"widget\" data-e-type=\"widget\" data-widget_type=\"text-editor.default\">\n\t\t\t\t<div class=\"elementor-widget-container\">\n\t\t\t\t\t\t\t\t\t<p><strong>Bodegas Tenegu\u00eda<br \/><\/strong>Calle Antonio Francisco Hern\u00e1ndez Santos, n\u00ba 10, 38740 Fuencaliente de La Palma, Santa Cruz de Tenerife.<\/p><p>Ouvert tous les jours de 09h00 \u00e0 18h00.<\/p><p>GPS : 28.5056954,-17.9046483<br \/>Tel : +34 922 44 40 78<br \/>administracion@vinosteneguia.com<br \/>Espagnol.<\/p>\t\t\t\t\t\t\t\t<\/div>\n\t\t\t\t<\/div>\n\t\t\t\t\t<\/div>\n\t\t<\/div>\n\t\t\t\t\t<\/div>\n\t\t<\/section>\n\t\t\t\t\t<\/div>\n\t\t<\/div>\n\t\t\t\t<div class=\"elementor-column elementor-col-50 elementor-top-column elementor-element elementor-element-3a0baee6 elementor-invisible\" data-id=\"3a0baee6\" data-element_type=\"column\" data-e-type=\"column\" data-settings=\"{&quot;animation&quot;:&quot;fadeInRight&quot;}\">\n\t\t\t<div class=\"elementor-widget-wrap elementor-element-populated\">\n\t\t\t\t\t\t<section data-particle_enable=\"false\" data-particle-mobile-disabled=\"false\" class=\"elementor-section elementor-inner-section elementor-element elementor-element-0446d0a elementor-section-boxed elementor-section-height-default elementor-section-height-default parallax_section_no qode_elementor_container_no\" data-id=\"0446d0a\" data-element_type=\"section\" data-e-type=\"section\">\n\t\t\t\t\t\t<div class=\"elementor-container elementor-column-gap-default\">\n\t\t\t\t\t<div class=\"elementor-column elementor-col-50 elementor-inner-column elementor-element elementor-element-2a7e2e5\" data-id=\"2a7e2e5\" data-element_type=\"column\" data-e-type=\"column\">\n\t\t\t<div class=\"elementor-widget-wrap elementor-element-populated\">\n\t\t\t\t\t\t<div class=\"elementor-element elementor-element-aa672b0 dce_masking-none elementor-widget elementor-widget-image\" data-id=\"aa672b0\" data-element_type=\"widget\" data-e-type=\"widget\" data-widget_type=\"image.default\">\n\t\t\t\t<div class=\"elementor-widget-container\">\n\t\t\t\t\t\t\t\t\t\t\t\t\t\t\t<img loading=\"lazy\" decoding=\"async\" width=\"500\" height=\"496\" src=\"https:\/\/saborealapalma.es\/wp-content\/uploads\/2022\/10\/punto_ruta5-1.jpg\" class=\"attachment-large size-large wp-image-4274\" alt=\"\" srcset=\"https:\/\/saborealapalma.es\/wp-content\/uploads\/2022\/10\/punto_ruta5-1.jpg 500w, https:\/\/saborealapalma.es\/wp-content\/uploads\/2022\/10\/punto_ruta5-1-300x298.jpg 300w, https:\/\/saborealapalma.es\/wp-content\/uploads\/2022\/10\/punto_ruta5-1-150x150.jpg 150w, https:\/\/saborealapalma.es\/wp-content\/uploads\/2022\/10\/punto_ruta5-1-100x100.jpg 100w\" sizes=\"(max-width: 500px) 100vw, 500px\" \/>\t\t\t\t\t\t\t\t\t\t\t\t\t\t\t<\/div>\n\t\t\t\t<\/div>\n\t\t\t\t\t<\/div>\n\t\t<\/div>\n\t\t\t\t<div class=\"elementor-column elementor-col-50 elementor-inner-column elementor-element elementor-element-2d4ab75\" data-id=\"2d4ab75\" data-element_type=\"column\" data-e-type=\"column\">\n\t\t\t<div class=\"elementor-widget-wrap elementor-element-populated\">\n\t\t\t\t\t\t<div class=\"elementor-element elementor-element-84918a0 elementor-widget elementor-widget-text-editor\" data-id=\"84918a0\" data-element_type=\"widget\" data-e-type=\"widget\" data-widget_type=\"text-editor.default\">\n\t\t\t\t<div class=\"elementor-widget-container\">\n\t\t\t\t\t\t\t\t\t<p><strong>Volcans Tenegu\u00eda et San Antonio<br \/><\/strong>Los Canarios, Volc\u00e1n de San Antonio s\/n,<br \/>38740 Fuencaliente de La Palma.<\/p><p>Ouvert tous les jours de 10h00 \u00e0 18h30.<\/p><p>GPS : 28.4877069,-17.8489715<br \/>Tel : +34 691 593 584<br \/>Espagnol, anglais et allemand.<\/p>\t\t\t\t\t\t\t\t<\/div>\n\t\t\t\t<\/div>\n\t\t\t\t\t<\/div>\n\t\t<\/div>\n\t\t\t\t\t<\/div>\n\t\t<\/section>\n\t\t\t\t\t<\/div>\n\t\t<\/div>\n\t\t\t\t\t<\/div>\n\t\t<\/section>\n\t\t\t\t<section data-particle_enable=\"false\" data-particle-mobile-disabled=\"false\" class=\"elementor-section elementor-top-section elementor-element elementor-element-422bff4c elementor-section-boxed elementor-section-height-default elementor-section-height-default parallax_section_no qode_elementor_container_no\" data-id=\"422bff4c\" data-element_type=\"section\" data-e-type=\"section\">\n\t\t\t\t\t\t<div class=\"elementor-container elementor-column-gap-no\">\n\t\t\t\t\t<div class=\"elementor-column elementor-col-50 elementor-top-column elementor-element elementor-element-b25c970 elementor-invisible\" data-id=\"b25c970\" data-element_type=\"column\" data-e-type=\"column\" data-settings=\"{&quot;animation&quot;:&quot;fadeInLeft&quot;}\">\n\t\t\t<div class=\"elementor-widget-wrap elementor-element-populated\">\n\t\t\t\t\t\t<section data-particle_enable=\"false\" data-particle-mobile-disabled=\"false\" class=\"elementor-section elementor-inner-section elementor-element elementor-element-ffb190c elementor-section-boxed elementor-section-height-default elementor-section-height-default parallax_section_no qode_elementor_container_no\" data-id=\"ffb190c\" data-element_type=\"section\" data-e-type=\"section\">\n\t\t\t\t\t\t<div class=\"elementor-container elementor-column-gap-default\">\n\t\t\t\t\t<div class=\"elementor-column elementor-col-50 elementor-inner-column elementor-element elementor-element-bd178eb\" data-id=\"bd178eb\" data-element_type=\"column\" data-e-type=\"column\">\n\t\t\t<div class=\"elementor-widget-wrap elementor-element-populated\">\n\t\t\t\t\t\t<div class=\"elementor-element elementor-element-4e34b41 dce_masking-none elementor-widget elementor-widget-image\" data-id=\"4e34b41\" data-element_type=\"widget\" data-e-type=\"widget\" data-widget_type=\"image.default\">\n\t\t\t\t<div class=\"elementor-widget-container\">\n\t\t\t\t\t\t\t\t\t\t\t\t\t\t\t<img loading=\"lazy\" decoding=\"async\" width=\"500\" height=\"496\" src=\"https:\/\/saborealapalma.es\/wp-content\/uploads\/2022\/10\/punto_ruta6-1.jpg\" class=\"attachment-large size-large wp-image-4275\" alt=\"\" srcset=\"https:\/\/saborealapalma.es\/wp-content\/uploads\/2022\/10\/punto_ruta6-1.jpg 500w, https:\/\/saborealapalma.es\/wp-content\/uploads\/2022\/10\/punto_ruta6-1-300x298.jpg 300w, https:\/\/saborealapalma.es\/wp-content\/uploads\/2022\/10\/punto_ruta6-1-150x150.jpg 150w, https:\/\/saborealapalma.es\/wp-content\/uploads\/2022\/10\/punto_ruta6-1-100x100.jpg 100w\" sizes=\"(max-width: 500px) 100vw, 500px\" \/>\t\t\t\t\t\t\t\t\t\t\t\t\t\t\t<\/div>\n\t\t\t\t<\/div>\n\t\t\t\t\t<\/div>\n\t\t<\/div>\n\t\t\t\t<div class=\"elementor-column elementor-col-50 elementor-inner-column elementor-element elementor-element-1dd7a3d\" data-id=\"1dd7a3d\" data-element_type=\"column\" data-e-type=\"column\">\n\t\t\t<div class=\"elementor-widget-wrap elementor-element-populated\">\n\t\t\t\t\t\t<div class=\"elementor-element elementor-element-c64fed2 elementor-widget elementor-widget-text-editor\" data-id=\"c64fed2\" data-element_type=\"widget\" data-e-type=\"widget\" data-widget_type=\"text-editor.default\">\n\t\t\t\t<div class=\"elementor-widget-container\">\n\t\t\t\t\t\t\t\t\t<p><strong>Restaurant Casa del Volc\u00e1n<br \/><\/strong>Calle los Volcanes, 23, 38740 Los Canarios, Santa Cruz de Tenerife.<\/p><p>Du mardi au samedi, de 13h00 \u00e0 16h00 et de 18h00 \u00e0 21h30.<\/p><p>GPS : 28.5020887,-17.8991551<br \/>Tel : +34 620 02 33 79<br \/>info@lacasadelvolcan.es<br \/>Espagnol, anglais et allemand.<\/p>\t\t\t\t\t\t\t\t<\/div>\n\t\t\t\t<\/div>\n\t\t\t\t\t<\/div>\n\t\t<\/div>\n\t\t\t\t\t<\/div>\n\t\t<\/section>\n\t\t\t\t\t<\/div>\n\t\t<\/div>\n\t\t\t\t<div class=\"elementor-column elementor-col-50 elementor-top-column elementor-element elementor-element-5663feec elementor-invisible\" data-id=\"5663feec\" data-element_type=\"column\" data-e-type=\"column\" data-settings=\"{&quot;animation&quot;:&quot;fadeInRight&quot;}\">\n\t\t\t<div class=\"elementor-widget-wrap elementor-element-populated\">\n\t\t\t\t\t\t<section data-particle_enable=\"false\" data-particle-mobile-disabled=\"false\" class=\"elementor-section elementor-inner-section elementor-element elementor-element-d0bf049 elementor-section-boxed elementor-section-height-default elementor-section-height-default parallax_section_no qode_elementor_container_no\" data-id=\"d0bf049\" data-element_type=\"section\" data-e-type=\"section\">\n\t\t\t\t\t\t<div class=\"elementor-container elementor-column-gap-default\">\n\t\t\t\t\t<div class=\"elementor-column elementor-col-50 elementor-inner-column elementor-element elementor-element-2dca569\" data-id=\"2dca569\" data-element_type=\"column\" data-e-type=\"column\">\n\t\t\t<div class=\"elementor-widget-wrap elementor-element-populated\">\n\t\t\t\t\t\t<div class=\"elementor-element elementor-element-8c8480e dce_masking-none elementor-widget elementor-widget-image\" data-id=\"8c8480e\" data-element_type=\"widget\" data-e-type=\"widget\" data-widget_type=\"image.default\">\n\t\t\t\t<div class=\"elementor-widget-container\">\n\t\t\t\t\t\t\t\t\t\t\t\t\t\t\t<img loading=\"lazy\" decoding=\"async\" width=\"500\" height=\"496\" src=\"https:\/\/saborealapalma.es\/wp-content\/uploads\/2022\/10\/punto_ruta7-1.jpg\" class=\"attachment-large size-large wp-image-4277\" alt=\"\" srcset=\"https:\/\/saborealapalma.es\/wp-content\/uploads\/2022\/10\/punto_ruta7-1.jpg 500w, https:\/\/saborealapalma.es\/wp-content\/uploads\/2022\/10\/punto_ruta7-1-300x298.jpg 300w, https:\/\/saborealapalma.es\/wp-content\/uploads\/2022\/10\/punto_ruta7-1-150x150.jpg 150w, https:\/\/saborealapalma.es\/wp-content\/uploads\/2022\/10\/punto_ruta7-1-100x100.jpg 100w\" sizes=\"(max-width: 500px) 100vw, 500px\" \/>\t\t\t\t\t\t\t\t\t\t\t\t\t\t\t<\/div>\n\t\t\t\t<\/div>\n\t\t\t\t\t<\/div>\n\t\t<\/div>\n\t\t\t\t<div class=\"elementor-column elementor-col-50 elementor-inner-column elementor-element elementor-element-80b5f84\" data-id=\"80b5f84\" data-element_type=\"column\" data-e-type=\"column\">\n\t\t\t<div class=\"elementor-widget-wrap elementor-element-populated\">\n\t\t\t\t\t\t<div class=\"elementor-element elementor-element-0efdf26 elementor-widget elementor-widget-text-editor\" data-id=\"0efdf26\" data-element_type=\"widget\" data-e-type=\"widget\" data-widget_type=\"text-editor.default\">\n\t\t\t\t<div class=\"elementor-widget-container\">\n\t\t\t\t\t\t\t\t\t<p><strong>Chemin GR-131<br \/><\/strong>Calle los Volcanes, s\/n, 38740 Los Canarios, Santa Cruz de Tenerife.<\/p><p>GPS : 28.4852759,-17.854143<br \/>informacion@visitlapalma.es<\/p>\t\t\t\t\t\t\t\t<\/div>\n\t\t\t\t<\/div>\n\t\t\t\t\t<\/div>\n\t\t<\/div>\n\t\t\t\t\t<\/div>\n\t\t<\/section>\n\t\t\t\t\t<\/div>\n\t\t<\/div>\n\t\t\t\t\t<\/div>\n\t\t<\/section>\n\t\t\t\t<section data-particle_enable=\"false\" data-particle-mobile-disabled=\"false\" class=\"elementor-section elementor-top-section elementor-element elementor-element-2c22edfa elementor-section-boxed elementor-section-height-default elementor-section-height-default parallax_section_no qode_elementor_container_no\" data-id=\"2c22edfa\" data-element_type=\"section\" data-e-type=\"section\">\n\t\t\t\t\t\t<div class=\"elementor-container elementor-column-gap-no\">\n\t\t\t\t\t<div class=\"elementor-column elementor-col-50 elementor-top-column elementor-element elementor-element-53d0f818 elementor-invisible\" data-id=\"53d0f818\" data-element_type=\"column\" data-e-type=\"column\" data-settings=\"{&quot;animation&quot;:&quot;fadeInLeft&quot;}\">\n\t\t\t<div class=\"elementor-widget-wrap elementor-element-populated\">\n\t\t\t\t\t\t<section data-particle_enable=\"false\" data-particle-mobile-disabled=\"false\" class=\"elementor-section elementor-inner-section elementor-element elementor-element-7a6f766 elementor-section-boxed elementor-section-height-default elementor-section-height-default parallax_section_no qode_elementor_container_no\" data-id=\"7a6f766\" data-element_type=\"section\" data-e-type=\"section\">\n\t\t\t\t\t\t<div class=\"elementor-container elementor-column-gap-default\">\n\t\t\t\t\t<div class=\"elementor-column elementor-col-50 elementor-inner-column elementor-element elementor-element-636512b\" data-id=\"636512b\" data-element_type=\"column\" data-e-type=\"column\">\n\t\t\t<div class=\"elementor-widget-wrap elementor-element-populated\">\n\t\t\t\t\t\t<div class=\"elementor-element elementor-element-8147813 dce_masking-none elementor-widget elementor-widget-image\" data-id=\"8147813\" data-element_type=\"widget\" data-e-type=\"widget\" data-widget_type=\"image.default\">\n\t\t\t\t<div class=\"elementor-widget-container\">\n\t\t\t\t\t\t\t\t\t\t\t\t\t\t\t<img loading=\"lazy\" decoding=\"async\" width=\"500\" height=\"496\" src=\"https:\/\/saborealapalma.es\/wp-content\/uploads\/2022\/10\/punto_ruta8-1.jpg\" class=\"attachment-large size-large wp-image-4263\" alt=\"\" srcset=\"https:\/\/saborealapalma.es\/wp-content\/uploads\/2022\/10\/punto_ruta8-1.jpg 500w, https:\/\/saborealapalma.es\/wp-content\/uploads\/2022\/10\/punto_ruta8-1-300x298.jpg 300w, https:\/\/saborealapalma.es\/wp-content\/uploads\/2022\/10\/punto_ruta8-1-150x150.jpg 150w, https:\/\/saborealapalma.es\/wp-content\/uploads\/2022\/10\/punto_ruta8-1-100x100.jpg 100w\" sizes=\"(max-width: 500px) 100vw, 500px\" \/>\t\t\t\t\t\t\t\t\t\t\t\t\t\t\t<\/div>\n\t\t\t\t<\/div>\n\t\t\t\t\t<\/div>\n\t\t<\/div>\n\t\t\t\t<div class=\"elementor-column elementor-col-50 elementor-inner-column elementor-element elementor-element-f092f22\" data-id=\"f092f22\" data-element_type=\"column\" data-e-type=\"column\">\n\t\t\t<div class=\"elementor-widget-wrap elementor-element-populated\">\n\t\t\t\t\t\t<div class=\"elementor-element elementor-element-2cc3dcb elementor-widget elementor-widget-text-editor\" data-id=\"2cc3dcb\" data-element_type=\"widget\" data-e-type=\"widget\" data-widget_type=\"text-editor.default\">\n\t\t\t\t<div class=\"elementor-widget-container\">\n\t\t\t\t\t\t\t\t\t<p><strong>Restaurant Salt Garden<br \/><\/strong>Ctra. la Costa el Faro, 5, 38740, Santa Cruz de Tenerife.<\/p><p>Ferm\u00e9 le mardi et le mercredi.<br \/>Les autres jours de 11h00 \u00e0 19h00 et le samedi de 11h00 \u00e0 22h00.<br \/>Caf\u00e9t\u00e9ria : de 11h00 \u00e0 13h00 et de 13h00 \u00e0 18h00.<\/p><p>GPS : 28.45421659,-17.841909<br \/>Tel : +34 922 97 98 00<br \/>info@salinasdefuencaliente.com<br \/>Espagnol, anglais et allemand.<\/p>\t\t\t\t\t\t\t\t<\/div>\n\t\t\t\t<\/div>\n\t\t\t\t\t<\/div>\n\t\t<\/div>\n\t\t\t\t\t<\/div>\n\t\t<\/section>\n\t\t\t\t\t<\/div>\n\t\t<\/div>\n\t\t\t\t<div class=\"elementor-column elementor-col-50 elementor-top-column elementor-element elementor-element-4287b0ee elementor-invisible\" data-id=\"4287b0ee\" data-element_type=\"column\" data-e-type=\"column\" data-settings=\"{&quot;animation&quot;:&quot;fadeInRight&quot;}\">\n\t\t\t<div class=\"elementor-widget-wrap elementor-element-populated\">\n\t\t\t\t\t\t<section data-particle_enable=\"false\" data-particle-mobile-disabled=\"false\" class=\"elementor-section elementor-inner-section elementor-element elementor-element-6d6cbcc elementor-section-boxed elementor-section-height-default elementor-section-height-default parallax_section_no qode_elementor_container_no\" data-id=\"6d6cbcc\" data-element_type=\"section\" data-e-type=\"section\">\n\t\t\t\t\t\t<div class=\"elementor-container elementor-column-gap-default\">\n\t\t\t\t\t<div class=\"elementor-column elementor-col-50 elementor-inner-column elementor-element elementor-element-5c581c2\" data-id=\"5c581c2\" data-element_type=\"column\" data-e-type=\"column\">\n\t\t\t<div class=\"elementor-widget-wrap elementor-element-populated\">\n\t\t\t\t\t\t<div class=\"elementor-element elementor-element-60c480a dce_masking-none elementor-widget elementor-widget-image\" data-id=\"60c480a\" data-element_type=\"widget\" data-e-type=\"widget\" data-widget_type=\"image.default\">\n\t\t\t\t<div class=\"elementor-widget-container\">\n\t\t\t\t\t\t\t\t\t\t\t\t\t\t\t<img loading=\"lazy\" decoding=\"async\" width=\"500\" height=\"496\" src=\"https:\/\/saborealapalma.es\/wp-content\/uploads\/2022\/10\/punto_ruta9-1.jpg\" class=\"attachment-large size-large wp-image-4264\" alt=\"\" srcset=\"https:\/\/saborealapalma.es\/wp-content\/uploads\/2022\/10\/punto_ruta9-1.jpg 500w, https:\/\/saborealapalma.es\/wp-content\/uploads\/2022\/10\/punto_ruta9-1-300x298.jpg 300w, https:\/\/saborealapalma.es\/wp-content\/uploads\/2022\/10\/punto_ruta9-1-150x150.jpg 150w, https:\/\/saborealapalma.es\/wp-content\/uploads\/2022\/10\/punto_ruta9-1-100x100.jpg 100w\" sizes=\"(max-width: 500px) 100vw, 500px\" \/>\t\t\t\t\t\t\t\t\t\t\t\t\t\t\t<\/div>\n\t\t\t\t<\/div>\n\t\t\t\t\t<\/div>\n\t\t<\/div>\n\t\t\t\t<div class=\"elementor-column elementor-col-50 elementor-inner-column elementor-element elementor-element-1ff70a4\" data-id=\"1ff70a4\" data-element_type=\"column\" data-e-type=\"column\">\n\t\t\t<div class=\"elementor-widget-wrap elementor-element-populated\">\n\t\t\t\t\t\t<div class=\"elementor-element elementor-element-2f853aa elementor-widget elementor-widget-text-editor\" data-id=\"2f853aa\" data-element_type=\"widget\" data-e-type=\"widget\" data-widget_type=\"text-editor.default\">\n\t\t\t\t<div class=\"elementor-widget-container\">\n\t\t\t\t\t\t\t\t\t<p><strong>Centre d'interpr\u00e9tation de la r\u00e9serve de biosph\u00e8re marine et mus\u00e9e de la mer<br \/><\/strong>Antiguo Faro de Fuencaliente - 38740 Fuencaliente de La Palma.<\/p><p>Ouvert du mercredi au dimanche de 10:00h \u00e0 18:00h pendant les mois de juillet, ao\u00fbt et septembre, et du mardi au samedi de 09:00h \u00e0 17:00h le reste de l'ann\u00e9e.<\/p><p>GPS : 28.45524801,-17.84338178<br \/>Tel : +34 922 480 223<br \/>reservasmarinas@mapama.es<br \/>Espagnol et anglais.<\/p>\t\t\t\t\t\t\t\t<\/div>\n\t\t\t\t<\/div>\n\t\t\t\t\t<\/div>\n\t\t<\/div>\n\t\t\t\t\t<\/div>\n\t\t<\/section>\n\t\t\t\t\t<\/div>\n\t\t<\/div>\n\t\t\t\t\t<\/div>\n\t\t<\/section>\n\t\t\t\t<section data-particle_enable=\"false\" data-particle-mobile-disabled=\"false\" class=\"elementor-section elementor-top-section elementor-element elementor-element-4dc4d4d elementor-section-boxed elementor-section-height-default elementor-section-height-default parallax_section_no qode_elementor_container_no\" data-id=\"4dc4d4d\" data-element_type=\"section\" data-e-type=\"section\">\n\t\t\t\t\t\t<div class=\"elementor-container elementor-column-gap-no\">\n\t\t\t\t\t<div class=\"elementor-column elementor-col-50 elementor-top-column elementor-element elementor-element-fb588a3 elementor-invisible\" data-id=\"fb588a3\" data-element_type=\"column\" data-e-type=\"column\" data-settings=\"{&quot;animation&quot;:&quot;fadeInLeft&quot;}\">\n\t\t\t<div class=\"elementor-widget-wrap elementor-element-populated\">\n\t\t\t\t\t\t<section data-particle_enable=\"false\" data-particle-mobile-disabled=\"false\" class=\"elementor-section elementor-inner-section elementor-element elementor-element-e0a45a6 elementor-section-boxed elementor-section-height-default elementor-section-height-default parallax_section_no qode_elementor_container_no\" data-id=\"e0a45a6\" data-element_type=\"section\" data-e-type=\"section\">\n\t\t\t\t\t\t<div class=\"elementor-container elementor-column-gap-default\">\n\t\t\t\t\t<div class=\"elementor-column elementor-col-50 elementor-inner-column elementor-element elementor-element-742176d\" data-id=\"742176d\" data-element_type=\"column\" data-e-type=\"column\">\n\t\t\t<div class=\"elementor-widget-wrap elementor-element-populated\">\n\t\t\t\t\t\t<div class=\"elementor-element elementor-element-64e319e dce_masking-none elementor-widget elementor-widget-image\" data-id=\"64e319e\" data-element_type=\"widget\" data-e-type=\"widget\" data-widget_type=\"image.default\">\n\t\t\t\t<div class=\"elementor-widget-container\">\n\t\t\t\t\t\t\t\t\t\t\t\t\t\t\t<img loading=\"lazy\" decoding=\"async\" width=\"500\" height=\"496\" src=\"https:\/\/saborealapalma.es\/wp-content\/uploads\/2022\/10\/punto_ruta10.jpg\" class=\"attachment-large size-large wp-image-4265\" alt=\"\" srcset=\"https:\/\/saborealapalma.es\/wp-content\/uploads\/2022\/10\/punto_ruta10.jpg 500w, https:\/\/saborealapalma.es\/wp-content\/uploads\/2022\/10\/punto_ruta10-300x298.jpg 300w, https:\/\/saborealapalma.es\/wp-content\/uploads\/2022\/10\/punto_ruta10-150x150.jpg 150w, https:\/\/saborealapalma.es\/wp-content\/uploads\/2022\/10\/punto_ruta10-100x100.jpg 100w\" sizes=\"(max-width: 500px) 100vw, 500px\" \/>\t\t\t\t\t\t\t\t\t\t\t\t\t\t\t<\/div>\n\t\t\t\t<\/div>\n\t\t\t\t\t<\/div>\n\t\t<\/div>\n\t\t\t\t<div class=\"elementor-column elementor-col-50 elementor-inner-column elementor-element elementor-element-355bb64\" data-id=\"355bb64\" data-element_type=\"column\" data-e-type=\"column\">\n\t\t\t<div class=\"elementor-widget-wrap elementor-element-populated\">\n\t\t\t\t\t\t<div class=\"elementor-element elementor-element-d4d9810 elementor-widget elementor-widget-text-editor\" data-id=\"d4d9810\" data-element_type=\"widget\" data-e-type=\"widget\" data-widget_type=\"text-editor.default\">\n\t\t\t\t<div class=\"elementor-widget-container\">\n\t\t\t\t\t\t\t\t\t<p><strong>Fuentesanta et Playa Nueva - Echentive<br \/><\/strong>Antiguo Faro de Fuencaliente - 38740 Fuencaliente de La Palma.<\/p><p>GPS : 28.4589246,-17.8504818<\/p>\t\t\t\t\t\t\t\t<\/div>\n\t\t\t\t<\/div>\n\t\t\t\t\t<\/div>\n\t\t<\/div>\n\t\t\t\t\t<\/div>\n\t\t<\/section>\n\t\t\t\t\t<\/div>\n\t\t<\/div>\n\t\t\t\t<div class=\"elementor-column elementor-col-50 elementor-top-column elementor-element elementor-element-880dcaa elementor-invisible\" data-id=\"880dcaa\" data-element_type=\"column\" data-e-type=\"column\" data-settings=\"{&quot;animation&quot;:&quot;fadeInRight&quot;}\">\n\t\t\t<div class=\"elementor-widget-wrap elementor-element-populated\">\n\t\t\t\t\t\t<section data-particle_enable=\"false\" data-particle-mobile-disabled=\"false\" class=\"elementor-section elementor-inner-section elementor-element elementor-element-b9d4a68 elementor-section-boxed elementor-section-height-default elementor-section-height-default parallax_section_no qode_elementor_container_no\" data-id=\"b9d4a68\" data-element_type=\"section\" data-e-type=\"section\">\n\t\t\t\t\t\t<div class=\"elementor-container elementor-column-gap-default\">\n\t\t\t\t\t<div class=\"elementor-column elementor-col-50 elementor-inner-column elementor-element elementor-element-a550486\" data-id=\"a550486\" data-element_type=\"column\" data-e-type=\"column\">\n\t\t\t<div class=\"elementor-widget-wrap elementor-element-populated\">\n\t\t\t\t\t\t<div class=\"elementor-element elementor-element-3ad2744 dce_masking-none elementor-widget elementor-widget-image\" data-id=\"3ad2744\" data-element_type=\"widget\" data-e-type=\"widget\" data-widget_type=\"image.default\">\n\t\t\t\t<div class=\"elementor-widget-container\">\n\t\t\t\t\t\t\t\t\t\t\t\t\t\t\t<img loading=\"lazy\" decoding=\"async\" width=\"500\" height=\"496\" src=\"https:\/\/saborealapalma.es\/wp-content\/uploads\/2022\/10\/punto_ruta11.jpg\" class=\"attachment-large size-large wp-image-4266\" alt=\"\" srcset=\"https:\/\/saborealapalma.es\/wp-content\/uploads\/2022\/10\/punto_ruta11.jpg 500w, https:\/\/saborealapalma.es\/wp-content\/uploads\/2022\/10\/punto_ruta11-300x298.jpg 300w, https:\/\/saborealapalma.es\/wp-content\/uploads\/2022\/10\/punto_ruta11-150x150.jpg 150w, https:\/\/saborealapalma.es\/wp-content\/uploads\/2022\/10\/punto_ruta11-100x100.jpg 100w\" sizes=\"(max-width: 500px) 100vw, 500px\" \/>\t\t\t\t\t\t\t\t\t\t\t\t\t\t\t<\/div>\n\t\t\t\t<\/div>\n\t\t\t\t\t<\/div>\n\t\t<\/div>\n\t\t\t\t<div class=\"elementor-column elementor-col-50 elementor-inner-column elementor-element elementor-element-d33a389\" data-id=\"d33a389\" data-element_type=\"column\" data-e-type=\"column\">\n\t\t\t<div class=\"elementor-widget-wrap elementor-element-populated\">\n\t\t\t\t\t\t<div class=\"elementor-element elementor-element-124de5f elementor-widget elementor-widget-text-editor\" data-id=\"124de5f\" data-element_type=\"widget\" data-e-type=\"widget\" data-widget_type=\"text-editor.default\">\n\t\t\t\t<div class=\"elementor-widget-container\">\n\t\t\t\t\t\t\t\t\t<p><strong>Kiosque La Zamora<br \/><\/strong>Ctra. la Costa la Zamora, 2, 38740, Santa Cruz de Tenerife.<\/p><p>Du mercredi au dimanche de 12h00 \u00e0 21h00.<\/p><p>GPS : 28.51438618,-17.8752431<br \/>Tel : +34 676 86 72 64<br \/>Espagnol.<\/p>\t\t\t\t\t\t\t\t<\/div>\n\t\t\t\t<\/div>\n\t\t\t\t\t<\/div>\n\t\t<\/div>\n\t\t\t\t\t<\/div>\n\t\t<\/section>\n\t\t\t\t\t<\/div>\n\t\t<\/div>\n\t\t\t\t\t<\/div>\n\t\t<\/section>\n\t\t\t\t<section data-particle_enable=\"false\" data-particle-mobile-disabled=\"false\" class=\"elementor-section elementor-top-section elementor-element elementor-element-edf78d7 elementor-section-boxed elementor-section-height-default elementor-section-height-default parallax_section_no qode_elementor_container_no\" data-id=\"edf78d7\" data-element_type=\"section\" data-e-type=\"section\">\n\t\t\t\t\t\t<div class=\"elementor-container elementor-column-gap-no\">\n\t\t\t\t\t<div class=\"elementor-column elementor-col-50 elementor-top-column elementor-element elementor-element-8b20212 elementor-invisible\" data-id=\"8b20212\" data-element_type=\"column\" data-e-type=\"column\" data-settings=\"{&quot;animation&quot;:&quot;fadeInLeft&quot;}\">\n\t\t\t<div class=\"elementor-widget-wrap elementor-element-populated\">\n\t\t\t\t\t\t<section data-particle_enable=\"false\" data-particle-mobile-disabled=\"false\" class=\"elementor-section elementor-inner-section elementor-element elementor-element-9f1ecf3 elementor-section-boxed elementor-section-height-default elementor-section-height-default parallax_section_no qode_elementor_container_no\" data-id=\"9f1ecf3\" data-element_type=\"section\" data-e-type=\"section\">\n\t\t\t\t\t\t<div class=\"elementor-container elementor-column-gap-default\">\n\t\t\t\t\t<div class=\"elementor-column elementor-col-50 elementor-inner-column elementor-element elementor-element-cc97228\" data-id=\"cc97228\" data-element_type=\"column\" data-e-type=\"column\">\n\t\t\t<div class=\"elementor-widget-wrap elementor-element-populated\">\n\t\t\t\t\t\t<div class=\"elementor-element elementor-element-efda337 dce_masking-none elementor-widget elementor-widget-image\" data-id=\"efda337\" data-element_type=\"widget\" data-e-type=\"widget\" data-widget_type=\"image.default\">\n\t\t\t\t<div class=\"elementor-widget-container\">\n\t\t\t\t\t\t\t\t\t\t\t\t\t\t\t<img loading=\"lazy\" decoding=\"async\" width=\"500\" height=\"496\" src=\"https:\/\/saborealapalma.es\/wp-content\/uploads\/2022\/11\/punto_ruta12.jpg\" class=\"attachment-large size-large wp-image-4396\" alt=\"\" srcset=\"https:\/\/saborealapalma.es\/wp-content\/uploads\/2022\/11\/punto_ruta12.jpg 500w, https:\/\/saborealapalma.es\/wp-content\/uploads\/2022\/11\/punto_ruta12-300x298.jpg 300w, https:\/\/saborealapalma.es\/wp-content\/uploads\/2022\/11\/punto_ruta12-150x150.jpg 150w, https:\/\/saborealapalma.es\/wp-content\/uploads\/2022\/11\/punto_ruta12-100x100.jpg 100w\" sizes=\"(max-width: 500px) 100vw, 500px\" \/>\t\t\t\t\t\t\t\t\t\t\t\t\t\t\t<\/div>\n\t\t\t\t<\/div>\n\t\t\t\t\t<\/div>\n\t\t<\/div>\n\t\t\t\t<div class=\"elementor-column elementor-col-50 elementor-inner-column elementor-element elementor-element-3f60a03\" data-id=\"3f60a03\" data-element_type=\"column\" data-e-type=\"column\">\n\t\t\t<div class=\"elementor-widget-wrap elementor-element-populated\">\n\t\t\t\t\t\t<div class=\"elementor-element elementor-element-a746fce elementor-widget elementor-widget-text-editor\" data-id=\"a746fce\" data-element_type=\"widget\" data-e-type=\"widget\" data-widget_type=\"text-editor.default\">\n\t\t\t\t<div class=\"elementor-widget-container\">\n\t\t\t\t\t\t\t\t\t<p><strong>Ad Astra G-D\u00eener astronomique<br \/><\/strong>Ctra. la Costa el Faro, 5, 38740, Santa Cruz de Tenerife.<\/p><p>GPS : 28.45421659,-17.841909<br \/>Tel : +34 696 18 66 33<br \/>info@adastralapalma.com<br \/>Espagnol, anglais et italien.<\/p>\t\t\t\t\t\t\t\t<\/div>\n\t\t\t\t<\/div>\n\t\t\t\t\t<\/div>\n\t\t<\/div>\n\t\t\t\t\t<\/div>\n\t\t<\/section>\n\t\t\t\t\t<\/div>\n\t\t<\/div>\n\t\t\t\t<div class=\"elementor-column elementor-col-50 elementor-top-column elementor-element elementor-element-af02e5c elementor-invisible\" data-id=\"af02e5c\" data-element_type=\"column\" data-e-type=\"column\" data-settings=\"{&quot;animation&quot;:&quot;fadeInRight&quot;}\">\n\t\t\t<div class=\"elementor-widget-wrap elementor-element-populated\">\n\t\t\t\t\t\t<section data-particle_enable=\"false\" data-particle-mobile-disabled=\"false\" class=\"elementor-section elementor-inner-section elementor-element elementor-element-20e0a7b elementor-section-boxed elementor-section-height-default elementor-section-height-default parallax_section_no qode_elementor_container_no\" data-id=\"20e0a7b\" data-element_type=\"section\" data-e-type=\"section\">\n\t\t\t\t\t\t<div class=\"elementor-container elementor-column-gap-default\">\n\t\t\t\t\t<div class=\"elementor-column elementor-col-50 elementor-inner-column elementor-element elementor-element-6752663\" data-id=\"6752663\" data-element_type=\"column\" data-e-type=\"column\">\n\t\t\t<div class=\"elementor-widget-wrap elementor-element-populated\">\n\t\t\t\t\t\t<div class=\"elementor-element elementor-element-9dade7b dce_masking-none elementor-widget elementor-widget-image\" data-id=\"9dade7b\" data-element_type=\"widget\" data-e-type=\"widget\" data-widget_type=\"image.default\">\n\t\t\t\t<div class=\"elementor-widget-container\">\n\t\t\t\t\t\t\t\t\t\t\t\t\t\t\t<img loading=\"lazy\" decoding=\"async\" width=\"500\" height=\"496\" src=\"https:\/\/saborealapalma.es\/wp-content\/uploads\/2022\/11\/punto_ruta13.jpg\" class=\"attachment-large size-large wp-image-4397\" alt=\"\" srcset=\"https:\/\/saborealapalma.es\/wp-content\/uploads\/2022\/11\/punto_ruta13.jpg 500w, https:\/\/saborealapalma.es\/wp-content\/uploads\/2022\/11\/punto_ruta13-300x298.jpg 300w, https:\/\/saborealapalma.es\/wp-content\/uploads\/2022\/11\/punto_ruta13-150x150.jpg 150w, https:\/\/saborealapalma.es\/wp-content\/uploads\/2022\/11\/punto_ruta13-100x100.jpg 100w\" sizes=\"(max-width: 500px) 100vw, 500px\" \/>\t\t\t\t\t\t\t\t\t\t\t\t\t\t\t<\/div>\n\t\t\t\t<\/div>\n\t\t\t\t\t<\/div>\n\t\t<\/div>\n\t\t\t\t<div class=\"elementor-column elementor-col-50 elementor-inner-column elementor-element elementor-element-57d69f5\" data-id=\"57d69f5\" data-element_type=\"column\" data-e-type=\"column\">\n\t\t\t<div class=\"elementor-widget-wrap elementor-element-populated\">\n\t\t\t\t\t\t<div class=\"elementor-element elementor-element-264919d elementor-widget elementor-widget-text-editor\" data-id=\"264919d\" data-element_type=\"widget\" data-e-type=\"widget\" data-widget_type=\"text-editor.default\">\n\t\t\t\t<div class=\"elementor-widget-container\">\n\t\t\t\t\t\t\t\t\t<p><strong>Ad Astra Wine and Moon <br \/><\/strong>Ctra. la Costa el Faro, 5, 38740, Santa Cruz de Tenerife.<\/p><p>GPS : 28.45421659,-17.841909<br \/>Tel : +34 696 18 66 33<br \/>info@adastralapalma.com<br \/>Espagnol, anglais et italien.<\/p>\t\t\t\t\t\t\t\t<\/div>\n\t\t\t\t<\/div>\n\t\t\t\t\t<\/div>\n\t\t<\/div>\n\t\t\t\t\t<\/div>\n\t\t<\/section>\n\t\t\t\t\t<\/div>\n\t\t<\/div>\n\t\t\t\t\t<\/div>\n\t\t<\/section>\n\t\t\t\t<section data-particle_enable=\"false\" data-particle-mobile-disabled=\"false\" class=\"elementor-section elementor-top-section elementor-element elementor-element-9f3b5e2 elementor-section-boxed elementor-section-height-default elementor-section-height-default parallax_section_no qode_elementor_container_no\" data-id=\"9f3b5e2\" data-element_type=\"section\" data-e-type=\"section\">\n\t\t\t\t\t\t<div class=\"elementor-container elementor-column-gap-no\">\n\t\t\t\t\t<div class=\"elementor-column elementor-col-100 elementor-top-column elementor-element elementor-element-41eaaeec\" data-id=\"41eaaeec\" data-element_type=\"column\" data-e-type=\"column\">\n\t\t\t<div class=\"elementor-widget-wrap elementor-element-populated\">\n\t\t\t\t\t\t<div class=\"elementor-element elementor-element-37a82c51 dce_masking-none elementor-invisible elementor-widget elementor-widget-image\" data-id=\"37a82c51\" data-element_type=\"widget\" data-e-type=\"widget\" data-settings=\"{&quot;_animation&quot;:&quot;fadeIn&quot;}\" data-widget_type=\"image.default\">\n\t\t\t\t<div class=\"elementor-widget-container\">\n\t\t\t\t\t\t\t\t\t\t\t\t\t\t\t<img loading=\"lazy\" decoding=\"async\" width=\"2048\" height=\"1256\" src=\"https:\/\/saborealapalma.es\/wp-content\/uploads\/2022\/10\/contraportada_ruta_maresia-2048x1256.jpg\" class=\"attachment-2048x2048 size-2048x2048 wp-image-4268\" alt=\"\" srcset=\"https:\/\/saborealapalma.es\/wp-content\/uploads\/2022\/10\/contraportada_ruta_maresia-2048x1256.jpg 2048w, https:\/\/saborealapalma.es\/wp-content\/uploads\/2022\/10\/contraportada_ruta_maresia-300x184.jpg 300w, https:\/\/saborealapalma.es\/wp-content\/uploads\/2022\/10\/contraportada_ruta_maresia-1024x628.jpg 1024w, https:\/\/saborealapalma.es\/wp-content\/uploads\/2022\/10\/contraportada_ruta_maresia-768x471.jpg 768w, https:\/\/saborealapalma.es\/wp-content\/uploads\/2022\/10\/contraportada_ruta_maresia-1536x942.jpg 1536w, https:\/\/saborealapalma.es\/wp-content\/uploads\/2022\/10\/contraportada_ruta_maresia-700x429.jpg 700w, https:\/\/saborealapalma.es\/wp-content\/uploads\/2022\/10\/contraportada_ruta_maresia-600x368.jpg 600w\" sizes=\"(max-width: 2048px) 100vw, 2048px\" \/>\t\t\t\t\t\t\t\t\t\t\t\t\t\t\t<\/div>\n\t\t\t\t<\/div>\n\t\t\t\t\t<\/div>\n\t\t<\/div>\n\t\t\t\t\t<\/div>\n\t\t<\/section>\n\t\t\t\t<\/div>","protected":false},"excerpt":{"rendered":"<p>Sur l'\u00eele de La Palma, comme dans le reste de l'archipel ou partout ailleurs dans le monde, la civilisation a tent\u00e9 d'extraire le maximum de ressources de l'environnement dans lequel elle se trouvait. Parfois \u00e0 la recherche de richesses, parfois motiv\u00e9e par le d\u00e9sir d'expansion, bien que...<\/p>","protected":false},"author":4,"featured_media":0,"parent":4142,"menu_order":0,"comment_status":"closed","ping_status":"closed","template":"","meta":{"footnotes":""},"class_list":["post-4253","page","type-page","status-publish","hentry"],"yoast_head":"<!-- This site is optimized with the Yoast SEO plugin v27.5 - https:\/\/yoast.com\/product\/yoast-seo-wordpress\/ -->\n<title>Ruta &quot;Sabor de mares\u00eda y volc\u00e1n&quot; - Saborea La Palma<\/title>\n<meta name=\"robots\" content=\"index, follow, max-snippet:-1, max-image-preview:large, max-video-preview:-1\" \/>\n<link rel=\"canonical\" href=\"https:\/\/saborealapalma.es\/fr\/rutas-gastronomicas\/ruta-sabor-de-maresia-y-volcan\/\" \/>\n<meta property=\"og:locale\" content=\"fr_FR\" \/>\n<meta property=\"og:type\" content=\"article\" \/>\n<meta property=\"og:title\" content=\"Ruta &quot;Sabor de mares\u00eda y volc\u00e1n&quot; - Saborea La Palma\" \/>\n<meta property=\"og:description\" content=\"En la isla de La Palma, as\u00ed como en el resto del Archipi\u00e9lago, o cualquier parte del mundo, la civilizaci\u00f3n ha tratado de extraer los recursos posibles del medio en el que se encuentran. A veces, esto ocurre por la b\u00fasqueda de riquezas; otras, motivado por deseos de expansi\u00f3n; aunque...\" \/>\n<meta property=\"og:url\" content=\"https:\/\/saborealapalma.es\/fr\/rutas-gastronomicas\/ruta-sabor-de-maresia-y-volcan\/\" \/>\n<meta property=\"og:site_name\" content=\"Saborea La Palma\" \/>\n<meta property=\"article:modified_time\" content=\"2022-11-20T21:56:37+00:00\" \/>\n<meta property=\"og:image\" content=\"https:\/\/saborealapalma.es\/wp-content\/uploads\/2022\/10\/portada_ruta_maresia.jpg\" \/>\n<meta name=\"twitter:card\" content=\"summary_large_image\" \/>\n<meta name=\"twitter:label1\" content=\"Dur\u00e9e de lecture estim\u00e9e\" \/>\n\t<meta name=\"twitter:data1\" content=\"7 minutes\" \/>\n<script type=\"application\/ld+json\" class=\"yoast-schema-graph\">{\"@context\":\"https:\\\/\\\/schema.org\",\"@graph\":[{\"@type\":\"WebPage\",\"@id\":\"https:\\\/\\\/saborealapalma.es\\\/rutas-gastronomicas\\\/ruta-sabor-de-maresia-y-volcan\\\/\",\"url\":\"https:\\\/\\\/saborealapalma.es\\\/rutas-gastronomicas\\\/ruta-sabor-de-maresia-y-volcan\\\/\",\"name\":\"Ruta \\\"Sabor de mares\u00eda y volc\u00e1n\\\" - Saborea La Palma\",\"isPartOf\":{\"@id\":\"https:\\\/\\\/saborealapalma.es\\\/#website\"},\"primaryImageOfPage\":{\"@id\":\"https:\\\/\\\/saborealapalma.es\\\/rutas-gastronomicas\\\/ruta-sabor-de-maresia-y-volcan\\\/#primaryimage\"},\"image\":{\"@id\":\"https:\\\/\\\/saborealapalma.es\\\/rutas-gastronomicas\\\/ruta-sabor-de-maresia-y-volcan\\\/#primaryimage\"},\"thumbnailUrl\":\"https:\\\/\\\/saborealapalma.es\\\/wp-content\\\/uploads\\\/2022\\\/10\\\/portada_ruta_maresia.jpg\",\"datePublished\":\"2022-10-13T19:01:22+00:00\",\"dateModified\":\"2022-11-20T21:56:37+00:00\",\"breadcrumb\":{\"@id\":\"https:\\\/\\\/saborealapalma.es\\\/rutas-gastronomicas\\\/ruta-sabor-de-maresia-y-volcan\\\/#breadcrumb\"},\"inLanguage\":\"fr-FR\",\"potentialAction\":[{\"@type\":\"ReadAction\",\"target\":[\"https:\\\/\\\/saborealapalma.es\\\/rutas-gastronomicas\\\/ruta-sabor-de-maresia-y-volcan\\\/\"]}]},{\"@type\":\"ImageObject\",\"inLanguage\":\"fr-FR\",\"@id\":\"https:\\\/\\\/saborealapalma.es\\\/rutas-gastronomicas\\\/ruta-sabor-de-maresia-y-volcan\\\/#primaryimage\",\"url\":\"https:\\\/\\\/saborealapalma.es\\\/wp-content\\\/uploads\\\/2022\\\/10\\\/portada_ruta_maresia.jpg\",\"contentUrl\":\"https:\\\/\\\/saborealapalma.es\\\/wp-content\\\/uploads\\\/2022\\\/10\\\/portada_ruta_maresia.jpg\"},{\"@type\":\"BreadcrumbList\",\"@id\":\"https:\\\/\\\/saborealapalma.es\\\/rutas-gastronomicas\\\/ruta-sabor-de-maresia-y-volcan\\\/#breadcrumb\",\"itemListElement\":[{\"@type\":\"ListItem\",\"position\":1,\"name\":\"Portada\",\"item\":\"https:\\\/\\\/saborealapalma.es\\\/\"},{\"@type\":\"ListItem\",\"position\":2,\"name\":\"Rutas Gastron\u00f3micas\",\"item\":\"https:\\\/\\\/saborealapalma.es\\\/rutas-gastronomicas\\\/\"},{\"@type\":\"ListItem\",\"position\":3,\"name\":\"Ruta \u00abSabor de mares\u00eda y volc\u00e1n\u00bb\"}]},{\"@type\":\"WebSite\",\"@id\":\"https:\\\/\\\/saborealapalma.es\\\/#website\",\"url\":\"https:\\\/\\\/saborealapalma.es\\\/\",\"name\":\"Saborea La Palma\",\"description\":\"Saborea La Palma es el proyecto que lidera la Sociedad de Promoci\u00f3n Econ\u00f3mica de La Palma (SODEPAL S.A.U.M.P), empresa p\u00fablica dependiente de Cabildo Insular de La Palma, para la revalorizaci\u00f3n y el posicionamiento de la gastronom\u00eda palmera en los mercados regionales, nacionales e internacionales.\",\"potentialAction\":[{\"@type\":\"SearchAction\",\"target\":{\"@type\":\"EntryPoint\",\"urlTemplate\":\"https:\\\/\\\/saborealapalma.es\\\/?s={search_term_string}\"},\"query-input\":{\"@type\":\"PropertyValueSpecification\",\"valueRequired\":true,\"valueName\":\"search_term_string\"}}],\"inLanguage\":\"fr-FR\"}]}<\/script>\n<!-- \/ Yoast SEO plugin. -->","yoast_head_json":{"title":"Ruta \"Sabor de mares\u00eda y volc\u00e1n\" - Saborea La Palma","robots":{"index":"index","follow":"follow","max-snippet":"max-snippet:-1","max-image-preview":"max-image-preview:large","max-video-preview":"max-video-preview:-1"},"canonical":"https:\/\/saborealapalma.es\/fr\/rutas-gastronomicas\/ruta-sabor-de-maresia-y-volcan\/","og_locale":"fr_FR","og_type":"article","og_title":"Ruta \"Sabor de mares\u00eda y volc\u00e1n\" - Saborea La Palma","og_description":"En la isla de La Palma, as\u00ed como en el resto del Archipi\u00e9lago, o cualquier parte del mundo, la civilizaci\u00f3n ha tratado de extraer los recursos posibles del medio en el que se encuentran. A veces, esto ocurre por la b\u00fasqueda de riquezas; otras, motivado por deseos de expansi\u00f3n; aunque...","og_url":"https:\/\/saborealapalma.es\/fr\/rutas-gastronomicas\/ruta-sabor-de-maresia-y-volcan\/","og_site_name":"Saborea La Palma","article_modified_time":"2022-11-20T21:56:37+00:00","og_image":[{"url":"https:\/\/saborealapalma.es\/wp-content\/uploads\/2022\/10\/portada_ruta_maresia.jpg","type":"","width":"","height":""}],"twitter_card":"summary_large_image","twitter_misc":{"Dur\u00e9e de lecture estim\u00e9e":"7 minutes"},"schema":{"@context":"https:\/\/schema.org","@graph":[{"@type":"WebPage","@id":"https:\/\/saborealapalma.es\/rutas-gastronomicas\/ruta-sabor-de-maresia-y-volcan\/","url":"https:\/\/saborealapalma.es\/rutas-gastronomicas\/ruta-sabor-de-maresia-y-volcan\/","name":"Ruta \"Sabor de mares\u00eda y volc\u00e1n\" - Saborea La Palma","isPartOf":{"@id":"https:\/\/saborealapalma.es\/#website"},"primaryImageOfPage":{"@id":"https:\/\/saborealapalma.es\/rutas-gastronomicas\/ruta-sabor-de-maresia-y-volcan\/#primaryimage"},"image":{"@id":"https:\/\/saborealapalma.es\/rutas-gastronomicas\/ruta-sabor-de-maresia-y-volcan\/#primaryimage"},"thumbnailUrl":"https:\/\/saborealapalma.es\/wp-content\/uploads\/2022\/10\/portada_ruta_maresia.jpg","datePublished":"2022-10-13T19:01:22+00:00","dateModified":"2022-11-20T21:56:37+00:00","breadcrumb":{"@id":"https:\/\/saborealapalma.es\/rutas-gastronomicas\/ruta-sabor-de-maresia-y-volcan\/#breadcrumb"},"inLanguage":"fr-FR","potentialAction":[{"@type":"ReadAction","target":["https:\/\/saborealapalma.es\/rutas-gastronomicas\/ruta-sabor-de-maresia-y-volcan\/"]}]},{"@type":"ImageObject","inLanguage":"fr-FR","@id":"https:\/\/saborealapalma.es\/rutas-gastronomicas\/ruta-sabor-de-maresia-y-volcan\/#primaryimage","url":"https:\/\/saborealapalma.es\/wp-content\/uploads\/2022\/10\/portada_ruta_maresia.jpg","contentUrl":"https:\/\/saborealapalma.es\/wp-content\/uploads\/2022\/10\/portada_ruta_maresia.jpg"},{"@type":"BreadcrumbList","@id":"https:\/\/saborealapalma.es\/rutas-gastronomicas\/ruta-sabor-de-maresia-y-volcan\/#breadcrumb","itemListElement":[{"@type":"ListItem","position":1,"name":"Portada","item":"https:\/\/saborealapalma.es\/"},{"@type":"ListItem","position":2,"name":"Rutas Gastron\u00f3micas","item":"https:\/\/saborealapalma.es\/rutas-gastronomicas\/"},{"@type":"ListItem","position":3,"name":"Ruta \u00abSabor de mares\u00eda y volc\u00e1n\u00bb"}]},{"@type":"WebSite","@id":"https:\/\/saborealapalma.es\/#website","url":"https:\/\/saborealapalma.es\/","name":"Go\u00fbter \u00e0 La Palma","description":"Saborea La Palma est le projet men\u00e9 par la Sociedad de Promoci\u00f3n Econ\u00f3mica de La Palma (SODEPAL S.A.U.M.P), une entreprise publique d\u00e9pendant du Cabildo Insular de La Palma, pour la revalorisation et le positionnement de la gastronomie de La Palma sur les march\u00e9s r\u00e9gionaux, nationaux et internationaux.","potentialAction":[{"@type":"SearchAction","target":{"@type":"EntryPoint","urlTemplate":"https:\/\/saborealapalma.es\/?s={search_term_string}"},"query-input":{"@type":"PropertyValueSpecification","valueRequired":true,"valueName":"search_term_string"}}],"inLanguage":"fr-FR"}]}},"_links":{"self":[{"href":"https:\/\/saborealapalma.es\/fr\/wp-json\/wp\/v2\/pages\/4253","targetHints":{"allow":["GET"]}}],"collection":[{"href":"https:\/\/saborealapalma.es\/fr\/wp-json\/wp\/v2\/pages"}],"about":[{"href":"https:\/\/saborealapalma.es\/fr\/wp-json\/wp\/v2\/types\/page"}],"author":[{"embeddable":true,"href":"https:\/\/saborealapalma.es\/fr\/wp-json\/wp\/v2\/users\/4"}],"replies":[{"embeddable":true,"href":"https:\/\/saborealapalma.es\/fr\/wp-json\/wp\/v2\/comments?post=4253"}],"version-history":[{"count":0,"href":"https:\/\/saborealapalma.es\/fr\/wp-json\/wp\/v2\/pages\/4253\/revisions"}],"up":[{"embeddable":true,"href":"https:\/\/saborealapalma.es\/fr\/wp-json\/wp\/v2\/pages\/4142"}],"wp:attachment":[{"href":"https:\/\/saborealapalma.es\/fr\/wp-json\/wp\/v2\/media?parent=4253"}],"curies":[{"name":"wp","href":"https:\/\/api.w.org\/{rel}","templated":true}]}}