{"id":4191,"date":"2022-10-11T15:31:44","date_gmt":"2022-10-11T14:31:44","guid":{"rendered":"http:\/\/saborealapalma.es\/?page_id=4191"},"modified":"2022-11-15T22:30:51","modified_gmt":"2022-11-15T22:30:51","slug":"ruta-sobremesa-y-recuerdos","status":"publish","type":"page","link":"https:\/\/saborealapalma.es\/it\/rutas-gastronomicas\/ruta-sobremesa-y-recuerdos\/","title":{"rendered":"Percorso \"Dopo cena e souvenir"},"content":{"rendered":"<div data-elementor-type=\"wp-page\" data-elementor-id=\"4191\" class=\"elementor elementor-4191\" data-elementor-post-type=\"page\">\n\t\t\t\t\t\t<section data-particle_enable=\"false\" data-particle-mobile-disabled=\"false\" class=\"elementor-section elementor-top-section elementor-element elementor-element-62a11be7 elementor-section-boxed elementor-section-height-default elementor-section-height-default parallax_section_no qode_elementor_container_no\" data-id=\"62a11be7\" data-element_type=\"section\" data-e-type=\"section\">\n\t\t\t\t\t\t<div class=\"elementor-container elementor-column-gap-default\">\n\t\t\t\t\t<div class=\"elementor-column elementor-col-100 elementor-top-column elementor-element elementor-element-6f2170ad\" data-id=\"6f2170ad\" data-element_type=\"column\" data-e-type=\"column\">\n\t\t\t<div class=\"elementor-widget-wrap elementor-element-populated\">\n\t\t\t\t\t\t<div class=\"elementor-element elementor-element-64370972 dce_masking-none elementor-invisible elementor-widget elementor-widget-image\" data-id=\"64370972\" data-element_type=\"widget\" data-e-type=\"widget\" data-settings=\"{&quot;_animation&quot;:&quot;fadeIn&quot;}\" data-widget_type=\"image.default\">\n\t\t\t\t<div class=\"elementor-widget-container\">\n\t\t\t\t\t\t\t\t\t\t\t\t\t\t\t<img fetchpriority=\"high\" decoding=\"async\" width=\"1200\" height=\"848\" src=\"https:\/\/saborealapalma.es\/wp-content\/uploads\/2022\/10\/portada_ruta3.jpg\" class=\"attachment-2048x2048 size-2048x2048 wp-image-4101\" alt=\"\" srcset=\"https:\/\/saborealapalma.es\/wp-content\/uploads\/2022\/10\/portada_ruta3.jpg 1200w, https:\/\/saborealapalma.es\/wp-content\/uploads\/2022\/10\/portada_ruta3-300x212.jpg 300w, https:\/\/saborealapalma.es\/wp-content\/uploads\/2022\/10\/portada_ruta3-1024x724.jpg 1024w, https:\/\/saborealapalma.es\/wp-content\/uploads\/2022\/10\/portada_ruta3-768x543.jpg 768w, https:\/\/saborealapalma.es\/wp-content\/uploads\/2022\/10\/portada_ruta3-700x495.jpg 700w, https:\/\/saborealapalma.es\/wp-content\/uploads\/2022\/10\/portada_ruta3-600x424.jpg 600w\" sizes=\"(max-width: 1200px) 100vw, 1200px\" \/>\t\t\t\t\t\t\t\t\t\t\t\t\t\t\t<\/div>\n\t\t\t\t<\/div>\n\t\t\t\t<section data-particle_enable=\"false\" data-particle-mobile-disabled=\"false\" class=\"elementor-section elementor-inner-section elementor-element elementor-element-7ce50a36 elementor-section-boxed elementor-section-height-default elementor-section-height-default parallax_section_no qode_elementor_container_no\" data-id=\"7ce50a36\" data-element_type=\"section\" data-e-type=\"section\">\n\t\t\t\t\t\t<div class=\"elementor-container elementor-column-gap-default\">\n\t\t\t\t\t<div class=\"elementor-column elementor-col-50 elementor-inner-column elementor-element elementor-element-2e03ca9d elementor-invisible\" data-id=\"2e03ca9d\" data-element_type=\"column\" data-e-type=\"column\" data-settings=\"{&quot;animation&quot;:&quot;fadeInLeft&quot;}\">\n\t\t\t<div class=\"elementor-widget-wrap elementor-element-populated\">\n\t\t\t\t\t\t<div class=\"elementor-element elementor-element-73c1d273 dce_masking-none elementor-invisible elementor-widget elementor-widget-image\" data-id=\"73c1d273\" data-element_type=\"widget\" data-e-type=\"widget\" data-settings=\"{&quot;_animation&quot;:&quot;fadeIn&quot;}\" data-widget_type=\"image.default\">\n\t\t\t\t<div class=\"elementor-widget-container\">\n\t\t\t\t\t\t\t\t\t\t\t\t\t\t\t<img decoding=\"async\" width=\"946\" height=\"1024\" src=\"https:\/\/saborealapalma.es\/wp-content\/uploads\/2022\/10\/mapa_ruta3-946x1024.jpg\" class=\"attachment-large size-large wp-image-4100\" alt=\"\" srcset=\"https:\/\/saborealapalma.es\/wp-content\/uploads\/2022\/10\/mapa_ruta3-946x1024.jpg 946w, https:\/\/saborealapalma.es\/wp-content\/uploads\/2022\/10\/mapa_ruta3-277x300.jpg 277w, https:\/\/saborealapalma.es\/wp-content\/uploads\/2022\/10\/mapa_ruta3-768x831.jpg 768w, https:\/\/saborealapalma.es\/wp-content\/uploads\/2022\/10\/mapa_ruta3-1420x1536.jpg 1420w, https:\/\/saborealapalma.es\/wp-content\/uploads\/2022\/10\/mapa_ruta3-1893x2048.jpg 1893w, https:\/\/saborealapalma.es\/wp-content\/uploads\/2022\/10\/mapa_ruta3-700x757.jpg 700w, https:\/\/saborealapalma.es\/wp-content\/uploads\/2022\/10\/mapa_ruta3-600x649.jpg 600w\" sizes=\"(max-width: 946px) 100vw, 946px\" \/>\t\t\t\t\t\t\t\t\t\t\t\t\t\t\t<\/div>\n\t\t\t\t<\/div>\n\t\t\t\t\t<\/div>\n\t\t<\/div>\n\t\t\t\t<div class=\"elementor-column elementor-col-50 elementor-inner-column elementor-element elementor-element-77e9b4f8 elementor-invisible\" data-id=\"77e9b4f8\" data-element_type=\"column\" data-e-type=\"column\" data-settings=\"{&quot;animation&quot;:&quot;fadeInRight&quot;}\">\n\t\t\t<div class=\"elementor-widget-wrap elementor-element-populated\">\n\t\t\t\t\t\t<div class=\"elementor-element elementor-element-55828cea elementor-invisible elementor-widget elementor-widget-text-editor\" data-id=\"55828cea\" data-element_type=\"widget\" data-e-type=\"widget\" data-settings=\"{&quot;_animation&quot;:&quot;fadeIn&quot;}\" data-widget_type=\"text-editor.default\">\n\t\t\t\t<div class=\"elementor-widget-container\">\n\t\t\t\t\t\t\t\t\t<div class=\"column\"><p>Uno qualsiasi degli itinerari sopra descritti merita di concludere l'esperienza gastronomica con un dopocena tipico dell'isola. Cosa c'\u00e8 di meglio di dolci tradizionali, liquori artigianali, caff\u00e8 o, per i fumatori, un sigaro di La Palma dalle radici profonde? Quale miglior souvenir dell'isola per lei o per la sua famiglia e i suoi amici se non qualcosa di \"made in La Palma\"? Questo itinerario intende guidarla attraverso una selezione di strutture che cerchiamo sempre quando vogliamo soggiornare o portare a casa un buon souvenir, una buona esperienza. Con esso trover\u00e0 una combinazione di luoghi dove potr\u00e0 scoprire il dessert ideale, fare una passeggiata, ricaricarsi con un buon caff\u00e8 e trovare il souvenir o il ricordo perfetto che la inviter\u00e0 a tornare a La Palma.<\/p><p>\u00a0<\/p><p>I prodotti \"dopocena e souvenir\" sono ideali da gustare in intimit\u00e0 o da condividere, per godere di un momento di evocazione del passato, per riassaporare i ricordi di un luogo specifico.<\/p><\/div><p>\u00a0<\/p><p>\"Sobremesa y recuerdos\" presenta la versione pi\u00f9 dolce della gastronomia di La Palma, in combinazione con elementi che accompagnano le conversazioni del dopocena di tutti, dai dolci ai liquori e ai sigari, un simbolo distintivo con la storia e la cultura come sfondo. Attraverso questo percorso \u00e8 possibile acquisire elementi che ci aiutano a qualcosa che non ha prezzo: i ricordi. Con i suoi prodotti possiamo evocare il ricordo dei momenti goduti nelle diverse strutture, combinando esperienza, paesaggio e trattamento professionale e ravvicinato.<\/p>\t\t\t\t\t\t\t\t<\/div>\n\t\t\t\t<\/div>\n\t\t\t\t\t<\/div>\n\t\t<\/div>\n\t\t\t\t\t<\/div>\n\t\t<\/section>\n\t\t\t\t\t<\/div>\n\t\t<\/div>\n\t\t\t\t\t<\/div>\n\t\t<\/section>\n\t\t\t\t<section data-particle_enable=\"false\" data-particle-mobile-disabled=\"false\" class=\"elementor-section elementor-top-section elementor-element elementor-element-73bae701 elementor-section-boxed elementor-section-height-default elementor-section-height-default parallax_section_no qode_elementor_container_no\" data-id=\"73bae701\" data-element_type=\"section\" data-e-type=\"section\">\n\t\t\t\t\t\t<div class=\"elementor-container elementor-column-gap-no\">\n\t\t\t\t\t<div class=\"elementor-column elementor-col-50 elementor-top-column elementor-element elementor-element-3e369aa1 elementor-invisible\" data-id=\"3e369aa1\" data-element_type=\"column\" data-e-type=\"column\" data-settings=\"{&quot;animation&quot;:&quot;fadeInLeft&quot;}\">\n\t\t\t<div class=\"elementor-widget-wrap elementor-element-populated\">\n\t\t\t\t\t\t<section data-particle_enable=\"false\" data-particle-mobile-disabled=\"false\" class=\"elementor-section elementor-inner-section elementor-element elementor-element-cab4e0 elementor-section-boxed elementor-section-height-default elementor-section-height-default parallax_section_no qode_elementor_container_no\" data-id=\"cab4e0\" data-element_type=\"section\" data-e-type=\"section\" data-settings=\"{&quot;animation&quot;:&quot;none&quot;}\">\n\t\t\t\t\t\t<div class=\"elementor-container elementor-column-gap-default\">\n\t\t\t\t\t<div class=\"elementor-column elementor-col-50 elementor-inner-column elementor-element elementor-element-73a64cfb\" data-id=\"73a64cfb\" data-element_type=\"column\" data-e-type=\"column\">\n\t\t\t<div class=\"elementor-widget-wrap elementor-element-populated\">\n\t\t\t\t\t\t<div class=\"elementor-element elementor-element-79715ef7 dce_masking-none elementor-widget elementor-widget-image\" data-id=\"79715ef7\" data-element_type=\"widget\" data-e-type=\"widget\" data-widget_type=\"image.default\">\n\t\t\t\t<div class=\"elementor-widget-container\">\n\t\t\t\t\t\t\t\t\t\t\t\t\t\t\t<img decoding=\"async\" width=\"500\" height=\"496\" src=\"https:\/\/saborealapalma.es\/wp-content\/uploads\/2022\/10\/1.jpg\" class=\"attachment-large size-large wp-image-4102\" alt=\"\" srcset=\"https:\/\/saborealapalma.es\/wp-content\/uploads\/2022\/10\/1.jpg 500w, https:\/\/saborealapalma.es\/wp-content\/uploads\/2022\/10\/1-300x298.jpg 300w, https:\/\/saborealapalma.es\/wp-content\/uploads\/2022\/10\/1-150x150.jpg 150w, https:\/\/saborealapalma.es\/wp-content\/uploads\/2022\/10\/1-100x100.jpg 100w\" sizes=\"(max-width: 500px) 100vw, 500px\" \/>\t\t\t\t\t\t\t\t\t\t\t\t\t\t\t<\/div>\n\t\t\t\t<\/div>\n\t\t\t\t\t<\/div>\n\t\t<\/div>\n\t\t\t\t<div class=\"elementor-column elementor-col-50 elementor-inner-column elementor-element elementor-element-8df6d59\" data-id=\"8df6d59\" data-element_type=\"column\" data-e-type=\"column\">\n\t\t\t<div class=\"elementor-widget-wrap elementor-element-populated\">\n\t\t\t\t\t\t<div class=\"elementor-element elementor-element-24f1d05b elementor-widget elementor-widget-text-editor\" data-id=\"24f1d05b\" data-element_type=\"widget\" data-e-type=\"widget\" data-widget_type=\"text-editor.default\">\n\t\t\t\t<div class=\"elementor-widget-container\">\n\t\t\t\t\t\t\t\t\t<p><strong>Mercato comunale di Villa de Mazo<br \/><\/strong>Ctra. Dr. Morera Bravo, 38730 Villa de Mazo, El Pueblo. Santa Cruz de Tenerife.<\/p><p>Aperto il sabato dalle 09:00 alle 16:00 e la domenica dalle 09:00 alle 13:00.<\/p><p>GPS: 28.60532148,-17.77766434<br \/>Tel.: +34 922 44 00 03<br \/>ayuntamiento@villademazo.es<br \/>Spagnolo.<\/p>\t\t\t\t\t\t\t\t<\/div>\n\t\t\t\t<\/div>\n\t\t\t\t\t<\/div>\n\t\t<\/div>\n\t\t\t\t\t<\/div>\n\t\t<\/section>\n\t\t\t\t\t<\/div>\n\t\t<\/div>\n\t\t\t\t<div class=\"elementor-column elementor-col-50 elementor-top-column elementor-element elementor-element-5cbf5984 elementor-invisible\" data-id=\"5cbf5984\" data-element_type=\"column\" data-e-type=\"column\" data-settings=\"{&quot;animation&quot;:&quot;fadeInRight&quot;}\">\n\t\t\t<div class=\"elementor-widget-wrap elementor-element-populated\">\n\t\t\t\t\t\t<section data-particle_enable=\"false\" data-particle-mobile-disabled=\"false\" class=\"elementor-section elementor-inner-section elementor-element elementor-element-10e93e5e elementor-section-boxed elementor-section-height-default elementor-section-height-default parallax_section_no qode_elementor_container_no\" data-id=\"10e93e5e\" data-element_type=\"section\" data-e-type=\"section\">\n\t\t\t\t\t\t<div class=\"elementor-container elementor-column-gap-default\">\n\t\t\t\t\t<div class=\"elementor-column elementor-col-50 elementor-inner-column elementor-element elementor-element-155c71f7\" data-id=\"155c71f7\" data-element_type=\"column\" data-e-type=\"column\">\n\t\t\t<div class=\"elementor-widget-wrap elementor-element-populated\">\n\t\t\t\t\t\t<div class=\"elementor-element elementor-element-4db10c8d dce_masking-none elementor-widget elementor-widget-image\" data-id=\"4db10c8d\" data-element_type=\"widget\" data-e-type=\"widget\" data-widget_type=\"image.default\">\n\t\t\t\t<div class=\"elementor-widget-container\">\n\t\t\t\t\t\t\t\t\t\t\t\t\t\t\t<img loading=\"lazy\" decoding=\"async\" width=\"500\" height=\"496\" src=\"https:\/\/saborealapalma.es\/wp-content\/uploads\/2022\/10\/2.jpg\" class=\"attachment-large size-large wp-image-4103\" alt=\"\" srcset=\"https:\/\/saborealapalma.es\/wp-content\/uploads\/2022\/10\/2.jpg 500w, https:\/\/saborealapalma.es\/wp-content\/uploads\/2022\/10\/2-300x298.jpg 300w, https:\/\/saborealapalma.es\/wp-content\/uploads\/2022\/10\/2-150x150.jpg 150w, https:\/\/saborealapalma.es\/wp-content\/uploads\/2022\/10\/2-100x100.jpg 100w\" sizes=\"(max-width: 500px) 100vw, 500px\" \/>\t\t\t\t\t\t\t\t\t\t\t\t\t\t\t<\/div>\n\t\t\t\t<\/div>\n\t\t\t\t\t<\/div>\n\t\t<\/div>\n\t\t\t\t<div class=\"elementor-column elementor-col-50 elementor-inner-column elementor-element elementor-element-71c17777\" data-id=\"71c17777\" data-element_type=\"column\" data-e-type=\"column\">\n\t\t\t<div class=\"elementor-widget-wrap elementor-element-populated\">\n\t\t\t\t\t\t<div class=\"elementor-element elementor-element-1c47ebc6 elementor-widget elementor-widget-text-editor\" data-id=\"1c47ebc6\" data-element_type=\"widget\" data-e-type=\"widget\" data-widget_type=\"text-editor.default\">\n\t\t\t\t<div class=\"elementor-widget-container\">\n\t\t\t\t\t\t\t\t\t<p><strong>Scuola di Artigianato dell'Isola<br \/><\/strong>Indirizzo: Ctra. Dr. Morera Bravo, 38730 Villa de Mazo, El Pueblo. Santa Cruz de Tenerife.<\/p><p>Orari di apertura: Aperto dal luned\u00ec al venerd\u00ec dalle 9.00 alle 14.00.<\/p><p>GPS: 28.60581518, -17.77808801<br \/>Tel: +34 922 44 00 52<br \/>info@lapalmaartesania.es<br \/>Spagnolo.<\/p>\t\t\t\t\t\t\t\t<\/div>\n\t\t\t\t<\/div>\n\t\t\t\t\t<\/div>\n\t\t<\/div>\n\t\t\t\t\t<\/div>\n\t\t<\/section>\n\t\t\t\t\t<\/div>\n\t\t<\/div>\n\t\t\t\t\t<\/div>\n\t\t<\/section>\n\t\t\t\t<section data-particle_enable=\"false\" data-particle-mobile-disabled=\"false\" class=\"elementor-section elementor-top-section elementor-element elementor-element-2796b385 elementor-section-boxed elementor-section-height-default elementor-section-height-default parallax_section_no qode_elementor_container_no\" data-id=\"2796b385\" data-element_type=\"section\" data-e-type=\"section\">\n\t\t\t\t\t\t<div class=\"elementor-container elementor-column-gap-no\">\n\t\t\t\t\t<div class=\"elementor-column elementor-col-50 elementor-top-column elementor-element elementor-element-346dcef5 elementor-invisible\" data-id=\"346dcef5\" data-element_type=\"column\" data-e-type=\"column\" data-settings=\"{&quot;animation&quot;:&quot;fadeInLeft&quot;}\">\n\t\t\t<div class=\"elementor-widget-wrap elementor-element-populated\">\n\t\t\t\t\t\t<section data-particle_enable=\"false\" data-particle-mobile-disabled=\"false\" class=\"elementor-section elementor-inner-section elementor-element elementor-element-46117544 elementor-section-boxed elementor-section-height-default elementor-section-height-default parallax_section_no qode_elementor_container_no\" data-id=\"46117544\" data-element_type=\"section\" data-e-type=\"section\">\n\t\t\t\t\t\t<div class=\"elementor-container elementor-column-gap-default\">\n\t\t\t\t\t<div class=\"elementor-column elementor-col-50 elementor-inner-column elementor-element elementor-element-30df2342\" data-id=\"30df2342\" data-element_type=\"column\" data-e-type=\"column\">\n\t\t\t<div class=\"elementor-widget-wrap elementor-element-populated\">\n\t\t\t\t\t\t<div class=\"elementor-element elementor-element-4b5044e4 dce_masking-none elementor-widget elementor-widget-image\" data-id=\"4b5044e4\" data-element_type=\"widget\" data-e-type=\"widget\" data-widget_type=\"image.default\">\n\t\t\t\t<div class=\"elementor-widget-container\">\n\t\t\t\t\t\t\t\t\t\t\t\t\t\t\t<img loading=\"lazy\" decoding=\"async\" width=\"500\" height=\"496\" src=\"https:\/\/saborealapalma.es\/wp-content\/uploads\/2022\/10\/3.jpg\" class=\"attachment-large size-large wp-image-4104\" alt=\"\" srcset=\"https:\/\/saborealapalma.es\/wp-content\/uploads\/2022\/10\/3.jpg 500w, https:\/\/saborealapalma.es\/wp-content\/uploads\/2022\/10\/3-300x298.jpg 300w, https:\/\/saborealapalma.es\/wp-content\/uploads\/2022\/10\/3-150x150.jpg 150w, https:\/\/saborealapalma.es\/wp-content\/uploads\/2022\/10\/3-100x100.jpg 100w\" sizes=\"(max-width: 500px) 100vw, 500px\" \/>\t\t\t\t\t\t\t\t\t\t\t\t\t\t\t<\/div>\n\t\t\t\t<\/div>\n\t\t\t\t\t<\/div>\n\t\t<\/div>\n\t\t\t\t<div class=\"elementor-column elementor-col-50 elementor-inner-column elementor-element elementor-element-3e3463fa\" data-id=\"3e3463fa\" data-element_type=\"column\" data-e-type=\"column\">\n\t\t\t<div class=\"elementor-widget-wrap elementor-element-populated\">\n\t\t\t\t\t\t<div class=\"elementor-element elementor-element-5e8c3e9e elementor-widget elementor-widget-text-editor\" data-id=\"5e8c3e9e\" data-element_type=\"widget\" data-e-type=\"widget\" data-widget_type=\"text-editor.default\">\n\t\t\t\t<div class=\"elementor-widget-container\">\n\t\t\t\t\t\t\t\t\t<p><strong>Museo della Casa Rossa<br \/><\/strong>Calle Maximiliano P\u00e9rez D\u00edaz, 38730 Villa de Mazo. Santa Cruz de Tenerife.<\/p><p>Aperto dal luned\u00ec al sabato dalle 10.00 alle 14.00.<\/p><p>GPS: 28.60741605, -17.77892938<br \/>+34 922 42 85 87<br \/>Spagnolo.<\/p>\t\t\t\t\t\t\t\t<\/div>\n\t\t\t\t<\/div>\n\t\t\t\t\t<\/div>\n\t\t<\/div>\n\t\t\t\t\t<\/div>\n\t\t<\/section>\n\t\t\t\t\t<\/div>\n\t\t<\/div>\n\t\t\t\t<div class=\"elementor-column elementor-col-50 elementor-top-column elementor-element elementor-element-3a0baee6 elementor-invisible\" data-id=\"3a0baee6\" data-element_type=\"column\" data-e-type=\"column\" data-settings=\"{&quot;animation&quot;:&quot;fadeInRight&quot;}\">\n\t\t\t<div class=\"elementor-widget-wrap elementor-element-populated\">\n\t\t\t\t\t\t<section data-particle_enable=\"false\" data-particle-mobile-disabled=\"false\" class=\"elementor-section elementor-inner-section elementor-element elementor-element-57ad10a6 elementor-section-boxed elementor-section-height-default elementor-section-height-default parallax_section_no qode_elementor_container_no\" data-id=\"57ad10a6\" data-element_type=\"section\" data-e-type=\"section\">\n\t\t\t\t\t\t<div class=\"elementor-container elementor-column-gap-default\">\n\t\t\t\t\t<div class=\"elementor-column elementor-col-50 elementor-inner-column elementor-element elementor-element-7d7a4c66\" data-id=\"7d7a4c66\" data-element_type=\"column\" data-e-type=\"column\">\n\t\t\t<div class=\"elementor-widget-wrap elementor-element-populated\">\n\t\t\t\t\t\t<div class=\"elementor-element elementor-element-2a0f53e dce_masking-none elementor-widget elementor-widget-image\" data-id=\"2a0f53e\" data-element_type=\"widget\" data-e-type=\"widget\" data-widget_type=\"image.default\">\n\t\t\t\t<div class=\"elementor-widget-container\">\n\t\t\t\t\t\t\t\t\t\t\t\t\t\t\t<img loading=\"lazy\" decoding=\"async\" width=\"500\" height=\"496\" src=\"https:\/\/saborealapalma.es\/wp-content\/uploads\/2022\/10\/4.jpg\" class=\"attachment-large size-large wp-image-4105\" alt=\"\" srcset=\"https:\/\/saborealapalma.es\/wp-content\/uploads\/2022\/10\/4.jpg 500w, https:\/\/saborealapalma.es\/wp-content\/uploads\/2022\/10\/4-300x298.jpg 300w, https:\/\/saborealapalma.es\/wp-content\/uploads\/2022\/10\/4-150x150.jpg 150w, https:\/\/saborealapalma.es\/wp-content\/uploads\/2022\/10\/4-100x100.jpg 100w\" sizes=\"(max-width: 500px) 100vw, 500px\" \/>\t\t\t\t\t\t\t\t\t\t\t\t\t\t\t<\/div>\n\t\t\t\t<\/div>\n\t\t\t\t\t<\/div>\n\t\t<\/div>\n\t\t\t\t<div class=\"elementor-column elementor-col-50 elementor-inner-column elementor-element elementor-element-172abea9\" data-id=\"172abea9\" data-element_type=\"column\" data-e-type=\"column\">\n\t\t\t<div class=\"elementor-widget-wrap elementor-element-populated\">\n\t\t\t\t\t\t<div class=\"elementor-element elementor-element-7a8de6ec elementor-widget elementor-widget-text-editor\" data-id=\"7a8de6ec\" data-element_type=\"widget\" data-e-type=\"widget\" data-widget_type=\"text-editor.default\">\n\t\t\t\t<div class=\"elementor-widget-container\">\n\t\t\t\t\t\t\t\t\t<p><strong>Casa Taller Puros Artesanos Julio<br \/><\/strong>Calle Cabaigu\u00e1n, 14, 38710, Santa Cruz de Tenerife.<\/p><p>Aperto dal luned\u00ec al venerd\u00ec, dalle 08.00 alle 13.00 e dalle 15.00 alle 18.00.<\/p><p>GPS: 28.66830471,-17.78616789<br \/>Tel: +34 922 42 93 48<br \/>contacto@purosartesanosjulio.com<br \/>Spagnolo.<\/p>\t\t\t\t\t\t\t\t<\/div>\n\t\t\t\t<\/div>\n\t\t\t\t\t<\/div>\n\t\t<\/div>\n\t\t\t\t\t<\/div>\n\t\t<\/section>\n\t\t\t\t\t<\/div>\n\t\t<\/div>\n\t\t\t\t\t<\/div>\n\t\t<\/section>\n\t\t\t\t<section data-particle_enable=\"false\" data-particle-mobile-disabled=\"false\" class=\"elementor-section elementor-top-section elementor-element elementor-element-422bff4c elementor-section-boxed elementor-section-height-default elementor-section-height-default parallax_section_no qode_elementor_container_no\" data-id=\"422bff4c\" data-element_type=\"section\" data-e-type=\"section\">\n\t\t\t\t\t\t<div class=\"elementor-container elementor-column-gap-no\">\n\t\t\t\t\t<div class=\"elementor-column elementor-col-50 elementor-top-column elementor-element elementor-element-b25c970 elementor-invisible\" data-id=\"b25c970\" data-element_type=\"column\" data-e-type=\"column\" data-settings=\"{&quot;animation&quot;:&quot;fadeInLeft&quot;}\">\n\t\t\t<div class=\"elementor-widget-wrap elementor-element-populated\">\n\t\t\t\t\t\t<section data-particle_enable=\"false\" data-particle-mobile-disabled=\"false\" class=\"elementor-section elementor-inner-section elementor-element elementor-element-550343a elementor-section-boxed elementor-section-height-default elementor-section-height-default parallax_section_no qode_elementor_container_no\" data-id=\"550343a\" data-element_type=\"section\" data-e-type=\"section\">\n\t\t\t\t\t\t<div class=\"elementor-container elementor-column-gap-default\">\n\t\t\t\t\t<div class=\"elementor-column elementor-col-50 elementor-inner-column elementor-element elementor-element-731a472e\" data-id=\"731a472e\" data-element_type=\"column\" data-e-type=\"column\">\n\t\t\t<div class=\"elementor-widget-wrap elementor-element-populated\">\n\t\t\t\t\t\t<div class=\"elementor-element elementor-element-29ed3632 dce_masking-none elementor-widget elementor-widget-image\" data-id=\"29ed3632\" data-element_type=\"widget\" data-e-type=\"widget\" data-widget_type=\"image.default\">\n\t\t\t\t<div class=\"elementor-widget-container\">\n\t\t\t\t\t\t\t\t\t\t\t\t\t\t\t<img loading=\"lazy\" decoding=\"async\" width=\"500\" height=\"496\" src=\"https:\/\/saborealapalma.es\/wp-content\/uploads\/2022\/10\/5.jpg\" class=\"attachment-large size-large wp-image-4106\" alt=\"\" srcset=\"https:\/\/saborealapalma.es\/wp-content\/uploads\/2022\/10\/5.jpg 500w, https:\/\/saborealapalma.es\/wp-content\/uploads\/2022\/10\/5-300x298.jpg 300w, https:\/\/saborealapalma.es\/wp-content\/uploads\/2022\/10\/5-150x150.jpg 150w, https:\/\/saborealapalma.es\/wp-content\/uploads\/2022\/10\/5-100x100.jpg 100w\" sizes=\"(max-width: 500px) 100vw, 500px\" \/>\t\t\t\t\t\t\t\t\t\t\t\t\t\t\t<\/div>\n\t\t\t\t<\/div>\n\t\t\t\t\t<\/div>\n\t\t<\/div>\n\t\t\t\t<div class=\"elementor-column elementor-col-50 elementor-inner-column elementor-element elementor-element-df34f01\" data-id=\"df34f01\" data-element_type=\"column\" data-e-type=\"column\">\n\t\t\t<div class=\"elementor-widget-wrap elementor-element-populated\">\n\t\t\t\t\t\t<div class=\"elementor-element elementor-element-26e81abb elementor-widget elementor-widget-text-editor\" data-id=\"26e81abb\" data-element_type=\"widget\" data-e-type=\"widget\" data-widget_type=\"text-editor.default\">\n\t\t\t\t<div class=\"elementor-widget-container\">\n\t\t\t\t\t\t\t\t\t<p><strong>Museo del Puro Palmero y de la Fiesta de las Cruces (Museo del Puro Palmero e della Fiesta de las Cruces)<br \/><\/strong>Parque de Los \u00c1lamos, 38710 Bre\u00f1a Alta, Santa Cruz de Tenerife.<\/p><p>Aperto da luned\u00ec a venerd\u00ec, dalle 10.00 alle 13.00 e il sabato dalle 10.00 alle 14.00.<\/p><p>GPS<b>:<\/b>\u00a028.66736219,-17.78718964<br \/>Tel: +34 922 42 95 67<br \/>museodelpuro@aderlapalma.org<br \/>Spagnolo.<\/p>\t\t\t\t\t\t\t\t<\/div>\n\t\t\t\t<\/div>\n\t\t\t\t\t<\/div>\n\t\t<\/div>\n\t\t\t\t\t<\/div>\n\t\t<\/section>\n\t\t\t\t\t<\/div>\n\t\t<\/div>\n\t\t\t\t<div class=\"elementor-column elementor-col-50 elementor-top-column elementor-element elementor-element-5663feec elementor-invisible\" data-id=\"5663feec\" data-element_type=\"column\" data-e-type=\"column\" data-settings=\"{&quot;animation&quot;:&quot;fadeInRight&quot;}\">\n\t\t\t<div class=\"elementor-widget-wrap elementor-element-populated\">\n\t\t\t\t\t\t<section data-particle_enable=\"false\" data-particle-mobile-disabled=\"false\" class=\"elementor-section elementor-inner-section elementor-element elementor-element-55e9ff2d elementor-section-boxed elementor-section-height-default elementor-section-height-default parallax_section_no qode_elementor_container_no\" data-id=\"55e9ff2d\" data-element_type=\"section\" data-e-type=\"section\">\n\t\t\t\t\t\t<div class=\"elementor-container elementor-column-gap-default\">\n\t\t\t\t\t<div class=\"elementor-column elementor-col-50 elementor-inner-column elementor-element elementor-element-21b15289\" data-id=\"21b15289\" data-element_type=\"column\" data-e-type=\"column\">\n\t\t\t<div class=\"elementor-widget-wrap elementor-element-populated\">\n\t\t\t\t\t\t<div class=\"elementor-element elementor-element-49ceeae2 dce_masking-none elementor-widget elementor-widget-image\" data-id=\"49ceeae2\" data-element_type=\"widget\" data-e-type=\"widget\" data-widget_type=\"image.default\">\n\t\t\t\t<div class=\"elementor-widget-container\">\n\t\t\t\t\t\t\t\t\t\t\t\t\t\t\t<img loading=\"lazy\" decoding=\"async\" width=\"500\" height=\"496\" src=\"https:\/\/saborealapalma.es\/wp-content\/uploads\/2022\/10\/6.jpg\" class=\"attachment-large size-large wp-image-4107\" alt=\"\" srcset=\"https:\/\/saborealapalma.es\/wp-content\/uploads\/2022\/10\/6.jpg 500w, https:\/\/saborealapalma.es\/wp-content\/uploads\/2022\/10\/6-300x298.jpg 300w, https:\/\/saborealapalma.es\/wp-content\/uploads\/2022\/10\/6-150x150.jpg 150w, https:\/\/saborealapalma.es\/wp-content\/uploads\/2022\/10\/6-100x100.jpg 100w\" sizes=\"(max-width: 500px) 100vw, 500px\" \/>\t\t\t\t\t\t\t\t\t\t\t\t\t\t\t<\/div>\n\t\t\t\t<\/div>\n\t\t\t\t\t<\/div>\n\t\t<\/div>\n\t\t\t\t<div class=\"elementor-column elementor-col-50 elementor-inner-column elementor-element elementor-element-3c8d352b\" data-id=\"3c8d352b\" data-element_type=\"column\" data-e-type=\"column\">\n\t\t\t<div class=\"elementor-widget-wrap elementor-element-populated\">\n\t\t\t\t\t\t<div class=\"elementor-element elementor-element-734e774c elementor-widget elementor-widget-text-editor\" data-id=\"734e774c\" data-element_type=\"widget\" data-e-type=\"widget\" data-widget_type=\"text-editor.default\">\n\t\t\t\t<div class=\"elementor-widget-container\">\n\t\t\t\t\t\t\t\t\t<p><strong>Agromercado de Bre\u00f1a Alta<br \/><\/strong>Parque de Los \u00c1lamos, 38710 Bre\u00f1a Alta, Santa Cruz de Tenerife.<\/p><p>Aperto il sabato dalle 08:30 alle 13:30.<\/p><p>GPS: 28.66725404,-17.78785232<br \/>Tel: +34 922 43 70 09<br \/>agromercado@balta.org<br \/>Spagnolo.<\/p>\t\t\t\t\t\t\t\t<\/div>\n\t\t\t\t<\/div>\n\t\t\t\t\t<\/div>\n\t\t<\/div>\n\t\t\t\t\t<\/div>\n\t\t<\/section>\n\t\t\t\t\t<\/div>\n\t\t<\/div>\n\t\t\t\t\t<\/div>\n\t\t<\/section>\n\t\t\t\t<section data-particle_enable=\"false\" data-particle-mobile-disabled=\"false\" class=\"elementor-section elementor-top-section elementor-element elementor-element-2c22edfa elementor-section-boxed elementor-section-height-default elementor-section-height-default parallax_section_no qode_elementor_container_no\" data-id=\"2c22edfa\" data-element_type=\"section\" data-e-type=\"section\">\n\t\t\t\t\t\t<div class=\"elementor-container elementor-column-gap-no\">\n\t\t\t\t\t<div class=\"elementor-column elementor-col-50 elementor-top-column elementor-element elementor-element-53d0f818 elementor-invisible\" data-id=\"53d0f818\" data-element_type=\"column\" data-e-type=\"column\" data-settings=\"{&quot;animation&quot;:&quot;fadeInLeft&quot;}\">\n\t\t\t<div class=\"elementor-widget-wrap elementor-element-populated\">\n\t\t\t\t\t\t<section data-particle_enable=\"false\" data-particle-mobile-disabled=\"false\" class=\"elementor-section elementor-inner-section elementor-element elementor-element-a712a4 elementor-section-boxed elementor-section-height-default elementor-section-height-default parallax_section_no qode_elementor_container_no\" data-id=\"a712a4\" data-element_type=\"section\" data-e-type=\"section\">\n\t\t\t\t\t\t<div class=\"elementor-container elementor-column-gap-default\">\n\t\t\t\t\t<div class=\"elementor-column elementor-col-50 elementor-inner-column elementor-element elementor-element-2eab04ac\" data-id=\"2eab04ac\" data-element_type=\"column\" data-e-type=\"column\">\n\t\t\t<div class=\"elementor-widget-wrap elementor-element-populated\">\n\t\t\t\t\t\t<div class=\"elementor-element elementor-element-4b396b87 dce_masking-none elementor-widget elementor-widget-image\" data-id=\"4b396b87\" data-element_type=\"widget\" data-e-type=\"widget\" data-widget_type=\"image.default\">\n\t\t\t\t<div class=\"elementor-widget-container\">\n\t\t\t\t\t\t\t\t\t\t\t\t\t\t\t<img loading=\"lazy\" decoding=\"async\" width=\"500\" height=\"496\" src=\"https:\/\/saborealapalma.es\/wp-content\/uploads\/2022\/10\/7.jpg\" class=\"attachment-large size-large wp-image-4108\" alt=\"\" srcset=\"https:\/\/saborealapalma.es\/wp-content\/uploads\/2022\/10\/7.jpg 500w, https:\/\/saborealapalma.es\/wp-content\/uploads\/2022\/10\/7-300x298.jpg 300w, https:\/\/saborealapalma.es\/wp-content\/uploads\/2022\/10\/7-150x150.jpg 150w, https:\/\/saborealapalma.es\/wp-content\/uploads\/2022\/10\/7-100x100.jpg 100w\" sizes=\"(max-width: 500px) 100vw, 500px\" \/>\t\t\t\t\t\t\t\t\t\t\t\t\t\t\t<\/div>\n\t\t\t\t<\/div>\n\t\t\t\t\t<\/div>\n\t\t<\/div>\n\t\t\t\t<div class=\"elementor-column elementor-col-50 elementor-inner-column elementor-element elementor-element-5a5416ec\" data-id=\"5a5416ec\" data-element_type=\"column\" data-e-type=\"column\">\n\t\t\t<div class=\"elementor-widget-wrap elementor-element-populated\">\n\t\t\t\t\t\t<div class=\"elementor-element elementor-element-12c661af elementor-widget elementor-widget-text-editor\" data-id=\"12c661af\" data-element_type=\"widget\" data-e-type=\"widget\" data-widget_type=\"text-editor.default\">\n\t\t\t\t<div class=\"elementor-widget-container\">\n\t\t\t\t\t\t\t\t\t<p><strong>Distillerie Aldea<br \/><\/strong>Camino el Melonar, 3, 38720 Charco Azul, Santa Cruz de Tenerife.<\/p><p>Aperto da luned\u00ec a venerd\u00ec dalle 09:00 alle 14:00 e dalle 15:00 alle 18:00, e il sabato e la domenica dalle 10:00 alle 14:00 e dalle 15:00 alle 18:00.<\/p><p>GPS<b>:\u00a0<\/b>28.80868546,-17.76237393<br \/>Tel<b>:<\/b>\u00a0+34 922 45 05 68<br \/>ronaldea@destileriasaldea.es<br \/>Spagnolo.<\/p>\t\t\t\t\t\t\t\t<\/div>\n\t\t\t\t<\/div>\n\t\t\t\t\t<\/div>\n\t\t<\/div>\n\t\t\t\t\t<\/div>\n\t\t<\/section>\n\t\t\t\t\t<\/div>\n\t\t<\/div>\n\t\t\t\t<div class=\"elementor-column elementor-col-50 elementor-top-column elementor-element elementor-element-4287b0ee elementor-invisible\" data-id=\"4287b0ee\" data-element_type=\"column\" data-e-type=\"column\" data-settings=\"{&quot;animation&quot;:&quot;fadeInRight&quot;}\">\n\t\t\t<div class=\"elementor-widget-wrap elementor-element-populated\">\n\t\t\t\t\t\t<section data-particle_enable=\"false\" data-particle-mobile-disabled=\"false\" class=\"elementor-section elementor-inner-section elementor-element elementor-element-46a8011f elementor-section-boxed elementor-section-height-default elementor-section-height-default parallax_section_no qode_elementor_container_no\" data-id=\"46a8011f\" data-element_type=\"section\" data-e-type=\"section\">\n\t\t\t\t\t\t<div class=\"elementor-container elementor-column-gap-default\">\n\t\t\t\t\t<div class=\"elementor-column elementor-col-50 elementor-inner-column elementor-element elementor-element-26632617\" data-id=\"26632617\" data-element_type=\"column\" data-e-type=\"column\">\n\t\t\t<div class=\"elementor-widget-wrap elementor-element-populated\">\n\t\t\t\t\t\t<div class=\"elementor-element elementor-element-4b782e8d dce_masking-none elementor-widget elementor-widget-image\" data-id=\"4b782e8d\" data-element_type=\"widget\" data-e-type=\"widget\" data-widget_type=\"image.default\">\n\t\t\t\t<div class=\"elementor-widget-container\">\n\t\t\t\t\t\t\t\t\t\t\t\t\t\t\t<img loading=\"lazy\" decoding=\"async\" width=\"500\" height=\"496\" src=\"https:\/\/saborealapalma.es\/wp-content\/uploads\/2022\/10\/8.jpg\" class=\"attachment-large size-large wp-image-4109\" alt=\"\" srcset=\"https:\/\/saborealapalma.es\/wp-content\/uploads\/2022\/10\/8.jpg 500w, https:\/\/saborealapalma.es\/wp-content\/uploads\/2022\/10\/8-300x298.jpg 300w, https:\/\/saborealapalma.es\/wp-content\/uploads\/2022\/10\/8-150x150.jpg 150w, https:\/\/saborealapalma.es\/wp-content\/uploads\/2022\/10\/8-100x100.jpg 100w\" sizes=\"(max-width: 500px) 100vw, 500px\" \/>\t\t\t\t\t\t\t\t\t\t\t\t\t\t\t<\/div>\n\t\t\t\t<\/div>\n\t\t\t\t\t<\/div>\n\t\t<\/div>\n\t\t\t\t<div class=\"elementor-column elementor-col-50 elementor-inner-column elementor-element elementor-element-269442c0\" data-id=\"269442c0\" data-element_type=\"column\" data-e-type=\"column\">\n\t\t\t<div class=\"elementor-widget-wrap elementor-element-populated\">\n\t\t\t\t\t\t<div class=\"elementor-element elementor-element-89e6c6d elementor-widget elementor-widget-text-editor\" data-id=\"89e6c6d\" data-element_type=\"widget\" data-e-type=\"widget\" data-widget_type=\"text-editor.default\">\n\t\t\t\t<div class=\"elementor-widget-container\">\n\t\t\t\t\t\t\t\t\t<p><strong>Ristorante El Canal<br \/><\/strong>Ctra. General C-830, 27, 38720 Los Sauces, Santa Cruz de Tenerife.<\/p><p>Aperto dal mercoled\u00ec alla domenica, dalle 13.30 alle 16.00 e dalle 20.00 alle 22.30.<\/p><p>GPS<b>:\u00a0<\/b>28.80633991,-17.77507836<br \/>Tel<b>:<\/b>\u00a0+34 922 45 08 43<br \/>restauranteelcanal@yahoo.es<br \/>Spagnolo.<\/p>\t\t\t\t\t\t\t\t<\/div>\n\t\t\t\t<\/div>\n\t\t\t\t\t<\/div>\n\t\t<\/div>\n\t\t\t\t\t<\/div>\n\t\t<\/section>\n\t\t\t\t\t<\/div>\n\t\t<\/div>\n\t\t\t\t\t<\/div>\n\t\t<\/section>\n\t\t\t\t<section data-particle_enable=\"false\" data-particle-mobile-disabled=\"false\" class=\"elementor-section elementor-top-section elementor-element elementor-element-1401ded3 elementor-section-boxed elementor-section-height-default elementor-section-height-default parallax_section_no qode_elementor_container_no\" data-id=\"1401ded3\" data-element_type=\"section\" data-e-type=\"section\">\n\t\t\t\t\t\t<div class=\"elementor-container elementor-column-gap-no\">\n\t\t\t\t\t<div class=\"elementor-column elementor-col-50 elementor-top-column elementor-element elementor-element-7013acc1 elementor-invisible\" data-id=\"7013acc1\" data-element_type=\"column\" data-e-type=\"column\" data-settings=\"{&quot;animation&quot;:&quot;fadeInLeft&quot;}\">\n\t\t\t<div class=\"elementor-widget-wrap elementor-element-populated\">\n\t\t\t\t\t\t<section data-particle_enable=\"false\" data-particle-mobile-disabled=\"false\" class=\"elementor-section elementor-inner-section elementor-element elementor-element-75b9f959 elementor-section-boxed elementor-section-height-default elementor-section-height-default parallax_section_no qode_elementor_container_no\" data-id=\"75b9f959\" data-element_type=\"section\" data-e-type=\"section\">\n\t\t\t\t\t\t<div class=\"elementor-container elementor-column-gap-default\">\n\t\t\t\t\t<div class=\"elementor-column elementor-col-50 elementor-inner-column elementor-element elementor-element-7fc10905\" data-id=\"7fc10905\" data-element_type=\"column\" data-e-type=\"column\">\n\t\t\t<div class=\"elementor-widget-wrap elementor-element-populated\">\n\t\t\t\t\t\t<div class=\"elementor-element elementor-element-5319dcb7 dce_masking-none elementor-widget elementor-widget-image\" data-id=\"5319dcb7\" data-element_type=\"widget\" data-e-type=\"widget\" data-widget_type=\"image.default\">\n\t\t\t\t<div class=\"elementor-widget-container\">\n\t\t\t\t\t\t\t\t\t\t\t\t\t\t\t<img loading=\"lazy\" decoding=\"async\" width=\"500\" height=\"496\" src=\"https:\/\/saborealapalma.es\/wp-content\/uploads\/2022\/10\/9.jpg\" class=\"attachment-large size-large wp-image-4110\" alt=\"\" srcset=\"https:\/\/saborealapalma.es\/wp-content\/uploads\/2022\/10\/9.jpg 500w, https:\/\/saborealapalma.es\/wp-content\/uploads\/2022\/10\/9-300x298.jpg 300w, https:\/\/saborealapalma.es\/wp-content\/uploads\/2022\/10\/9-150x150.jpg 150w, https:\/\/saborealapalma.es\/wp-content\/uploads\/2022\/10\/9-100x100.jpg 100w\" sizes=\"(max-width: 500px) 100vw, 500px\" \/>\t\t\t\t\t\t\t\t\t\t\t\t\t\t\t<\/div>\n\t\t\t\t<\/div>\n\t\t\t\t\t<\/div>\n\t\t<\/div>\n\t\t\t\t<div class=\"elementor-column elementor-col-50 elementor-inner-column elementor-element elementor-element-1b74bc24\" data-id=\"1b74bc24\" data-element_type=\"column\" data-e-type=\"column\">\n\t\t\t<div class=\"elementor-widget-wrap elementor-element-populated\">\n\t\t\t\t\t\t<div class=\"elementor-element elementor-element-43ae7706 elementor-widget elementor-widget-text-editor\" data-id=\"43ae7706\" data-element_type=\"widget\" data-e-type=\"widget\" data-widget_type=\"text-editor.default\">\n\t\t\t\t<div class=\"elementor-widget-container\">\n\t\t\t\t\t\t\t\t\t<p><strong>Cascata del Bosque de Los Tilos<br \/><\/strong>Barrando del Agua. Los Tilos. 38729 - San Andr\u00e9s y Sauces. Santa Cruz de Tenerife.<\/p><p>Aperto tutti i giorni dalle 09:00 alle 17:30 (Centro Visitatori)<\/p><p>GPS: 28.78966393,-17.80348539<br \/>Telefono: +34 922 45 12 46<br \/>Spagnolo.<\/p>\t\t\t\t\t\t\t\t<\/div>\n\t\t\t\t<\/div>\n\t\t\t\t\t<\/div>\n\t\t<\/div>\n\t\t\t\t\t<\/div>\n\t\t<\/section>\n\t\t\t\t\t<\/div>\n\t\t<\/div>\n\t\t\t\t<div class=\"elementor-column elementor-col-50 elementor-top-column elementor-element elementor-element-271541c1 elementor-invisible\" data-id=\"271541c1\" data-element_type=\"column\" data-e-type=\"column\" data-settings=\"{&quot;animation&quot;:&quot;fadeInRight&quot;}\">\n\t\t\t<div class=\"elementor-widget-wrap elementor-element-populated\">\n\t\t\t\t\t\t<section data-particle_enable=\"false\" data-particle-mobile-disabled=\"false\" class=\"elementor-section elementor-inner-section elementor-element elementor-element-46a66da elementor-section-boxed elementor-section-height-default elementor-section-height-default parallax_section_no qode_elementor_container_no\" data-id=\"46a66da\" data-element_type=\"section\" data-e-type=\"section\">\n\t\t\t\t\t\t<div class=\"elementor-container elementor-column-gap-default\">\n\t\t\t\t\t<div class=\"elementor-column elementor-col-50 elementor-inner-column elementor-element elementor-element-7babd9e4\" data-id=\"7babd9e4\" data-element_type=\"column\" data-e-type=\"column\">\n\t\t\t<div class=\"elementor-widget-wrap elementor-element-populated\">\n\t\t\t\t\t\t<div class=\"elementor-element elementor-element-3e2bc1c5 dce_masking-none elementor-widget elementor-widget-image\" data-id=\"3e2bc1c5\" data-element_type=\"widget\" data-e-type=\"widget\" data-widget_type=\"image.default\">\n\t\t\t\t<div class=\"elementor-widget-container\">\n\t\t\t\t\t\t\t\t\t\t\t\t\t\t\t<img loading=\"lazy\" decoding=\"async\" width=\"500\" height=\"496\" src=\"https:\/\/saborealapalma.es\/wp-content\/uploads\/2022\/10\/10.jpg\" class=\"attachment-large size-large wp-image-4111\" alt=\"\" srcset=\"https:\/\/saborealapalma.es\/wp-content\/uploads\/2022\/10\/10.jpg 500w, https:\/\/saborealapalma.es\/wp-content\/uploads\/2022\/10\/10-300x298.jpg 300w, https:\/\/saborealapalma.es\/wp-content\/uploads\/2022\/10\/10-150x150.jpg 150w, https:\/\/saborealapalma.es\/wp-content\/uploads\/2022\/10\/10-100x100.jpg 100w\" sizes=\"(max-width: 500px) 100vw, 500px\" \/>\t\t\t\t\t\t\t\t\t\t\t\t\t\t\t<\/div>\n\t\t\t\t<\/div>\n\t\t\t\t\t<\/div>\n\t\t<\/div>\n\t\t\t\t<div class=\"elementor-column elementor-col-50 elementor-inner-column elementor-element elementor-element-3e9051c7\" data-id=\"3e9051c7\" data-element_type=\"column\" data-e-type=\"column\">\n\t\t\t<div class=\"elementor-widget-wrap elementor-element-populated\">\n\t\t\t\t\t\t<div class=\"elementor-element elementor-element-6829458c elementor-widget elementor-widget-text-editor\" data-id=\"6829458c\" data-element_type=\"widget\" data-e-type=\"widget\" data-widget_type=\"text-editor.default\">\n\t\t\t\t<div class=\"elementor-widget-container\">\n\t\t\t\t\t\t\t\t\t<p><strong>Il Caff\u00e8 di Don Manuel<br \/><\/strong>Calle Anselmo P\u00e9rez de Brito, 2, 38700 Santa Cruz de la Palma, Santa Cruz de Tenerife.<\/p><p>Aperto dal luned\u00ec al venerd\u00ec dalle 08.00 alle 20.30 e il sabato e la domenica dalle 09.00 alle 14.00.<\/p><p>GPS: 28.68338369,-17.76459217<br \/>info@elcafededonmanuel.com<br \/>Spagnolo.<\/p>\t\t\t\t\t\t\t\t<\/div>\n\t\t\t\t<\/div>\n\t\t\t\t\t<\/div>\n\t\t<\/div>\n\t\t\t\t\t<\/div>\n\t\t<\/section>\n\t\t\t\t\t<\/div>\n\t\t<\/div>\n\t\t\t\t\t<\/div>\n\t\t<\/section>\n\t\t\t\t<section data-particle_enable=\"false\" data-particle-mobile-disabled=\"false\" class=\"elementor-section elementor-top-section elementor-element elementor-element-792886c5 elementor-section-boxed elementor-section-height-default elementor-section-height-default parallax_section_no qode_elementor_container_no\" data-id=\"792886c5\" data-element_type=\"section\" data-e-type=\"section\">\n\t\t\t\t\t\t<div class=\"elementor-container elementor-column-gap-no\">\n\t\t\t\t\t<div class=\"elementor-column elementor-col-50 elementor-top-column elementor-element elementor-element-3f908609 elementor-invisible\" data-id=\"3f908609\" data-element_type=\"column\" data-e-type=\"column\" data-settings=\"{&quot;animation&quot;:&quot;fadeInLeft&quot;}\">\n\t\t\t<div class=\"elementor-widget-wrap elementor-element-populated\">\n\t\t\t\t\t\t<section data-particle_enable=\"false\" data-particle-mobile-disabled=\"false\" class=\"elementor-section elementor-inner-section elementor-element elementor-element-57a1f490 elementor-section-boxed elementor-section-height-default elementor-section-height-default parallax_section_no qode_elementor_container_no\" data-id=\"57a1f490\" data-element_type=\"section\" data-e-type=\"section\">\n\t\t\t\t\t\t<div class=\"elementor-container elementor-column-gap-default\">\n\t\t\t\t\t<div class=\"elementor-column elementor-col-50 elementor-inner-column elementor-element elementor-element-55f26350\" data-id=\"55f26350\" data-element_type=\"column\" data-e-type=\"column\">\n\t\t\t<div class=\"elementor-widget-wrap elementor-element-populated\">\n\t\t\t\t\t\t<div class=\"elementor-element elementor-element-442c9b58 dce_masking-none elementor-widget elementor-widget-image\" data-id=\"442c9b58\" data-element_type=\"widget\" data-e-type=\"widget\" data-widget_type=\"image.default\">\n\t\t\t\t<div class=\"elementor-widget-container\">\n\t\t\t\t\t\t\t\t\t\t\t\t\t\t\t<img loading=\"lazy\" decoding=\"async\" width=\"500\" height=\"496\" src=\"https:\/\/saborealapalma.es\/wp-content\/uploads\/2022\/10\/11.jpg\" class=\"attachment-large size-large wp-image-4112\" alt=\"\" srcset=\"https:\/\/saborealapalma.es\/wp-content\/uploads\/2022\/10\/11.jpg 500w, https:\/\/saborealapalma.es\/wp-content\/uploads\/2022\/10\/11-300x298.jpg 300w, https:\/\/saborealapalma.es\/wp-content\/uploads\/2022\/10\/11-150x150.jpg 150w, https:\/\/saborealapalma.es\/wp-content\/uploads\/2022\/10\/11-100x100.jpg 100w\" sizes=\"(max-width: 500px) 100vw, 500px\" \/>\t\t\t\t\t\t\t\t\t\t\t\t\t\t\t<\/div>\n\t\t\t\t<\/div>\n\t\t\t\t\t<\/div>\n\t\t<\/div>\n\t\t\t\t<div class=\"elementor-column elementor-col-50 elementor-inner-column elementor-element elementor-element-52b051f2\" data-id=\"52b051f2\" data-element_type=\"column\" data-e-type=\"column\">\n\t\t\t<div class=\"elementor-widget-wrap elementor-element-populated\">\n\t\t\t\t\t\t<div class=\"elementor-element elementor-element-28b088cb elementor-widget elementor-widget-text-editor\" data-id=\"28b088cb\" data-element_type=\"widget\" data-e-type=\"widget\" data-widget_type=\"text-editor.default\">\n\t\t\t\t<div class=\"elementor-widget-container\">\n\t\t\t\t\t\t\t\t\t<p><strong>La Recova<br \/><\/strong>Avda. El Puente, 14. 38700 - Santa Cruz de La Palma. Santa Cruz de Tenerife.<\/p><p>Aperto dal luned\u00ec al venerd\u00ec dalle 06.00 alle 14.00 e il sabato dalle 06.00 alle 15.00.<\/p><p>GPS: 28.68431039,-17.7644772<br \/>Tel: +34 922 41 14 59<br \/>mercado@santacruzdelapalma.es<br \/>Spagnolo.<\/p>\t\t\t\t\t\t\t\t<\/div>\n\t\t\t\t<\/div>\n\t\t\t\t\t<\/div>\n\t\t<\/div>\n\t\t\t\t\t<\/div>\n\t\t<\/section>\n\t\t\t\t\t<\/div>\n\t\t<\/div>\n\t\t\t\t<div class=\"elementor-column elementor-col-50 elementor-top-column elementor-element elementor-element-43b720d7 elementor-invisible\" data-id=\"43b720d7\" data-element_type=\"column\" data-e-type=\"column\" data-settings=\"{&quot;animation&quot;:&quot;fadeInRight&quot;}\">\n\t\t\t<div class=\"elementor-widget-wrap elementor-element-populated\">\n\t\t\t\t\t\t<section data-particle_enable=\"false\" data-particle-mobile-disabled=\"false\" class=\"elementor-section elementor-inner-section elementor-element elementor-element-5acd9018 elementor-section-boxed elementor-section-height-default elementor-section-height-default parallax_section_no qode_elementor_container_no\" data-id=\"5acd9018\" data-element_type=\"section\" data-e-type=\"section\">\n\t\t\t\t\t\t<div class=\"elementor-container elementor-column-gap-default\">\n\t\t\t\t\t<div class=\"elementor-column elementor-col-50 elementor-inner-column elementor-element elementor-element-7f2bbb8e\" data-id=\"7f2bbb8e\" data-element_type=\"column\" data-e-type=\"column\">\n\t\t\t<div class=\"elementor-widget-wrap elementor-element-populated\">\n\t\t\t\t\t\t<div class=\"elementor-element elementor-element-484deaf dce_masking-none elementor-widget elementor-widget-image\" data-id=\"484deaf\" data-element_type=\"widget\" data-e-type=\"widget\" data-widget_type=\"image.default\">\n\t\t\t\t<div class=\"elementor-widget-container\">\n\t\t\t\t\t\t\t\t\t\t\t\t\t\t\t<img loading=\"lazy\" decoding=\"async\" width=\"500\" height=\"496\" src=\"https:\/\/saborealapalma.es\/wp-content\/uploads\/2022\/10\/12.jpg\" class=\"attachment-large size-large wp-image-4113\" alt=\"\" srcset=\"https:\/\/saborealapalma.es\/wp-content\/uploads\/2022\/10\/12.jpg 500w, https:\/\/saborealapalma.es\/wp-content\/uploads\/2022\/10\/12-300x298.jpg 300w, https:\/\/saborealapalma.es\/wp-content\/uploads\/2022\/10\/12-150x150.jpg 150w, https:\/\/saborealapalma.es\/wp-content\/uploads\/2022\/10\/12-100x100.jpg 100w\" sizes=\"(max-width: 500px) 100vw, 500px\" \/>\t\t\t\t\t\t\t\t\t\t\t\t\t\t\t<\/div>\n\t\t\t\t<\/div>\n\t\t\t\t\t<\/div>\n\t\t<\/div>\n\t\t\t\t<div class=\"elementor-column elementor-col-50 elementor-inner-column elementor-element elementor-element-37ca38d1\" data-id=\"37ca38d1\" data-element_type=\"column\" data-e-type=\"column\">\n\t\t\t<div class=\"elementor-widget-wrap elementor-element-populated\">\n\t\t\t\t\t\t<div class=\"elementor-element elementor-element-6e3a3ec8 elementor-widget elementor-widget-text-editor\" data-id=\"6e3a3ec8\" data-element_type=\"widget\" data-e-type=\"widget\" data-widget_type=\"text-editor.default\">\n\t\t\t\t<div class=\"elementor-widget-container\">\n\t\t\t\t\t\t\t\t\t<p><strong>Ristorante La Placeta<br \/><\/strong>Placeta de Borrero, 1, 38700 Santa Cruz de la Palma, Santa Cruz de Tenerife.<\/p><p>Aperto dal luned\u00ec al sabato dalle 10:00 alle 23:00.<\/p><p>GPS: 28.68467213,-17.76308309<br \/>Tel: +34 922 41 52 73<br \/>info@restaurantelaplaceta.com<br \/>Spagnolo e inglese.<\/p>\t\t\t\t\t\t\t\t<\/div>\n\t\t\t\t<\/div>\n\t\t\t\t\t<\/div>\n\t\t<\/div>\n\t\t\t\t\t<\/div>\n\t\t<\/section>\n\t\t\t\t\t<\/div>\n\t\t<\/div>\n\t\t\t\t\t<\/div>\n\t\t<\/section>\n\t\t\t\t<section data-particle_enable=\"false\" data-particle-mobile-disabled=\"false\" class=\"elementor-section elementor-top-section elementor-element elementor-element-6fa77183 elementor-section-boxed elementor-section-height-default elementor-section-height-default parallax_section_no qode_elementor_container_no\" data-id=\"6fa77183\" data-element_type=\"section\" data-e-type=\"section\">\n\t\t\t\t\t\t<div class=\"elementor-container elementor-column-gap-no\">\n\t\t\t\t\t<div class=\"elementor-column elementor-col-50 elementor-top-column elementor-element elementor-element-3e001d69 elementor-invisible\" data-id=\"3e001d69\" data-element_type=\"column\" data-e-type=\"column\" data-settings=\"{&quot;animation&quot;:&quot;fadeInLeft&quot;}\">\n\t\t\t<div class=\"elementor-widget-wrap elementor-element-populated\">\n\t\t\t\t\t\t<section data-particle_enable=\"false\" data-particle-mobile-disabled=\"false\" class=\"elementor-section elementor-inner-section elementor-element elementor-element-66ddb80f elementor-section-boxed elementor-section-height-default elementor-section-height-default parallax_section_no qode_elementor_container_no\" data-id=\"66ddb80f\" data-element_type=\"section\" data-e-type=\"section\">\n\t\t\t\t\t\t<div class=\"elementor-container elementor-column-gap-default\">\n\t\t\t\t\t<div class=\"elementor-column elementor-col-50 elementor-inner-column elementor-element elementor-element-748f05fc\" data-id=\"748f05fc\" data-element_type=\"column\" data-e-type=\"column\">\n\t\t\t<div class=\"elementor-widget-wrap elementor-element-populated\">\n\t\t\t\t\t\t<div class=\"elementor-element elementor-element-71c29569 dce_masking-none elementor-widget elementor-widget-image\" data-id=\"71c29569\" data-element_type=\"widget\" data-e-type=\"widget\" data-widget_type=\"image.default\">\n\t\t\t\t<div class=\"elementor-widget-container\">\n\t\t\t\t\t\t\t\t\t\t\t\t\t\t\t<img loading=\"lazy\" decoding=\"async\" width=\"500\" height=\"496\" src=\"https:\/\/saborealapalma.es\/wp-content\/uploads\/2022\/10\/13.jpg\" class=\"attachment-large size-large wp-image-4114\" alt=\"\" srcset=\"https:\/\/saborealapalma.es\/wp-content\/uploads\/2022\/10\/13.jpg 500w, https:\/\/saborealapalma.es\/wp-content\/uploads\/2022\/10\/13-300x298.jpg 300w, https:\/\/saborealapalma.es\/wp-content\/uploads\/2022\/10\/13-150x150.jpg 150w, https:\/\/saborealapalma.es\/wp-content\/uploads\/2022\/10\/13-100x100.jpg 100w\" sizes=\"(max-width: 500px) 100vw, 500px\" \/>\t\t\t\t\t\t\t\t\t\t\t\t\t\t\t<\/div>\n\t\t\t\t<\/div>\n\t\t\t\t\t<\/div>\n\t\t<\/div>\n\t\t\t\t<div class=\"elementor-column elementor-col-50 elementor-inner-column elementor-element elementor-element-631aa7ab\" data-id=\"631aa7ab\" data-element_type=\"column\" data-e-type=\"column\">\n\t\t\t<div class=\"elementor-widget-wrap elementor-element-populated\">\n\t\t\t\t\t\t<div class=\"elementor-element elementor-element-40a44ef9 elementor-widget elementor-widget-text-editor\" data-id=\"40a44ef9\" data-element_type=\"widget\" data-e-type=\"widget\" data-widget_type=\"text-editor.default\">\n\t\t\t\t<div class=\"elementor-widget-container\">\n\t\t\t\t\t\t\t\t\t<p><strong>Ristorante El Casino<br \/><\/strong>Calle Anselmo P\u00e9rez de Brito, No 15, 38700 Santa Cruz de la Palma, Santa Cruz de Tenerife.<\/p><p>Chiuso il gioved\u00ec. Aperto tutti gli altri giorni dalle 12:00 alle 16:00 e dalle 19:00 alle 23:00.<\/p><p>GPS: 28.68420677,-17.7637767<br \/>Tel: +34 662 53 37 14<br \/>restaurantecasino3@gmail.com<br \/>Spagnolo.<\/p>\t\t\t\t\t\t\t\t<\/div>\n\t\t\t\t<\/div>\n\t\t\t\t\t<\/div>\n\t\t<\/div>\n\t\t\t\t\t<\/div>\n\t\t<\/section>\n\t\t\t\t\t<\/div>\n\t\t<\/div>\n\t\t\t\t<div class=\"elementor-column elementor-col-50 elementor-top-column elementor-element elementor-element-22fc0d6d elementor-invisible\" data-id=\"22fc0d6d\" data-element_type=\"column\" data-e-type=\"column\" data-settings=\"{&quot;animation&quot;:&quot;fadeInRight&quot;}\">\n\t\t\t<div class=\"elementor-widget-wrap elementor-element-populated\">\n\t\t\t\t\t\t<section data-particle_enable=\"false\" data-particle-mobile-disabled=\"false\" class=\"elementor-section elementor-inner-section elementor-element elementor-element-2e1a65a elementor-section-boxed elementor-section-height-default elementor-section-height-default parallax_section_no qode_elementor_container_no\" data-id=\"2e1a65a\" data-element_type=\"section\" data-e-type=\"section\">\n\t\t\t\t\t\t<div class=\"elementor-container elementor-column-gap-default\">\n\t\t\t\t\t<div class=\"elementor-column elementor-col-50 elementor-inner-column elementor-element elementor-element-4ebc2460\" data-id=\"4ebc2460\" data-element_type=\"column\" data-e-type=\"column\">\n\t\t\t<div class=\"elementor-widget-wrap elementor-element-populated\">\n\t\t\t\t\t\t<div class=\"elementor-element elementor-element-7e55666f dce_masking-none elementor-widget elementor-widget-image\" data-id=\"7e55666f\" data-element_type=\"widget\" data-e-type=\"widget\" data-widget_type=\"image.default\">\n\t\t\t\t<div class=\"elementor-widget-container\">\n\t\t\t\t\t\t\t\t\t\t\t\t\t\t\t<img loading=\"lazy\" decoding=\"async\" width=\"500\" height=\"496\" src=\"https:\/\/saborealapalma.es\/wp-content\/uploads\/2022\/10\/14.jpg\" class=\"attachment-large size-large wp-image-4115\" alt=\"\" srcset=\"https:\/\/saborealapalma.es\/wp-content\/uploads\/2022\/10\/14.jpg 500w, https:\/\/saborealapalma.es\/wp-content\/uploads\/2022\/10\/14-300x298.jpg 300w, https:\/\/saborealapalma.es\/wp-content\/uploads\/2022\/10\/14-150x150.jpg 150w, https:\/\/saborealapalma.es\/wp-content\/uploads\/2022\/10\/14-100x100.jpg 100w\" sizes=\"(max-width: 500px) 100vw, 500px\" \/>\t\t\t\t\t\t\t\t\t\t\t\t\t\t\t<\/div>\n\t\t\t\t<\/div>\n\t\t\t\t\t<\/div>\n\t\t<\/div>\n\t\t\t\t<div class=\"elementor-column elementor-col-50 elementor-inner-column elementor-element elementor-element-69995b6d\" data-id=\"69995b6d\" data-element_type=\"column\" data-e-type=\"column\">\n\t\t\t<div class=\"elementor-widget-wrap elementor-element-populated\">\n\t\t\t\t\t\t<div class=\"elementor-element elementor-element-50db2dc1 elementor-widget elementor-widget-text-editor\" data-id=\"50db2dc1\" data-element_type=\"widget\" data-e-type=\"widget\" data-widget_type=\"text-editor.default\">\n\t\t\t\t<div class=\"elementor-widget-container\">\n\t\t\t\t\t\t\t\t\t<p><strong>Carlos Tasca<br \/><\/strong>Calle Anselmo P\u00e9rez de Brito, 9, 38700 Santa Cruz de la Palma, Santa Cruz de Tenerife.<\/p><p>Aperto dal luned\u00ec al gioved\u00ec dalle 10.00 alle 16.00, e il venerd\u00ec e il sabato dalle 11.00 alle 16.00 e dalle 20.00 alle 22.00. Chiuso la domenica.<\/p><p>GPS: 28.68396358,-17.76405<br \/>Tel: +34 922 41 30 42<br \/>carlostascalapalma@gmail.com<br \/>Spagnolo.<\/p>\t\t\t\t\t\t\t\t<\/div>\n\t\t\t\t<\/div>\n\t\t\t\t\t<\/div>\n\t\t<\/div>\n\t\t\t\t\t<\/div>\n\t\t<\/section>\n\t\t\t\t\t<\/div>\n\t\t<\/div>\n\t\t\t\t\t<\/div>\n\t\t<\/section>\n\t\t\t\t<section data-particle_enable=\"false\" data-particle-mobile-disabled=\"false\" class=\"elementor-section elementor-top-section elementor-element elementor-element-4d1bcc9d elementor-section-boxed elementor-section-height-default elementor-section-height-default parallax_section_no qode_elementor_container_no\" data-id=\"4d1bcc9d\" data-element_type=\"section\" data-e-type=\"section\">\n\t\t\t\t\t\t<div class=\"elementor-container elementor-column-gap-no\">\n\t\t\t\t\t<div class=\"elementor-column elementor-col-50 elementor-top-column elementor-element elementor-element-5145d3a4 elementor-invisible\" data-id=\"5145d3a4\" data-element_type=\"column\" data-e-type=\"column\" data-settings=\"{&quot;animation&quot;:&quot;fadeInLeft&quot;}\">\n\t\t\t<div class=\"elementor-widget-wrap elementor-element-populated\">\n\t\t\t\t\t\t<section data-particle_enable=\"false\" data-particle-mobile-disabled=\"false\" class=\"elementor-section elementor-inner-section elementor-element elementor-element-7fabe1b7 elementor-section-boxed elementor-section-height-default elementor-section-height-default parallax_section_no qode_elementor_container_no\" data-id=\"7fabe1b7\" data-element_type=\"section\" data-e-type=\"section\">\n\t\t\t\t\t\t<div class=\"elementor-container elementor-column-gap-default\">\n\t\t\t\t\t<div class=\"elementor-column elementor-col-50 elementor-inner-column elementor-element elementor-element-2c4441a4\" data-id=\"2c4441a4\" data-element_type=\"column\" data-e-type=\"column\">\n\t\t\t<div class=\"elementor-widget-wrap elementor-element-populated\">\n\t\t\t\t\t\t<div class=\"elementor-element elementor-element-478218fb dce_masking-none elementor-widget elementor-widget-image\" data-id=\"478218fb\" data-element_type=\"widget\" data-e-type=\"widget\" data-widget_type=\"image.default\">\n\t\t\t\t<div class=\"elementor-widget-container\">\n\t\t\t\t\t\t\t\t\t\t\t\t\t\t\t<img loading=\"lazy\" decoding=\"async\" width=\"500\" height=\"496\" src=\"https:\/\/saborealapalma.es\/wp-content\/uploads\/2022\/10\/15.jpg\" class=\"attachment-large size-large wp-image-4116\" alt=\"\" srcset=\"https:\/\/saborealapalma.es\/wp-content\/uploads\/2022\/10\/15.jpg 500w, https:\/\/saborealapalma.es\/wp-content\/uploads\/2022\/10\/15-300x298.jpg 300w, https:\/\/saborealapalma.es\/wp-content\/uploads\/2022\/10\/15-150x150.jpg 150w, https:\/\/saborealapalma.es\/wp-content\/uploads\/2022\/10\/15-100x100.jpg 100w\" sizes=\"(max-width: 500px) 100vw, 500px\" \/>\t\t\t\t\t\t\t\t\t\t\t\t\t\t\t<\/div>\n\t\t\t\t<\/div>\n\t\t\t\t\t<\/div>\n\t\t<\/div>\n\t\t\t\t<div class=\"elementor-column elementor-col-50 elementor-inner-column elementor-element elementor-element-450a78b\" data-id=\"450a78b\" data-element_type=\"column\" data-e-type=\"column\">\n\t\t\t<div class=\"elementor-widget-wrap elementor-element-populated\">\n\t\t\t\t\t\t<div class=\"elementor-element elementor-element-12800f9f elementor-widget elementor-widget-text-editor\" data-id=\"12800f9f\" data-element_type=\"widget\" data-e-type=\"widget\" data-widget_type=\"text-editor.default\">\n\t\t\t\t<div class=\"elementor-widget-container\">\n\t\t\t\t\t\t\t\t\t<p><strong>Gastrobar alla cannella<br \/><\/strong>Calle San Telmo, 2, 38700 Santa Cruz de la Palma, Santa Cruz de Tenerife.<\/p><p>Aperto da marted\u00ec a sabato dalle 13:00 alle 15:30 e dalle 20:00 alle 22:00.<\/p><p>GPS: 28.68237347,-17.76666738<br \/>Tel: +34 922 41 02 24<br \/>cinnamon.gastrobar@gmail.com<br \/>Spagnolo.<\/p>\t\t\t\t\t\t\t\t<\/div>\n\t\t\t\t<\/div>\n\t\t\t\t\t<\/div>\n\t\t<\/div>\n\t\t\t\t\t<\/div>\n\t\t<\/section>\n\t\t\t\t\t<\/div>\n\t\t<\/div>\n\t\t\t\t<div class=\"elementor-column elementor-col-50 elementor-top-column elementor-element elementor-element-22704bbe elementor-invisible\" data-id=\"22704bbe\" data-element_type=\"column\" data-e-type=\"column\" data-settings=\"{&quot;animation&quot;:&quot;fadeInRight&quot;}\">\n\t\t\t<div class=\"elementor-widget-wrap elementor-element-populated\">\n\t\t\t\t\t\t<section data-particle_enable=\"false\" data-particle-mobile-disabled=\"false\" class=\"elementor-section elementor-inner-section elementor-element elementor-element-5f8dfd1 elementor-section-boxed elementor-section-height-default elementor-section-height-default parallax_section_no qode_elementor_container_no\" data-id=\"5f8dfd1\" data-element_type=\"section\" data-e-type=\"section\">\n\t\t\t\t\t\t<div class=\"elementor-container elementor-column-gap-default\">\n\t\t\t\t\t<div class=\"elementor-column elementor-col-50 elementor-inner-column elementor-element elementor-element-683881ec\" data-id=\"683881ec\" data-element_type=\"column\" data-e-type=\"column\">\n\t\t\t<div class=\"elementor-widget-wrap elementor-element-populated\">\n\t\t\t\t\t\t<div class=\"elementor-element elementor-element-931dd07 dce_masking-none elementor-widget elementor-widget-image\" data-id=\"931dd07\" data-element_type=\"widget\" data-e-type=\"widget\" data-widget_type=\"image.default\">\n\t\t\t\t<div class=\"elementor-widget-container\">\n\t\t\t\t\t\t\t\t\t\t\t\t\t\t\t<img loading=\"lazy\" decoding=\"async\" width=\"500\" height=\"496\" src=\"https:\/\/saborealapalma.es\/wp-content\/uploads\/2022\/11\/16_1.jpg\" class=\"attachment-large size-large wp-image-4401\" alt=\"\" srcset=\"https:\/\/saborealapalma.es\/wp-content\/uploads\/2022\/11\/16_1.jpg 500w, https:\/\/saborealapalma.es\/wp-content\/uploads\/2022\/11\/16_1-300x298.jpg 300w, https:\/\/saborealapalma.es\/wp-content\/uploads\/2022\/11\/16_1-150x150.jpg 150w, https:\/\/saborealapalma.es\/wp-content\/uploads\/2022\/11\/16_1-100x100.jpg 100w\" sizes=\"(max-width: 500px) 100vw, 500px\" \/>\t\t\t\t\t\t\t\t\t\t\t\t\t\t\t<\/div>\n\t\t\t\t<\/div>\n\t\t\t\t\t<\/div>\n\t\t<\/div>\n\t\t\t\t<div class=\"elementor-column elementor-col-50 elementor-inner-column elementor-element elementor-element-4ad4dde3\" data-id=\"4ad4dde3\" data-element_type=\"column\" data-e-type=\"column\">\n\t\t\t<div class=\"elementor-widget-wrap elementor-element-populated\">\n\t\t\t\t\t\t<div class=\"elementor-element elementor-element-2254ee4 elementor-widget elementor-widget-text-editor\" data-id=\"2254ee4\" data-element_type=\"widget\" data-e-type=\"widget\" data-widget_type=\"text-editor.default\">\n\t\t\t\t<div class=\"elementor-widget-container\">\n\t\t\t\t\t\t\t\t\t<p><strong>Ristorante Casa Osmunda<br \/><\/strong>Subida al Mirador de la Concepci\u00f3n, 2, 38710 Bre\u00f1a Alta, Santa Cruz de Tenerife.<\/p><p>Aperto da marted\u00ec a sabato dalle 13.00 alle 22.45 e la domenica dalle 13.00 alle 16.00.<\/p><p>GPS<b>:\u00a0<\/b>28.67501128,-17.78127957<\/p><p>Tel<b>:<\/b>\u00a0+34 922 41 26 35<br \/>casaosmunda@gmail.com<br \/>Spagnolo.<\/p>\t\t\t\t\t\t\t\t<\/div>\n\t\t\t\t<\/div>\n\t\t\t\t\t<\/div>\n\t\t<\/div>\n\t\t\t\t\t<\/div>\n\t\t<\/section>\n\t\t\t\t\t<\/div>\n\t\t<\/div>\n\t\t\t\t\t<\/div>\n\t\t<\/section>\n\t\t\t\t<section data-particle_enable=\"false\" data-particle-mobile-disabled=\"false\" class=\"elementor-section elementor-top-section elementor-element elementor-element-70dfbb3b elementor-section-boxed elementor-section-height-default elementor-section-height-default parallax_section_no qode_elementor_container_no\" data-id=\"70dfbb3b\" data-element_type=\"section\" data-e-type=\"section\">\n\t\t\t\t\t\t<div class=\"elementor-container elementor-column-gap-no\">\n\t\t\t\t\t<div class=\"elementor-column elementor-col-50 elementor-top-column elementor-element elementor-element-20c9b763 elementor-invisible\" data-id=\"20c9b763\" data-element_type=\"column\" data-e-type=\"column\" data-settings=\"{&quot;animation&quot;:&quot;fadeInLeft&quot;}\">\n\t\t\t<div class=\"elementor-widget-wrap elementor-element-populated\">\n\t\t\t\t\t\t<section data-particle_enable=\"false\" data-particle-mobile-disabled=\"false\" class=\"elementor-section elementor-inner-section elementor-element elementor-element-4c0ec64 elementor-section-boxed elementor-section-height-default elementor-section-height-default parallax_section_no qode_elementor_container_no\" data-id=\"4c0ec64\" data-element_type=\"section\" data-e-type=\"section\">\n\t\t\t\t\t\t<div class=\"elementor-container elementor-column-gap-default\">\n\t\t\t\t\t<div class=\"elementor-column elementor-col-50 elementor-inner-column elementor-element elementor-element-240b6ce\" data-id=\"240b6ce\" data-element_type=\"column\" data-e-type=\"column\">\n\t\t\t<div class=\"elementor-widget-wrap elementor-element-populated\">\n\t\t\t\t\t\t<div class=\"elementor-element elementor-element-3163e8e dce_masking-none elementor-widget elementor-widget-image\" data-id=\"3163e8e\" data-element_type=\"widget\" data-e-type=\"widget\" data-widget_type=\"image.default\">\n\t\t\t\t<div class=\"elementor-widget-container\">\n\t\t\t\t\t\t\t\t\t\t\t\t\t\t\t<img loading=\"lazy\" decoding=\"async\" width=\"500\" height=\"496\" src=\"https:\/\/saborealapalma.es\/wp-content\/uploads\/2022\/11\/17_1.jpg\" class=\"attachment-large size-large wp-image-4402\" alt=\"\" srcset=\"https:\/\/saborealapalma.es\/wp-content\/uploads\/2022\/11\/17_1.jpg 500w, https:\/\/saborealapalma.es\/wp-content\/uploads\/2022\/11\/17_1-300x298.jpg 300w, https:\/\/saborealapalma.es\/wp-content\/uploads\/2022\/11\/17_1-150x150.jpg 150w, https:\/\/saborealapalma.es\/wp-content\/uploads\/2022\/11\/17_1-100x100.jpg 100w\" sizes=\"(max-width: 500px) 100vw, 500px\" \/>\t\t\t\t\t\t\t\t\t\t\t\t\t\t\t<\/div>\n\t\t\t\t<\/div>\n\t\t\t\t\t<\/div>\n\t\t<\/div>\n\t\t\t\t<div class=\"elementor-column elementor-col-50 elementor-inner-column elementor-element elementor-element-7a008348\" data-id=\"7a008348\" data-element_type=\"column\" data-e-type=\"column\">\n\t\t\t<div class=\"elementor-widget-wrap elementor-element-populated\">\n\t\t\t\t\t\t<div class=\"elementor-element elementor-element-cf81b07 elementor-widget elementor-widget-text-editor\" data-id=\"cf81b07\" data-element_type=\"widget\" data-e-type=\"widget\" data-widget_type=\"text-editor.default\">\n\t\t\t\t<div class=\"elementor-widget-container\">\n\t\t\t\t\t\t\t\t\t<p><strong>Gastro-Bar La Gatera<br \/><\/strong>Calle 30 de Mayo, 56, 38710 San Pedro, Santa Cruz de Tenerife.<\/p><p>Aperto dal mercoled\u00ec alla domenica dalle 13:00 alle 23:00.<\/p><p>GPS: 28.66306339,-17.78757552<br \/>Tel: +34 822 61 85 21<br \/>lagateragastrobar@gmail.com<br \/>Spagnolo.<\/p>\t\t\t\t\t\t\t\t<\/div>\n\t\t\t\t<\/div>\n\t\t\t\t\t<\/div>\n\t\t<\/div>\n\t\t\t\t\t<\/div>\n\t\t<\/section>\n\t\t\t\t\t<\/div>\n\t\t<\/div>\n\t\t\t\t<div class=\"elementor-column elementor-col-50 elementor-top-column elementor-element elementor-element-49836db elementor-invisible\" data-id=\"49836db\" data-element_type=\"column\" data-e-type=\"column\" data-settings=\"{&quot;animation&quot;:&quot;fadeInRight&quot;}\">\n\t\t\t<div class=\"elementor-widget-wrap elementor-element-populated\">\n\t\t\t\t\t\t<section data-particle_enable=\"false\" data-particle-mobile-disabled=\"false\" class=\"elementor-section elementor-inner-section elementor-element elementor-element-28ab9089 elementor-section-boxed elementor-section-height-default elementor-section-height-default parallax_section_no qode_elementor_container_no\" data-id=\"28ab9089\" data-element_type=\"section\" data-e-type=\"section\">\n\t\t\t\t\t\t<div class=\"elementor-container elementor-column-gap-default\">\n\t\t\t\t\t<div class=\"elementor-column elementor-col-50 elementor-inner-column elementor-element elementor-element-1d6753f0\" data-id=\"1d6753f0\" data-element_type=\"column\" data-e-type=\"column\">\n\t\t\t<div class=\"elementor-widget-wrap elementor-element-populated\">\n\t\t\t\t\t\t<div class=\"elementor-element elementor-element-e2f9ec7 dce_masking-none elementor-widget elementor-widget-image\" data-id=\"e2f9ec7\" data-element_type=\"widget\" data-e-type=\"widget\" data-widget_type=\"image.default\">\n\t\t\t\t<div class=\"elementor-widget-container\">\n\t\t\t\t\t\t\t\t\t\t\t\t\t\t\t<img loading=\"lazy\" decoding=\"async\" width=\"500\" height=\"496\" src=\"https:\/\/saborealapalma.es\/wp-content\/uploads\/2022\/11\/18_1.jpg\" class=\"attachment-large size-large wp-image-4403\" alt=\"\" srcset=\"https:\/\/saborealapalma.es\/wp-content\/uploads\/2022\/11\/18_1.jpg 500w, https:\/\/saborealapalma.es\/wp-content\/uploads\/2022\/11\/18_1-300x298.jpg 300w, https:\/\/saborealapalma.es\/wp-content\/uploads\/2022\/11\/18_1-150x150.jpg 150w, https:\/\/saborealapalma.es\/wp-content\/uploads\/2022\/11\/18_1-100x100.jpg 100w\" sizes=\"(max-width: 500px) 100vw, 500px\" \/>\t\t\t\t\t\t\t\t\t\t\t\t\t\t\t<\/div>\n\t\t\t\t<\/div>\n\t\t\t\t\t<\/div>\n\t\t<\/div>\n\t\t\t\t<div class=\"elementor-column elementor-col-50 elementor-inner-column elementor-element elementor-element-51a666a8\" data-id=\"51a666a8\" data-element_type=\"column\" data-e-type=\"column\">\n\t\t\t<div class=\"elementor-widget-wrap elementor-element-populated\">\n\t\t\t\t\t\t<div class=\"elementor-element elementor-element-97c2b6e elementor-widget elementor-widget-text-editor\" data-id=\"97c2b6e\" data-element_type=\"widget\" data-e-type=\"widget\" data-widget_type=\"text-editor.default\">\n\t\t\t\t<div class=\"elementor-widget-container\">\n\t\t\t\t\t\t\t\t\t<p><strong>Ristorante Parrilla Las Nieves<br \/><\/strong>Plaza de las Nieves, 2. 38700 - Santa Cruz de La Palma. Santa Cruz de Tenerife.<\/p><p>Aperto il luned\u00ec e dal mercoled\u00ec alla domenica, dalle 12.30 alle 23.30.<\/p><p>GPS: 28.69442754,-17.78174221<br \/>Tel: +34 922 41 66 00<br \/>parrillalasnieves@yahoo.es<br \/>Spagnolo.<\/p>\t\t\t\t\t\t\t\t<\/div>\n\t\t\t\t<\/div>\n\t\t\t\t\t<\/div>\n\t\t<\/div>\n\t\t\t\t\t<\/div>\n\t\t<\/section>\n\t\t\t\t\t<\/div>\n\t\t<\/div>\n\t\t\t\t\t<\/div>\n\t\t<\/section>\n\t\t\t\t<section data-particle_enable=\"false\" data-particle-mobile-disabled=\"false\" class=\"elementor-section elementor-top-section elementor-element elementor-element-9f3b5e2 elementor-section-boxed elementor-section-height-default elementor-section-height-default parallax_section_no qode_elementor_container_no\" data-id=\"9f3b5e2\" data-element_type=\"section\" data-e-type=\"section\">\n\t\t\t\t\t\t<div class=\"elementor-container elementor-column-gap-no\">\n\t\t\t\t\t<div class=\"elementor-column elementor-col-100 elementor-top-column elementor-element elementor-element-41eaaeec\" data-id=\"41eaaeec\" data-element_type=\"column\" data-e-type=\"column\">\n\t\t\t<div class=\"elementor-widget-wrap elementor-element-populated\">\n\t\t\t\t\t\t<div class=\"elementor-element elementor-element-37a82c51 dce_masking-none elementor-invisible elementor-widget elementor-widget-image\" data-id=\"37a82c51\" data-element_type=\"widget\" data-e-type=\"widget\" data-settings=\"{&quot;_animation&quot;:&quot;fadeIn&quot;}\" data-widget_type=\"image.default\">\n\t\t\t\t<div class=\"elementor-widget-container\">\n\t\t\t\t\t\t\t\t\t\t\t\t\t\t\t<img loading=\"lazy\" decoding=\"async\" width=\"1200\" height=\"734\" src=\"https:\/\/saborealapalma.es\/wp-content\/uploads\/2022\/10\/contraportada_ruta3-1.jpg\" class=\"attachment-2048x2048 size-2048x2048 wp-image-4120\" alt=\"\" srcset=\"https:\/\/saborealapalma.es\/wp-content\/uploads\/2022\/10\/contraportada_ruta3-1.jpg 1200w, https:\/\/saborealapalma.es\/wp-content\/uploads\/2022\/10\/contraportada_ruta3-1-300x184.jpg 300w, https:\/\/saborealapalma.es\/wp-content\/uploads\/2022\/10\/contraportada_ruta3-1-1024x626.jpg 1024w, https:\/\/saborealapalma.es\/wp-content\/uploads\/2022\/10\/contraportada_ruta3-1-768x470.jpg 768w, https:\/\/saborealapalma.es\/wp-content\/uploads\/2022\/10\/contraportada_ruta3-1-700x428.jpg 700w, https:\/\/saborealapalma.es\/wp-content\/uploads\/2022\/10\/contraportada_ruta3-1-600x367.jpg 600w\" sizes=\"(max-width: 1200px) 100vw, 1200px\" \/>\t\t\t\t\t\t\t\t\t\t\t\t\t\t\t<\/div>\n\t\t\t\t<\/div>\n\t\t\t\t\t<\/div>\n\t\t<\/div>\n\t\t\t\t\t<\/div>\n\t\t<\/section>\n\t\t\t\t<\/div>","protected":false},"excerpt":{"rendered":"<p>Uno qualsiasi degli itinerari sopra descritti merita di concludere l'esperienza gastronomica con un dopocena tipico dell'isola. Cosa c'\u00e8 di meglio di dolci tradizionali, liquori artigianali, caff\u00e8 o, per i fumatori, un sigaro Palmero dalle radici profonde? Quale miglior regalo si pu\u00f2 portare via come ricordo della...<\/p>","protected":false},"author":4,"featured_media":0,"parent":4142,"menu_order":0,"comment_status":"closed","ping_status":"closed","template":"","meta":{"footnotes":""},"class_list":["post-4191","page","type-page","status-publish","hentry"],"yoast_head":"<!-- This site is optimized with the Yoast SEO plugin v27.4 - https:\/\/yoast.com\/product\/yoast-seo-wordpress\/ -->\n<title>Ruta &quot;Sobremesa y recuerdos&quot; - Saborea La Palma<\/title>\n<meta name=\"robots\" content=\"index, follow, max-snippet:-1, max-image-preview:large, max-video-preview:-1\" \/>\n<link rel=\"canonical\" href=\"https:\/\/saborealapalma.es\/it\/rutas-gastronomicas\/ruta-sobremesa-y-recuerdos\/\" \/>\n<meta property=\"og:locale\" content=\"it_IT\" \/>\n<meta property=\"og:type\" content=\"article\" \/>\n<meta property=\"og:title\" content=\"Ruta &quot;Sobremesa y recuerdos&quot; - Saborea La Palma\" \/>\n<meta property=\"og:description\" content=\"Cualquiera de las rutas anteriores se merece finalizar la experiencia gastron\u00f3mica con una sobremesa propia de la isla. \u00bfQu\u00e9 mejor manera que a trav\u00e9s de la propuesta de reposter\u00eda tradicional, licores artesanales, caf\u00e9s o, para los fumadores, un arraigado puro palmero? \u00bfQu\u00e9 mejor presente puedes llevarte como recuerdo de la...\" \/>\n<meta property=\"og:url\" content=\"https:\/\/saborealapalma.es\/it\/rutas-gastronomicas\/ruta-sobremesa-y-recuerdos\/\" \/>\n<meta property=\"og:site_name\" content=\"Saborea La Palma\" \/>\n<meta property=\"article:modified_time\" content=\"2022-11-15T22:30:51+00:00\" \/>\n<meta property=\"og:image\" content=\"https:\/\/saborealapalma.es\/wp-content\/uploads\/2022\/10\/portada_ruta3.jpg\" \/>\n<meta name=\"twitter:card\" content=\"summary_large_image\" \/>\n<meta name=\"twitter:label1\" content=\"Tempo di lettura stimato\" \/>\n\t<meta name=\"twitter:data1\" content=\"9 minuti\" \/>\n<script type=\"application\/ld+json\" class=\"yoast-schema-graph\">{\"@context\":\"https:\\\/\\\/schema.org\",\"@graph\":[{\"@type\":\"WebPage\",\"@id\":\"https:\\\/\\\/saborealapalma.es\\\/rutas-gastronomicas\\\/ruta-sobremesa-y-recuerdos\\\/\",\"url\":\"https:\\\/\\\/saborealapalma.es\\\/rutas-gastronomicas\\\/ruta-sobremesa-y-recuerdos\\\/\",\"name\":\"Ruta \\\"Sobremesa y recuerdos\\\" - Saborea La Palma\",\"isPartOf\":{\"@id\":\"https:\\\/\\\/saborealapalma.es\\\/#website\"},\"primaryImageOfPage\":{\"@id\":\"https:\\\/\\\/saborealapalma.es\\\/rutas-gastronomicas\\\/ruta-sobremesa-y-recuerdos\\\/#primaryimage\"},\"image\":{\"@id\":\"https:\\\/\\\/saborealapalma.es\\\/rutas-gastronomicas\\\/ruta-sobremesa-y-recuerdos\\\/#primaryimage\"},\"thumbnailUrl\":\"https:\\\/\\\/saborealapalma.es\\\/wp-content\\\/uploads\\\/2022\\\/10\\\/portada_ruta3.jpg\",\"datePublished\":\"2022-10-11T14:31:44+00:00\",\"dateModified\":\"2022-11-15T22:30:51+00:00\",\"breadcrumb\":{\"@id\":\"https:\\\/\\\/saborealapalma.es\\\/rutas-gastronomicas\\\/ruta-sobremesa-y-recuerdos\\\/#breadcrumb\"},\"inLanguage\":\"it-IT\",\"potentialAction\":[{\"@type\":\"ReadAction\",\"target\":[\"https:\\\/\\\/saborealapalma.es\\\/rutas-gastronomicas\\\/ruta-sobremesa-y-recuerdos\\\/\"]}]},{\"@type\":\"ImageObject\",\"inLanguage\":\"it-IT\",\"@id\":\"https:\\\/\\\/saborealapalma.es\\\/rutas-gastronomicas\\\/ruta-sobremesa-y-recuerdos\\\/#primaryimage\",\"url\":\"https:\\\/\\\/saborealapalma.es\\\/wp-content\\\/uploads\\\/2022\\\/10\\\/portada_ruta3.jpg\",\"contentUrl\":\"https:\\\/\\\/saborealapalma.es\\\/wp-content\\\/uploads\\\/2022\\\/10\\\/portada_ruta3.jpg\"},{\"@type\":\"BreadcrumbList\",\"@id\":\"https:\\\/\\\/saborealapalma.es\\\/rutas-gastronomicas\\\/ruta-sobremesa-y-recuerdos\\\/#breadcrumb\",\"itemListElement\":[{\"@type\":\"ListItem\",\"position\":1,\"name\":\"Portada\",\"item\":\"https:\\\/\\\/saborealapalma.es\\\/\"},{\"@type\":\"ListItem\",\"position\":2,\"name\":\"Rutas Gastron\u00f3micas\",\"item\":\"https:\\\/\\\/saborealapalma.es\\\/rutas-gastronomicas\\\/\"},{\"@type\":\"ListItem\",\"position\":3,\"name\":\"Ruta \u00abSobremesa y recuerdos\u00bb\"}]},{\"@type\":\"WebSite\",\"@id\":\"https:\\\/\\\/saborealapalma.es\\\/#website\",\"url\":\"https:\\\/\\\/saborealapalma.es\\\/\",\"name\":\"Saborea La Palma\",\"description\":\"Saborea La Palma es el proyecto que lidera la Sociedad de Promoci\u00f3n Econ\u00f3mica de La Palma (SODEPAL S.A.U.M.P), empresa p\u00fablica dependiente de Cabildo Insular de La Palma, para la revalorizaci\u00f3n y el posicionamiento de la gastronom\u00eda palmera en los mercados regionales, nacionales e internacionales.\",\"potentialAction\":[{\"@type\":\"SearchAction\",\"target\":{\"@type\":\"EntryPoint\",\"urlTemplate\":\"https:\\\/\\\/saborealapalma.es\\\/?s={search_term_string}\"},\"query-input\":{\"@type\":\"PropertyValueSpecification\",\"valueRequired\":true,\"valueName\":\"search_term_string\"}}],\"inLanguage\":\"it-IT\"}]}<\/script>\n<!-- \/ Yoast SEO plugin. -->","yoast_head_json":{"title":"Ruta \"Sobremesa y recuerdos\" - Saborea La Palma","robots":{"index":"index","follow":"follow","max-snippet":"max-snippet:-1","max-image-preview":"max-image-preview:large","max-video-preview":"max-video-preview:-1"},"canonical":"https:\/\/saborealapalma.es\/it\/rutas-gastronomicas\/ruta-sobremesa-y-recuerdos\/","og_locale":"it_IT","og_type":"article","og_title":"Ruta \"Sobremesa y recuerdos\" - Saborea La Palma","og_description":"Cualquiera de las rutas anteriores se merece finalizar la experiencia gastron\u00f3mica con una sobremesa propia de la isla. \u00bfQu\u00e9 mejor manera que a trav\u00e9s de la propuesta de reposter\u00eda tradicional, licores artesanales, caf\u00e9s o, para los fumadores, un arraigado puro palmero? \u00bfQu\u00e9 mejor presente puedes llevarte como recuerdo de la...","og_url":"https:\/\/saborealapalma.es\/it\/rutas-gastronomicas\/ruta-sobremesa-y-recuerdos\/","og_site_name":"Saborea La Palma","article_modified_time":"2022-11-15T22:30:51+00:00","og_image":[{"url":"https:\/\/saborealapalma.es\/wp-content\/uploads\/2022\/10\/portada_ruta3.jpg","type":"","width":"","height":""}],"twitter_card":"summary_large_image","twitter_misc":{"Tempo di lettura stimato":"9 minuti"},"schema":{"@context":"https:\/\/schema.org","@graph":[{"@type":"WebPage","@id":"https:\/\/saborealapalma.es\/rutas-gastronomicas\/ruta-sobremesa-y-recuerdos\/","url":"https:\/\/saborealapalma.es\/rutas-gastronomicas\/ruta-sobremesa-y-recuerdos\/","name":"Ruta \"Sobremesa y recuerdos\" - Saborea La Palma","isPartOf":{"@id":"https:\/\/saborealapalma.es\/#website"},"primaryImageOfPage":{"@id":"https:\/\/saborealapalma.es\/rutas-gastronomicas\/ruta-sobremesa-y-recuerdos\/#primaryimage"},"image":{"@id":"https:\/\/saborealapalma.es\/rutas-gastronomicas\/ruta-sobremesa-y-recuerdos\/#primaryimage"},"thumbnailUrl":"https:\/\/saborealapalma.es\/wp-content\/uploads\/2022\/10\/portada_ruta3.jpg","datePublished":"2022-10-11T14:31:44+00:00","dateModified":"2022-11-15T22:30:51+00:00","breadcrumb":{"@id":"https:\/\/saborealapalma.es\/rutas-gastronomicas\/ruta-sobremesa-y-recuerdos\/#breadcrumb"},"inLanguage":"it-IT","potentialAction":[{"@type":"ReadAction","target":["https:\/\/saborealapalma.es\/rutas-gastronomicas\/ruta-sobremesa-y-recuerdos\/"]}]},{"@type":"ImageObject","inLanguage":"it-IT","@id":"https:\/\/saborealapalma.es\/rutas-gastronomicas\/ruta-sobremesa-y-recuerdos\/#primaryimage","url":"https:\/\/saborealapalma.es\/wp-content\/uploads\/2022\/10\/portada_ruta3.jpg","contentUrl":"https:\/\/saborealapalma.es\/wp-content\/uploads\/2022\/10\/portada_ruta3.jpg"},{"@type":"BreadcrumbList","@id":"https:\/\/saborealapalma.es\/rutas-gastronomicas\/ruta-sobremesa-y-recuerdos\/#breadcrumb","itemListElement":[{"@type":"ListItem","position":1,"name":"Portada","item":"https:\/\/saborealapalma.es\/"},{"@type":"ListItem","position":2,"name":"Rutas Gastron\u00f3micas","item":"https:\/\/saborealapalma.es\/rutas-gastronomicas\/"},{"@type":"ListItem","position":3,"name":"Ruta \u00abSobremesa y recuerdos\u00bb"}]},{"@type":"WebSite","@id":"https:\/\/saborealapalma.es\/#website","url":"https:\/\/saborealapalma.es\/","name":"Assaggia La Palma","description":"Saborea La Palma \u00e8 il progetto guidato dalla Sociedad de Promoci\u00f3n Econ\u00f3mica de La Palma (SODEPAL S.A.U.M.P), una societ\u00e0 pubblica dipendente dal Cabildo Insular de La Palma, per la rivalutazione e il posizionamento della gastronomia di La Palma nei mercati regionali, nazionali e internazionali.","potentialAction":[{"@type":"SearchAction","target":{"@type":"EntryPoint","urlTemplate":"https:\/\/saborealapalma.es\/?s={search_term_string}"},"query-input":{"@type":"PropertyValueSpecification","valueRequired":true,"valueName":"search_term_string"}}],"inLanguage":"it-IT"}]}},"_links":{"self":[{"href":"https:\/\/saborealapalma.es\/it\/wp-json\/wp\/v2\/pages\/4191","targetHints":{"allow":["GET"]}}],"collection":[{"href":"https:\/\/saborealapalma.es\/it\/wp-json\/wp\/v2\/pages"}],"about":[{"href":"https:\/\/saborealapalma.es\/it\/wp-json\/wp\/v2\/types\/page"}],"author":[{"embeddable":true,"href":"https:\/\/saborealapalma.es\/it\/wp-json\/wp\/v2\/users\/4"}],"replies":[{"embeddable":true,"href":"https:\/\/saborealapalma.es\/it\/wp-json\/wp\/v2\/comments?post=4191"}],"version-history":[{"count":0,"href":"https:\/\/saborealapalma.es\/it\/wp-json\/wp\/v2\/pages\/4191\/revisions"}],"up":[{"embeddable":true,"href":"https:\/\/saborealapalma.es\/it\/wp-json\/wp\/v2\/pages\/4142"}],"wp:attachment":[{"href":"https:\/\/saborealapalma.es\/it\/wp-json\/wp\/v2\/media?parent=4191"}],"curies":[{"name":"wp","href":"https:\/\/api.w.org\/{rel}","templated":true}]}}